{"id":10756,"date":"2021-06-30T07:50:13","date_gmt":"2021-06-30T07:50:13","guid":{"rendered":"https:\/\/localhost\/cardealer\/?page_id=10756"},"modified":"2025-10-29T13:53:57","modified_gmt":"2025-10-29T12:53:57","slug":"faq","status":"publish","type":"page","link":"https:\/\/entwicklung-variomobil.d3sign.work\/en\/faq\/","title":{"rendered":"Faq"},"content":{"rendered":"\t\t<div data-elementor-type=\"wp-page\" data-elementor-id=\"10756\" class=\"elementor elementor-10756\" data-elementor-post-type=\"page\">\n\t\t\t\t<div class=\"elementor-element elementor-element-548c321 e-flex e-con-boxed e-con e-parent\" data-id=\"548c321\" data-element_type=\"container\" data-e-type=\"container\">\n\t\t\t\t\t<div class=\"e-con-inner\">\n\t\t<div class=\"elementor-element elementor-element-510eaca e-con-full e-flex e-con e-child\" data-id=\"510eaca\" data-element_type=\"container\" data-e-type=\"container\">\n\t\t\t\t<div class=\"elementor-element elementor-element-116175e e-n-tabs-mobile elementor-widget elementor-widget-n-tabs\" data-id=\"116175e\" data-element_type=\"widget\" data-e-type=\"widget\" data-settings=\"{&quot;horizontal_scroll&quot;:&quot;disable&quot;}\" data-widget_type=\"nested-tabs.default\">\n\t\t\t\t\t\t<div class=\"elementor-widget-container\">\n\t\t\t\t\t\t\t<div class=\"e-n-tabs\" data-widget-number=\"18224990\" aria-label=\"Tabs. Open items with Enter or Space, close with Escape and navigate using the Arrow keys.\">\n\t\t\t<div class=\"e-n-tabs-heading\" role=\"tablist\">\n\t\t\t\t\t<button id=\"e-n-tab-title-182249901\" data-tab-title-id=\"e-n-tab-title-182249901\" class=\"e-n-tab-title\" aria-selected=\"true\" data-tab-index=\"1\" role=\"tab\" tabindex=\"0\" aria-controls=\"e-n-tab-content-182249901\" style=\"--n-tabs-title-order: 1;\">\n\t\t\t\t\t\t<span class=\"e-n-tab-title-text\">\n\t\t\t\tAlle Anzeigen\t\t\t<\/span>\n\t\t<\/button>\n\t\t\t\t<button id=\"e-n-tab-title-182249902\" data-tab-title-id=\"e-n-tab-title-182249902\" class=\"e-n-tab-title\" aria-selected=\"false\" data-tab-index=\"2\" role=\"tab\" tabindex=\"-1\" aria-controls=\"e-n-tab-content-182249902\" style=\"--n-tabs-title-order: 2;\">\n\t\t\t\t\t\t<span class=\"e-n-tab-title-text\">\n\t\t\t\t1 | Variomobil\t\t\t<\/span>\n\t\t<\/button>\n\t\t\t\t<button id=\"e-n-tab-title-182249903\" data-tab-title-id=\"e-n-tab-title-182249903\" class=\"e-n-tab-title\" aria-selected=\"false\" data-tab-index=\"3\" role=\"tab\" tabindex=\"-1\" aria-controls=\"e-n-tab-content-182249903\" style=\"--n-tabs-title-order: 3;\">\n\t\t\t\t\t\t<span class=\"e-n-tab-title-text\">\n\t\t\t\t2 | Allgemeines\t\t\t<\/span>\n\t\t<\/button>\n\t\t\t\t<button id=\"e-n-tab-title-182249904\" data-tab-title-id=\"e-n-tab-title-182249904\" class=\"e-n-tab-title\" aria-selected=\"false\" data-tab-index=\"4\" role=\"tab\" tabindex=\"-1\" aria-controls=\"e-n-tab-content-182249904\" style=\"--n-tabs-title-order: 4;\">\n\t\t\t\t\t\t<span class=\"e-n-tab-title-text\">\n\t\t\t\t3 | Fertigung\t\t\t<\/span>\n\t\t<\/button>\n\t\t\t\t<button id=\"e-n-tab-title-182249905\" data-tab-title-id=\"e-n-tab-title-182249905\" class=\"e-n-tab-title\" aria-selected=\"false\" data-tab-index=\"5\" role=\"tab\" tabindex=\"-1\" aria-controls=\"e-n-tab-content-182249905\" style=\"--n-tabs-title-order: 5;\">\n\t\t\t\t\t\t<span class=\"e-n-tab-title-text\">\n\t\t\t\t4 | Service\t\t\t<\/span>\n\t\t<\/button>\n\t\t\t\t<button id=\"e-n-tab-title-182249906\" data-tab-title-id=\"e-n-tab-title-182249906\" class=\"e-n-tab-title\" aria-selected=\"false\" data-tab-index=\"6\" role=\"tab\" tabindex=\"-1\" aria-controls=\"e-n-tab-content-182249906\" style=\"--n-tabs-title-order: 6;\">\n\t\t\t\t\t\t<span class=\"e-n-tab-title-text\">\n\t\t\t\t5 | Gewerbliche Kunden\t\t\t<\/span>\n\t\t<\/button>\n\t\t\t\t\t<\/div>\n\t\t\t<div class=\"e-n-tabs-content\">\n\t\t\t\t<div id=\"e-n-tab-content-182249901\" role=\"tabpanel\" aria-labelledby=\"e-n-tab-title-182249901\" data-tab-index=\"1\" style=\"--n-tabs-title-order: 1;\" class=\"e-active elementor-element elementor-element-edcfd6c e-con-full e-flex e-con e-child\" data-id=\"edcfd6c\" data-element_type=\"container\" data-e-type=\"container\">\n\t\t<div class=\"elementor-element elementor-element-b15b00c e-flex e-con-boxed e-con e-child\" data-id=\"b15b00c\" data-element_type=\"container\" data-e-type=\"container\">\n\t\t\t\t\t<div class=\"e-con-inner\">\n\t\t\t\t<div class=\"elementor-element elementor-element-1de872d elementor-widget elementor-widget-template\" data-id=\"1de872d\" data-element_type=\"widget\" data-e-type=\"widget\" data-widget_type=\"template.default\">\n\t\t\t\t\t\t<div class=\"elementor-widget-container\">\n\t\t\t\t\t\t\t<div class=\"elementor-template\">\n\t\t\t\t\t<div data-elementor-type=\"container\" data-elementor-id=\"37185\" class=\"elementor elementor-37185\" data-elementor-post-type=\"elementor_library\">\n\t\t\t\t<div class=\"elementor-element elementor-element-1a2c0ecc e-flex e-con-boxed e-con e-child\" data-id=\"1a2c0ecc\" data-element_type=\"container\" data-e-type=\"container\">\n\t\t\t\t\t<div class=\"e-con-inner\">\n\t\t\t\t<div class=\"elementor-element elementor-element-469de789 elementor-widget elementor-widget-template\" data-id=\"469de789\" data-element_type=\"widget\" data-e-type=\"widget\" data-widget_type=\"template.default\">\n\t\t\t\t\t\t<div class=\"elementor-widget-container\">\n\t\t\t\t\t\t\t<div class=\"elementor-template\">\n\t\t\t\t\t<div data-elementor-type=\"container\" data-elementor-id=\"36963\" class=\"elementor elementor-36963\" data-elementor-post-type=\"elementor_library\">\n\t\t\t\t<div class=\"elementor-element elementor-element-7d594c9 e-con-full e-flex e-con e-parent\" data-id=\"7d594c9\" data-element_type=\"container\" data-e-type=\"container\">\n\t\t\t\t<div class=\"elementor-element elementor-element-8f0c992 elementor-widget elementor-widget-n-accordion\" data-id=\"8f0c992\" data-element_type=\"widget\" data-e-type=\"widget\" data-settings=\"{&quot;default_state&quot;:&quot;all_collapsed&quot;,&quot;max_items_expended&quot;:&quot;one&quot;,&quot;n_accordion_animation_duration&quot;:{&quot;unit&quot;:&quot;ms&quot;,&quot;size&quot;:400,&quot;sizes&quot;:[]}}\" data-widget_type=\"nested-accordion.default\">\n\t\t\t\t\t\t<div class=\"elementor-widget-container\">\n\t\t\t\t\t\t\t<div class=\"e-n-accordion\" aria-label=\"Accordion. Open links with Enter or Space, close with Escape, and navigate with Arrow Keys\">\n\t\t\t\t\t\t<details id=\"e-n-accordion-item-1490\" class=\"e-n-accordion-item\" >\n\t\t\t\t<summary class=\"e-n-accordion-item-title\" data-accordion-index=\"1\" tabindex=\"0\" aria-expanded=\"false\" aria-controls=\"e-n-accordion-item-1490\" >\n\t\t\t\t\t<span class='e-n-accordion-item-title-header'><div class=\"e-n-accordion-item-title-text\"> 1.1 | SEIT WANN GIBT ES DIE VARIOMOBIL FAHRZEUGBAU GMBH? <\/div><\/span>\n\t\t\t\t\t\t\t<span class='e-n-accordion-item-title-icon'>\n\t\t\t<span class='e-opened' ><i aria-hidden=\"true\" class=\"fas fa-chevron-up\"><\/i><\/span>\n\t\t\t<span class='e-closed'><i aria-hidden=\"true\" class=\"fas fa-chevron-down\"><\/i><\/span>\n\t\t<\/span>\n\n\t\t\t\t\t\t<\/summary>\n\t\t\t\t<div role=\"region\" aria-labelledby=\"e-n-accordion-item-1490\" class=\"elementor-element elementor-element-01ce156 e-con-full e-flex e-con e-child\" data-id=\"01ce156\" data-element_type=\"container\" data-e-type=\"container\">\n\t\t<div role=\"region\" aria-labelledby=\"e-n-accordion-item-1490\" class=\"elementor-element elementor-element-8196c74 e-con-full e-flex e-con e-child\" data-id=\"8196c74\" data-element_type=\"container\" data-e-type=\"container\">\n\t\t\t\t<div class=\"elementor-element elementor-element-bfca7e8 elementor-widget elementor-widget-text-editor\" data-id=\"bfca7e8\" data-element_type=\"widget\" data-e-type=\"widget\" data-widget_type=\"text-editor.default\">\n\t\t\t\t\t\t<div class=\"elementor-widget-container\">\n\t\t\t\t\t\t\t\t\t<p>Uns gibt es seit 1981. Dementsprechend k\u00f6nnen wir auf \u00fcber 40 Jahre Erfahrung und Expertise in der Reisemobilbranche zur\u00fcckblicken. Der gefestigte Stand als gesundes Unternehmen an der qualitativen Spitze der Reisemobilbranche kommt nicht \u00fcber Nacht.<\/p>\t\t\t\t\t\t\t\t<\/div>\n\t\t\t\t<\/div>\n\t\t\t\t<\/div>\n\t\t\t\t<\/div>\n\t\t\t\t\t<\/details>\n\t\t\t\t\t\t<details id=\"e-n-accordion-item-1491\" class=\"e-n-accordion-item\" >\n\t\t\t\t<summary class=\"e-n-accordion-item-title\" data-accordion-index=\"2\" tabindex=\"-1\" aria-expanded=\"false\" aria-controls=\"e-n-accordion-item-1491\" >\n\t\t\t\t\t<span class='e-n-accordion-item-title-header'><div class=\"e-n-accordion-item-title-text\"> 1.2 | WAS ZEICHNET EIN VARIOMOBIL AUS?  <\/div><\/span>\n\t\t\t\t\t\t\t<span class='e-n-accordion-item-title-icon'>\n\t\t\t<span class='e-opened' ><i aria-hidden=\"true\" class=\"fas fa-chevron-up\"><\/i><\/span>\n\t\t\t<span class='e-closed'><i aria-hidden=\"true\" class=\"fas fa-chevron-down\"><\/i><\/span>\n\t\t<\/span>\n\n\t\t\t\t\t\t<\/summary>\n\t\t\t\t<div role=\"region\" aria-labelledby=\"e-n-accordion-item-1491\" class=\"elementor-element elementor-element-d7e291a e-con-full e-flex e-con e-child\" data-id=\"d7e291a\" data-element_type=\"container\" data-e-type=\"container\">\n\t\t\t\t<div class=\"elementor-element elementor-element-9b2c1d8 elementor-widget elementor-widget-text-editor\" data-id=\"9b2c1d8\" data-element_type=\"widget\" data-e-type=\"widget\" data-widget_type=\"text-editor.default\">\n\t\t\t\t\t\t<div class=\"elementor-widget-container\">\n\t\t\t\t\t\t\t\t\t<p>Ein VARIOmobil zeichnet Individualit\u00e4t aus, gepaart mit einer einzigartigen Qualit\u00e4t und enormer Fertigungstiefe. Jedes Fahrzeug wird als pers\u00f6nliches Projekt betrachtet und mit Ihnen \u00fcber den kompletten Schaffungsprozess aus einer Hand begleitet. Sie erhalten ein auf Ihre Bed\u00fcrfnisse zugeschnittenes Unikat, was in dieser Form kein zweites Mal existiert.<\/p>\t\t\t\t\t\t\t\t<\/div>\n\t\t\t\t<\/div>\n\t\t\t\t<\/div>\n\t\t\t\t\t<\/details>\n\t\t\t\t\t\t<details id=\"e-n-accordion-item-1492\" class=\"e-n-accordion-item\" >\n\t\t\t\t<summary class=\"e-n-accordion-item-title\" data-accordion-index=\"3\" tabindex=\"-1\" aria-expanded=\"false\" aria-controls=\"e-n-accordion-item-1492\" >\n\t\t\t\t\t<span class='e-n-accordion-item-title-header'><div class=\"e-n-accordion-item-title-text\"> 1.3 | WIE VIELE MITARBEITER HAT VARIOMOBIL?  <\/div><\/span>\n\t\t\t\t\t\t\t<span class='e-n-accordion-item-title-icon'>\n\t\t\t<span class='e-opened' ><i aria-hidden=\"true\" class=\"fas fa-chevron-up\"><\/i><\/span>\n\t\t\t<span class='e-closed'><i aria-hidden=\"true\" class=\"fas fa-chevron-down\"><\/i><\/span>\n\t\t<\/span>\n\n\t\t\t\t\t\t<\/summary>\n\t\t\t\t<div role=\"region\" aria-labelledby=\"e-n-accordion-item-1492\" class=\"elementor-element elementor-element-912f62b e-con-full e-flex e-con e-child\" data-id=\"912f62b\" data-element_type=\"container\" data-e-type=\"container\">\n\t\t\t\t<div class=\"elementor-element elementor-element-6aa3696 elementor-widget elementor-widget-text-editor\" data-id=\"6aa3696\" data-element_type=\"widget\" data-e-type=\"widget\" data-widget_type=\"text-editor.default\">\n\t\t\t\t\t\t<div class=\"elementor-widget-container\">\n\t\t\t\t\t\t\t\t\t<div class=\"accordion-content\"><p>Zurzeit z\u00e4hlen wir in unserem Team etwas mehr als 60 Mitarbeiter. Jeder einzelne Mitarbeiter ist ein Teil unserer Produkte. Nur durch ihre Leidenschaft am Handwerk k\u00f6nnen wir eine durchgehend hohe Qualit\u00e4t gew\u00e4hrleisten.<\/p><\/div>\t\t\t\t\t\t\t\t<\/div>\n\t\t\t\t<\/div>\n\t\t\t\t<\/div>\n\t\t\t\t\t<\/details>\n\t\t\t\t\t\t<details id=\"e-n-accordion-item-1493\" class=\"e-n-accordion-item\" >\n\t\t\t\t<summary class=\"e-n-accordion-item-title\" data-accordion-index=\"4\" tabindex=\"-1\" aria-expanded=\"false\" aria-controls=\"e-n-accordion-item-1493\" >\n\t\t\t\t\t<span class='e-n-accordion-item-title-header'><div class=\"e-n-accordion-item-title-text\"> 1.4 | WIRD AUCH AUSGEBILDET? WENN JA, WELCHE BERUFE?  <\/div><\/span>\n\t\t\t\t\t\t\t<span class='e-n-accordion-item-title-icon'>\n\t\t\t<span class='e-opened' ><i aria-hidden=\"true\" class=\"fas fa-chevron-up\"><\/i><\/span>\n\t\t\t<span class='e-closed'><i aria-hidden=\"true\" class=\"fas fa-chevron-down\"><\/i><\/span>\n\t\t<\/span>\n\n\t\t\t\t\t\t<\/summary>\n\t\t\t\t<div role=\"region\" aria-labelledby=\"e-n-accordion-item-1493\" class=\"elementor-element elementor-element-ca8ec92 e-con-full e-flex e-con e-child\" data-id=\"ca8ec92\" data-element_type=\"container\" data-e-type=\"container\">\n\t\t\t\t<div class=\"elementor-element elementor-element-bef63d4 elementor-widget elementor-widget-text-editor\" data-id=\"bef63d4\" data-element_type=\"widget\" data-e-type=\"widget\" data-widget_type=\"text-editor.default\">\n\t\t\t\t\t\t<div class=\"elementor-widget-container\">\n\t\t\t\t\t\t\t\t\t<p>Wir bilden folgende Berufe aus:<\/p><ul><li>Karosserie- und Fahrzeugbaumechaniker [m\/w\/d]<\/li><li>Tischler [m\/w\/d]<\/li><li>Lackierer [m\/w\/d]<\/li><li>Elektrotechniker [m\/w\/d]<\/li><li>Fachkraft f\u00fcr B\u00fcromanagement [m\/w\/d]<\/li><\/ul><p>Bewerben Sie sich bei uns! Gerne in Verbindung mit einem Praktikum.<\/p>\t\t\t\t\t\t\t\t<\/div>\n\t\t\t\t<\/div>\n\t\t\t\t<\/div>\n\t\t\t\t\t<\/details>\n\t\t\t\t\t\t<details id=\"e-n-accordion-item-1494\" class=\"e-n-accordion-item\" >\n\t\t\t\t<summary class=\"e-n-accordion-item-title\" data-accordion-index=\"5\" tabindex=\"-1\" aria-expanded=\"false\" aria-controls=\"e-n-accordion-item-1494\" >\n\t\t\t\t\t<span class='e-n-accordion-item-title-header'><div class=\"e-n-accordion-item-title-text\"> 1.5 | KANN ICH MICH BEI VARIOMOBIL BEWERBEN?  <\/div><\/span>\n\t\t\t\t\t\t\t<span class='e-n-accordion-item-title-icon'>\n\t\t\t<span class='e-opened' ><i aria-hidden=\"true\" class=\"fas fa-chevron-up\"><\/i><\/span>\n\t\t\t<span class='e-closed'><i aria-hidden=\"true\" class=\"fas fa-chevron-down\"><\/i><\/span>\n\t\t<\/span>\n\n\t\t\t\t\t\t<\/summary>\n\t\t\t\t<div role=\"region\" aria-labelledby=\"e-n-accordion-item-1494\" class=\"elementor-element elementor-element-1512adc e-con-full e-flex e-con e-child\" data-id=\"1512adc\" data-element_type=\"container\" data-e-type=\"container\">\n\t\t\t\t<div class=\"elementor-element elementor-element-67e6f3d elementor-widget elementor-widget-text-editor\" data-id=\"67e6f3d\" data-element_type=\"widget\" data-e-type=\"widget\" data-widget_type=\"text-editor.default\">\n\t\t\t\t\t\t<div class=\"elementor-widget-container\">\n\t\t\t\t\t\t\t\t\t<div class=\"accordion-content\"><p>Na klar! Neben offenen Stellenangeboten, k\u00f6nnen Sie uns auch unter\u00a0<a href=\"mailto:bewerbung@vario-mobil.com\">bewerbung@vario-mobil.com<\/a>\u00a0eine Initiativbewerbung schicken. Alles weitere zu Ihren Karrierechancen bei VARIOmobil finden Sie\u00a0<a href=\"https:\/\/entwicklung-variomobil.d3sign.work\/karriere\/\" target=\"_blank\" rel=\"noopener\"><strong><em><u>hier<\/u><\/em><\/strong><\/a><\/p><\/div>\t\t\t\t\t\t\t\t<\/div>\n\t\t\t\t<\/div>\n\t\t\t\t<\/div>\n\t\t\t\t\t<\/details>\n\t\t\t\t\t\t<details id=\"e-n-accordion-item-1495\" class=\"e-n-accordion-item\" >\n\t\t\t\t<summary class=\"e-n-accordion-item-title\" data-accordion-index=\"6\" tabindex=\"-1\" aria-expanded=\"false\" aria-controls=\"e-n-accordion-item-1495\" >\n\t\t\t\t\t<span class='e-n-accordion-item-title-header'><div class=\"e-n-accordion-item-title-text\"> 1.6 | WO KANN ICH MICH INFORMIEREN?  <\/div><\/span>\n\t\t\t\t\t\t\t<span class='e-n-accordion-item-title-icon'>\n\t\t\t<span class='e-opened' ><i aria-hidden=\"true\" class=\"fas fa-chevron-up\"><\/i><\/span>\n\t\t\t<span class='e-closed'><i aria-hidden=\"true\" class=\"fas fa-chevron-down\"><\/i><\/span>\n\t\t<\/span>\n\n\t\t\t\t\t\t<\/summary>\n\t\t\t\t<div role=\"region\" aria-labelledby=\"e-n-accordion-item-1495\" class=\"elementor-element elementor-element-047f537 e-con-full e-flex e-con e-child\" data-id=\"047f537\" data-element_type=\"container\" data-e-type=\"container\">\n\t\t\t\t<div class=\"elementor-element elementor-element-5f7e00d elementor-widget elementor-widget-text-editor\" data-id=\"5f7e00d\" data-element_type=\"widget\" data-e-type=\"widget\" data-widget_type=\"text-editor.default\">\n\t\t\t\t\t\t<div class=\"elementor-widget-container\">\n\t\t\t\t\t\t\t\t\t<div class=\"accordion-content\"><p>Na klar! Neben offenen Stellenangeboten, k\u00f6nnen Sie uns auch unter\u00a0<a href=\"mailto:bewerbung@vario-mobil.com\">bewerbung@vario-mobil.com<\/a>\u00a0eine Initiativbewerbung schicken. Alles weitere zu Ihren Karrierechancen bei VARIOmobil finden Sie\u00a0<a href=\"https:\/\/entwicklung-variomobil.d3sign.work\/karriere\/\" target=\"_blank\" rel=\"noopener\"><strong><em><u>hier<\/u><\/em><\/strong><\/a><\/p><\/div>\t\t\t\t\t\t\t\t<\/div>\n\t\t\t\t<\/div>\n\t\t\t\t<\/div>\n\t\t\t\t\t<\/details>\n\t\t\t\t\t<\/div>\n\t\t\t\t\t\t<\/div>\n\t\t\t\t<\/div>\n\t\t\t\t<\/div>\n\t\t\t\t<\/div>\n\t\t\t\t<\/div>\n\t\t\t\t\t\t<\/div>\n\t\t\t\t<\/div>\n\t\t\t\t<div class=\"elementor-element elementor-element-308f7d7b elementor-widget elementor-widget-template\" data-id=\"308f7d7b\" data-element_type=\"widget\" data-e-type=\"widget\" data-widget_type=\"template.default\">\n\t\t\t\t\t\t<div class=\"elementor-widget-container\">\n\t\t\t\t\t\t\t<div class=\"elementor-template\">\n\t\t\t\t\t<div data-elementor-type=\"container\" data-elementor-id=\"36971\" class=\"elementor elementor-36971\" data-elementor-post-type=\"elementor_library\">\n\t\t\t\t<div class=\"elementor-element elementor-element-7d594c9 e-con-full e-flex e-con e-parent\" data-id=\"7d594c9\" data-element_type=\"container\" data-e-type=\"container\">\n\t\t\t\t<div class=\"elementor-element elementor-element-8f0c992 elementor-widget elementor-widget-n-accordion\" data-id=\"8f0c992\" data-element_type=\"widget\" data-e-type=\"widget\" data-settings=\"{&quot;default_state&quot;:&quot;all_collapsed&quot;,&quot;max_items_expended&quot;:&quot;one&quot;,&quot;n_accordion_animation_duration&quot;:{&quot;unit&quot;:&quot;ms&quot;,&quot;size&quot;:400,&quot;sizes&quot;:[]}}\" data-widget_type=\"nested-accordion.default\">\n\t\t\t\t\t\t<div class=\"elementor-widget-container\">\n\t\t\t\t\t\t\t<div class=\"e-n-accordion\" aria-label=\"Accordion. Open links with Enter or Space, close with Escape, and navigate with Arrow Keys\">\n\t\t\t\t\t\t<details id=\"e-n-accordion-item-1490\" class=\"e-n-accordion-item\" >\n\t\t\t\t<summary class=\"e-n-accordion-item-title\" data-accordion-index=\"1\" tabindex=\"0\" aria-expanded=\"false\" aria-controls=\"e-n-accordion-item-1490\" >\n\t\t\t\t\t<span class='e-n-accordion-item-title-header'><div class=\"e-n-accordion-item-title-text\"> 2.1 | WELCHE MODELLE BIETET VARIOMOBIL AN? <\/div><\/span>\n\t\t\t\t\t\t\t<span class='e-n-accordion-item-title-icon'>\n\t\t\t<span class='e-opened' ><i aria-hidden=\"true\" class=\"fas fa-chevron-up\"><\/i><\/span>\n\t\t\t<span class='e-closed'><i aria-hidden=\"true\" class=\"fas fa-chevron-down\"><\/i><\/span>\n\t\t<\/span>\n\n\t\t\t\t\t\t<\/summary>\n\t\t\t\t<div role=\"region\" aria-labelledby=\"e-n-accordion-item-1490\" class=\"elementor-element elementor-element-01ce156 e-con-full e-flex e-con e-child\" data-id=\"01ce156\" data-element_type=\"container\" data-e-type=\"container\">\n\t\t<div role=\"region\" aria-labelledby=\"e-n-accordion-item-1490\" class=\"elementor-element elementor-element-8196c74 e-con-full e-flex e-con e-child\" data-id=\"8196c74\" data-element_type=\"container\" data-e-type=\"container\">\n\t\t\t\t<div class=\"elementor-element elementor-element-bfca7e8 elementor-widget elementor-widget-text-editor\" data-id=\"bfca7e8\" data-element_type=\"widget\" data-e-type=\"widget\" data-widget_type=\"text-editor.default\">\n\t\t\t\t\t\t<div class=\"elementor-widget-container\">\n\t\t\t\t\t\t\t\t\t<p>Wir bieten 4 Modelle an, die sich grundlegend im Aufbau des Reisemobils unterscheiden<\/p><ul><li>VARIO Star<\/li><li>VARIO Perfect<\/li><li>VARIO Alkoven<\/li><li>VARIO Signature<\/li><\/ul>\t\t\t\t\t\t\t\t<\/div>\n\t\t\t\t<\/div>\n\t\t\t\t<\/div>\n\t\t\t\t<\/div>\n\t\t\t\t\t<\/details>\n\t\t\t\t\t\t<details id=\"e-n-accordion-item-1491\" class=\"e-n-accordion-item\" >\n\t\t\t\t<summary class=\"e-n-accordion-item-title\" data-accordion-index=\"2\" tabindex=\"-1\" aria-expanded=\"false\" aria-controls=\"e-n-accordion-item-1491\" >\n\t\t\t\t\t<span class='e-n-accordion-item-title-header'><div class=\"e-n-accordion-item-title-text\"> 2.2 | WAS ZEICHNET EIN VARIO STAR AUS?  <\/div><\/span>\n\t\t\t\t\t\t\t<span class='e-n-accordion-item-title-icon'>\n\t\t\t<span class='e-opened' ><i aria-hidden=\"true\" class=\"fas fa-chevron-up\"><\/i><\/span>\n\t\t\t<span class='e-closed'><i aria-hidden=\"true\" class=\"fas fa-chevron-down\"><\/i><\/span>\n\t\t<\/span>\n\n\t\t\t\t\t\t<\/summary>\n\t\t\t\t<div role=\"region\" aria-labelledby=\"e-n-accordion-item-1491\" class=\"elementor-element elementor-element-d7e291a e-con-full e-flex e-con e-child\" data-id=\"d7e291a\" data-element_type=\"container\" data-e-type=\"container\">\n\t\t\t\t<div class=\"elementor-element elementor-element-924f1a6 elementor-widget elementor-widget-text-editor\" data-id=\"924f1a6\" data-element_type=\"widget\" data-e-type=\"widget\" data-widget_type=\"text-editor.default\">\n\t\t\t\t\t\t<div class=\"elementor-widget-container\">\n\t\t\t\t\t\t\t\t\t<div class=\"accordion-content\"><p>Der VARIO Star ist gr\u00f6\u00dfentechnisch das Einstiegsmodell der VARIOmobil-Familie. Die hohe Qualit\u00e4t jedoch ist ein Standard, der sich durch alle Modelle zieht.<\/p><ul><li>Vollintegrierter GFK-Aufbau mit eigens designter Front<\/li><li>Einlaminierter \u00dcbergang von Fahrerhaus zu Karosserie (Monocoque)<\/li><li>Schmale Karosserie mit 2,33 m Breite<\/li><li>Niedrige Karosserie mit 3,40 m H\u00f6he (inkl. SAT-Antenne)<\/li><li>7,5t \u2013 8,8t auf MB Atego oder MAN TGL<\/li><li>L\u00e4nge von 8m \u2013 9m<\/li><\/ul><\/div>\t\t\t\t\t\t\t\t<\/div>\n\t\t\t\t<\/div>\n\t\t\t\t<\/div>\n\t\t\t\t\t<\/details>\n\t\t\t\t\t\t<details id=\"e-n-accordion-item-1492\" class=\"e-n-accordion-item\" >\n\t\t\t\t<summary class=\"e-n-accordion-item-title\" data-accordion-index=\"3\" tabindex=\"-1\" aria-expanded=\"false\" aria-controls=\"e-n-accordion-item-1492\" >\n\t\t\t\t\t<span class='e-n-accordion-item-title-header'><div class=\"e-n-accordion-item-title-text\"> 2.3 | WAS ZEICHNET EIN VARIO PERFECT AUS?  <\/div><\/span>\n\t\t\t\t\t\t\t<span class='e-n-accordion-item-title-icon'>\n\t\t\t<span class='e-opened' ><i aria-hidden=\"true\" class=\"fas fa-chevron-up\"><\/i><\/span>\n\t\t\t<span class='e-closed'><i aria-hidden=\"true\" class=\"fas fa-chevron-down\"><\/i><\/span>\n\t\t<\/span>\n\n\t\t\t\t\t\t<\/summary>\n\t\t\t\t<div role=\"region\" aria-labelledby=\"e-n-accordion-item-1492\" class=\"elementor-element elementor-element-912f62b e-con-full e-flex e-con e-child\" data-id=\"912f62b\" data-element_type=\"container\" data-e-type=\"container\">\n\t\t\t\t<div class=\"elementor-element elementor-element-f1b7976 elementor-widget elementor-widget-text-editor\" data-id=\"f1b7976\" data-element_type=\"widget\" data-e-type=\"widget\" data-widget_type=\"text-editor.default\">\n\t\t\t\t\t\t<div class=\"elementor-widget-container\">\n\t\t\t\t\t\t\t\t\t<div class=\"accordion-content\"><p>Der VARIO Perfect ist das Flaggschiff unseres Betriebs.<\/p><ul><li>Vollintegrierter GFK-Aufbau mit eigens designter Front<\/li><li>Einlaminierter \u00dcbergang von Fahrerhaus zu Karosserie (Monocoque)<\/li><li>Breite Karosserie mit 2,50m Breite<\/li><li>Durchgehender Laufboden, 3,55m bis 4m H\u00f6he<\/li><li>7,5t bis 26t Dreiachser<\/li><li>L\u00e4nge von 7,50m bis 12m<\/li><li>Garage von Smart bis Mercedes AMG GT \/ Porsche Turbo m\u00f6glich<\/li><li>Bis zu 4 Slide-Outs<\/li><\/ul><\/div>\t\t\t\t\t\t\t\t<\/div>\n\t\t\t\t<\/div>\n\t\t\t\t<\/div>\n\t\t\t\t\t<\/details>\n\t\t\t\t\t\t<details id=\"e-n-accordion-item-1493\" class=\"e-n-accordion-item\" >\n\t\t\t\t<summary class=\"e-n-accordion-item-title\" data-accordion-index=\"4\" tabindex=\"-1\" aria-expanded=\"false\" aria-controls=\"e-n-accordion-item-1493\" >\n\t\t\t\t\t<span class='e-n-accordion-item-title-header'><div class=\"e-n-accordion-item-title-text\"> 2.4 | WAS ZEICHNET EIN VARIO ALKOVEN AUS?  <\/div><\/span>\n\t\t\t\t\t\t\t<span class='e-n-accordion-item-title-icon'>\n\t\t\t<span class='e-opened' ><i aria-hidden=\"true\" class=\"fas fa-chevron-up\"><\/i><\/span>\n\t\t\t<span class='e-closed'><i aria-hidden=\"true\" class=\"fas fa-chevron-down\"><\/i><\/span>\n\t\t<\/span>\n\n\t\t\t\t\t\t<\/summary>\n\t\t\t\t<div role=\"region\" aria-labelledby=\"e-n-accordion-item-1493\" class=\"elementor-element elementor-element-ca8ec92 e-con-full e-flex e-con e-child\" data-id=\"ca8ec92\" data-element_type=\"container\" data-e-type=\"container\">\n\t\t\t\t<div class=\"elementor-element elementor-element-bcb23e0 elementor-widget elementor-widget-text-editor\" data-id=\"bcb23e0\" data-element_type=\"widget\" data-e-type=\"widget\" data-widget_type=\"text-editor.default\">\n\t\t\t\t\t\t<div class=\"elementor-widget-container\">\n\t\t\t\t\t\t\t\t\t<div class=\"accordion-content\"><p>Der VARIO Alkoven beh\u00e4lt sein Original-Fahrerhaus und erh\u00e4lt einen zus\u00e4tzlichen Schlafboden \u00fcber dem Fahrerhaus, der Alkoven. Dadurch erh\u00e4lt er die spezielle, reisemobil-typische Form.<\/p><ul><li>Bietet bis zu 3 separate Schlafbereiche mit 4-8 festen Betten<\/li><li>Breite Karosserie mit 2,50m Breite<\/li><li>Hauseigene GFK-Seitenspoiler f\u00fcr optimalen \u00dcbergang von Fahrerhaus zu Karosserie<\/li><li>Durchgehender Laufboden, dadurch h\u00f6her bis 4m H\u00f6he<\/li><li>7,5t bis 26t Dreiachser<\/li><li>L\u00e4nge von 7,50m bis 12m<\/li><li>Garage von Smart bis Mercedes AMG GT \/ Porsche Turbo m\u00f6glich<\/li><li>Bis zu 4 Slide-Outs<\/li><\/ul><\/div>\t\t\t\t\t\t\t\t<\/div>\n\t\t\t\t<\/div>\n\t\t\t\t<\/div>\n\t\t\t\t\t<\/details>\n\t\t\t\t\t\t<details id=\"e-n-accordion-item-1494\" class=\"e-n-accordion-item\" >\n\t\t\t\t<summary class=\"e-n-accordion-item-title\" data-accordion-index=\"5\" tabindex=\"-1\" aria-expanded=\"false\" aria-controls=\"e-n-accordion-item-1494\" >\n\t\t\t\t\t<span class='e-n-accordion-item-title-header'><div class=\"e-n-accordion-item-title-text\"> 2.5 | WAS ZEICHNET EIN VARIO SIGNATURE AUS?  <\/div><\/span>\n\t\t\t\t\t\t\t<span class='e-n-accordion-item-title-icon'>\n\t\t\t<span class='e-opened' ><i aria-hidden=\"true\" class=\"fas fa-chevron-up\"><\/i><\/span>\n\t\t\t<span class='e-closed'><i aria-hidden=\"true\" class=\"fas fa-chevron-down\"><\/i><\/span>\n\t\t<\/span>\n\n\t\t\t\t\t\t<\/summary>\n\t\t\t\t<div role=\"region\" aria-labelledby=\"e-n-accordion-item-1494\" class=\"elementor-element elementor-element-1512adc e-con-full e-flex e-con e-child\" data-id=\"1512adc\" data-element_type=\"container\" data-e-type=\"container\">\n\t\t\t\t<div class=\"elementor-element elementor-element-5523d08 elementor-widget elementor-widget-text-editor\" data-id=\"5523d08\" data-element_type=\"widget\" data-e-type=\"widget\" data-widget_type=\"text-editor.default\">\n\t\t\t\t\t\t<div class=\"elementor-widget-container\">\n\t\t\t\t\t\t\t\t\t<div class=\"accordion-content\"><p>Der VARIO Signature ist die teilintegrierte Version der VARIOmobil-Familie. Er bietet die Vorteile eines Vollintegrierten VARIO Perfect, ohne auf die maskuline Front des MB Actros verzichten zu m\u00fcssen.<\/p><ul><li>Aufbau wird mit XXL-Fahrerkabine verbunden und integriert<\/li><li>Hauseigene GFK-Seitenspoiler f\u00fcr optimalen \u00dcbergang von Fahrerhaus zu Karosserie<\/li><li>Zweite Sitzreihe f\u00fcr vierfaches (Co-)Pilotenfeeling<\/li><li>Pull-Down-Bett \u00fcber dem Cockpit<\/li><li>Schlafbereiche f\u00fcr 4-6 Betten<\/li><li>2- oder 3-Achser MB Actros (18t \/ 26t)<\/li><li>10,50m bis 12m lang<\/li><li>Garage von Smart bis Mercedes AMG GT \/ Porsche Turbo m\u00f6glich<\/li><li>Bis zu 4 Slide-Outs<\/li><\/ul><\/div>\t\t\t\t\t\t\t\t<\/div>\n\t\t\t\t<\/div>\n\t\t\t\t<\/div>\n\t\t\t\t\t<\/details>\n\t\t\t\t\t\t<details id=\"e-n-accordion-item-1495\" class=\"e-n-accordion-item\" >\n\t\t\t\t<summary class=\"e-n-accordion-item-title\" data-accordion-index=\"6\" tabindex=\"-1\" aria-expanded=\"false\" aria-controls=\"e-n-accordion-item-1495\" >\n\t\t\t\t\t<span class='e-n-accordion-item-title-header'><div class=\"e-n-accordion-item-title-text\"> 2.6 | WIE LANG, BREIT UND HOCH KANN EIN VARIOMOBIL SEIN?  <\/div><\/span>\n\t\t\t\t\t\t\t<span class='e-n-accordion-item-title-icon'>\n\t\t\t<span class='e-opened' ><i aria-hidden=\"true\" class=\"fas fa-chevron-up\"><\/i><\/span>\n\t\t\t<span class='e-closed'><i aria-hidden=\"true\" class=\"fas fa-chevron-down\"><\/i><\/span>\n\t\t<\/span>\n\n\t\t\t\t\t\t<\/summary>\n\t\t\t\t<div role=\"region\" aria-labelledby=\"e-n-accordion-item-1495\" class=\"elementor-element elementor-element-cc1641c e-con-full e-flex e-con e-child\" data-id=\"cc1641c\" data-element_type=\"container\" data-e-type=\"container\">\n\t\t\t\t<div class=\"elementor-element elementor-element-05809d4 elementor-widget elementor-widget-text-editor\" data-id=\"05809d4\" data-element_type=\"widget\" data-e-type=\"widget\" data-widget_type=\"text-editor.default\">\n\t\t\t\t\t\t<div class=\"elementor-widget-container\">\n\t\t\t\t\t\t\t\t\t<div class=\"accordion-content\"><p>Ein VARIOmobil darf sich wie alle anderen Fahrzeuge nur im Rahmen der StVzO bewegen. Diese Werte werden teilweise auch erreicht.<\/p><ul><li>H\u00f6he 3,40m bis 4m<\/li><li>Breite 2,33m bis 2,55m<\/li><li>L\u00e4nge 7,50m bis 12m<\/li><\/ul><\/div>\t\t\t\t\t\t\t\t<\/div>\n\t\t\t\t<\/div>\n\t\t\t\t<\/div>\n\t\t\t\t\t<\/details>\n\t\t\t\t\t\t<details id=\"e-n-accordion-item-1496\" class=\"e-n-accordion-item\" >\n\t\t\t\t<summary class=\"e-n-accordion-item-title\" data-accordion-index=\"7\" tabindex=\"-1\" aria-expanded=\"false\" aria-controls=\"e-n-accordion-item-1496\" >\n\t\t\t\t\t<span class='e-n-accordion-item-title-header'><div class=\"e-n-accordion-item-title-text\"> 2.7 | WIE SCHWER IST EIN VARIOMOBIL?  <\/div><\/span>\n\t\t\t\t\t\t\t<span class='e-n-accordion-item-title-icon'>\n\t\t\t<span class='e-opened' ><i aria-hidden=\"true\" class=\"fas fa-chevron-up\"><\/i><\/span>\n\t\t\t<span class='e-closed'><i aria-hidden=\"true\" class=\"fas fa-chevron-down\"><\/i><\/span>\n\t\t<\/span>\n\n\t\t\t\t\t\t<\/summary>\n\t\t\t\t<div role=\"region\" aria-labelledby=\"e-n-accordion-item-1496\" class=\"elementor-element elementor-element-047f537 e-con-full e-flex e-con e-child\" data-id=\"047f537\" data-element_type=\"container\" data-e-type=\"container\">\n\t\t\t\t<div class=\"elementor-element elementor-element-339317e elementor-widget elementor-widget-text-editor\" data-id=\"339317e\" data-element_type=\"widget\" data-e-type=\"widget\" data-widget_type=\"text-editor.default\">\n\t\t\t\t\t\t<div class=\"elementor-widget-container\">\n\t\t\t\t\t\t\t\t\t<div class=\"accordion-content\"><div class=\"accordion-content\"><p>Das h\u00e4ngt von dem gebauten Modell und damit auch vom verbauten Fahrgestell ab. Wichtig ist, dass keinerlei Achslasten \u00fcberschritten werden. Daher muss das Fahrgestell immer gr\u00f6\u00dfer dimensioniert sein, damit gen\u00fcgend Zuladung vorhanden ist. Dabei verwenden wir im leichtesten Fall ein auf 7,5t abgelastetes 8,8t-Fahrgestell. Im schwersten Fall kommt ein 3-Achser 26t-Fahrgestell zum Einsatz. In diesem Rahmen bewegen wir uns.<\/p><\/div><\/div>\t\t\t\t\t\t\t\t<\/div>\n\t\t\t\t<\/div>\n\t\t\t\t<\/div>\n\t\t\t\t\t<\/details>\n\t\t\t\t\t\t<details id=\"e-n-accordion-item-1497\" class=\"e-n-accordion-item\" >\n\t\t\t\t<summary class=\"e-n-accordion-item-title\" data-accordion-index=\"8\" tabindex=\"-1\" aria-expanded=\"false\" aria-controls=\"e-n-accordion-item-1497\" >\n\t\t\t\t\t<span class='e-n-accordion-item-title-header'><div class=\"e-n-accordion-item-title-text\"> 2.8 | WELCHEN F\u00dcHRERSCHEIN BRAUCHE ICH F\u00dcR EIN VARIOMOBIL?  <\/div><\/span>\n\t\t\t\t\t\t\t<span class='e-n-accordion-item-title-icon'>\n\t\t\t<span class='e-opened' ><i aria-hidden=\"true\" class=\"fas fa-chevron-up\"><\/i><\/span>\n\t\t\t<span class='e-closed'><i aria-hidden=\"true\" class=\"fas fa-chevron-down\"><\/i><\/span>\n\t\t<\/span>\n\n\t\t\t\t\t\t<\/summary>\n\t\t\t\t<div role=\"region\" aria-labelledby=\"e-n-accordion-item-1497\" class=\"elementor-element elementor-element-6aacfcc e-con-full e-flex e-con e-child\" data-id=\"6aacfcc\" data-element_type=\"container\" data-e-type=\"container\">\n\t\t\t\t<div class=\"elementor-element elementor-element-fae3e4c elementor-widget elementor-widget-text-editor\" data-id=\"fae3e4c\" data-element_type=\"widget\" data-e-type=\"widget\" data-widget_type=\"text-editor.default\">\n\t\t\t\t\t\t<div class=\"elementor-widget-container\">\n\t\t\t\t\t\t\t\t\t<div class=\"accordion-content\"><p>F\u00fcr ein VARIOmobil, welches mit 7,49t zul\u00e4ssigem Gesamtgewicht zugelassen wurde, ben\u00f6tigen Sie mindestens den F\u00fchrerschein C1. F\u00fcr diejenigen, die ihren F\u00fchrerschein vor 1999 gemacht haben, gilt der \u201ealte 3er F\u00fchrerschein\u201c zum F\u00fchren von Fahrzeugen bis 7,5t zul\u00e4ssigem Gesamtgewicht.<\/p><p>Dar\u00fcber hinaus ist die C-Fahrerlaubnis Voraussetzung f\u00fcr das F\u00fchren von Fahrzeugen \u00fcber 7,5t zul\u00e4ssigem Gesamtgewicht.<\/p><p>Eine normale B-Fahrerlaubnis reicht in keinem Fall.<\/p><\/div>\t\t\t\t\t\t\t\t<\/div>\n\t\t\t\t<\/div>\n\t\t\t\t<\/div>\n\t\t\t\t\t<\/details>\n\t\t\t\t\t\t<details id=\"e-n-accordion-item-1498\" class=\"e-n-accordion-item\" >\n\t\t\t\t<summary class=\"e-n-accordion-item-title\" data-accordion-index=\"9\" tabindex=\"-1\" aria-expanded=\"false\" aria-controls=\"e-n-accordion-item-1498\" >\n\t\t\t\t\t<span class='e-n-accordion-item-title-header'><div class=\"e-n-accordion-item-title-text\"> 2.9 | WIE TEUER IST EIN VARIOMOBIL?  <\/div><\/span>\n\t\t\t\t\t\t\t<span class='e-n-accordion-item-title-icon'>\n\t\t\t<span class='e-opened' ><i aria-hidden=\"true\" class=\"fas fa-chevron-up\"><\/i><\/span>\n\t\t\t<span class='e-closed'><i aria-hidden=\"true\" class=\"fas fa-chevron-down\"><\/i><\/span>\n\t\t<\/span>\n\n\t\t\t\t\t\t<\/summary>\n\t\t\t\t<div role=\"region\" aria-labelledby=\"e-n-accordion-item-1498\" class=\"elementor-element elementor-element-caee1e9 e-con-full e-flex e-con e-child\" data-id=\"caee1e9\" data-element_type=\"container\" data-e-type=\"container\">\n\t\t\t\t<div class=\"elementor-element elementor-element-d2359c6 elementor-widget elementor-widget-text-editor\" data-id=\"d2359c6\" data-element_type=\"widget\" data-e-type=\"widget\" data-widget_type=\"text-editor.default\">\n\t\t\t\t\t\t<div class=\"elementor-widget-container\">\n\t\t\t\t\t\t\t\t\t<div class=\"accordion-content\"><p>Das kommt ganz auf Ihre W\u00fcnsche und Bed\u00fcrfnisse an. Prinzipiell \u00f6ffnet sich das Preisfenster ab einem Betrag von ca. 500.000 \u20ac.\u00a0<a href=\"https:\/\/entwicklung-variomobil.d3sign.work\/downloads\/\" target=\"_blank\" rel=\"noopener\">Siehe auch unsere aktuellen Preislisten im Download-Bereich.<\/a>\u00a0Nach oben hin sind wie bei so vielen exklusiven und handgefertigten G\u00fctern kaum Grenzen gesetzt.<\/p><p>Ein VARIOmobil bestellen Sie ausschlie\u00dflich \u00fcber uns. Wir haben weder mehrere Standorte, noch haben wir Vertriebspartner oder H\u00e4ndler. Sie bestellen nur \u00fcber unser Werk, denn nur so kann eine optimale Kundenbetreuung ihren Anfang nehmen.<\/p><\/div>\t\t\t\t\t\t\t\t<\/div>\n\t\t\t\t<\/div>\n\t\t\t\t<\/div>\n\t\t\t\t\t<\/details>\n\t\t\t\t\t\t<details id=\"e-n-accordion-item-1499\" class=\"e-n-accordion-item\" >\n\t\t\t\t<summary class=\"e-n-accordion-item-title\" data-accordion-index=\"10\" tabindex=\"-1\" aria-expanded=\"false\" aria-controls=\"e-n-accordion-item-1499\" >\n\t\t\t\t\t<span class='e-n-accordion-item-title-header'><div class=\"e-n-accordion-item-title-text\"> 2.10 | WIE LANGE IST DIE LIEFERZEIT BEI BESTELLUNG? <\/div><\/span>\n\t\t\t\t\t\t\t<span class='e-n-accordion-item-title-icon'>\n\t\t\t<span class='e-opened' ><i aria-hidden=\"true\" class=\"fas fa-chevron-up\"><\/i><\/span>\n\t\t\t<span class='e-closed'><i aria-hidden=\"true\" class=\"fas fa-chevron-down\"><\/i><\/span>\n\t\t<\/span>\n\n\t\t\t\t\t\t<\/summary>\n\t\t\t\t<div role=\"region\" aria-labelledby=\"e-n-accordion-item-1499\" class=\"elementor-element elementor-element-a4d7f19 e-con-full e-flex e-con e-child\" data-id=\"a4d7f19\" data-element_type=\"container\" data-e-type=\"container\">\n\t\t\t\t<div class=\"elementor-element elementor-element-e1b3251 elementor-widget elementor-widget-text-editor\" data-id=\"e1b3251\" data-element_type=\"widget\" data-e-type=\"widget\" data-widget_type=\"text-editor.default\">\n\t\t\t\t\t\t<div class=\"elementor-widget-container\">\n\t\t\t\t\t\t\t\t\t<div class=\"accordion-content\"><div class=\"accordion-content\"><p>Die Lieferzeit eines Wohnmobils h\u00e4ngt von mehreren Faktoren ab. Zun\u00e4chst dauert die Beschaffung des Fahrgestells. Dazu kommt noch die immense Fertigungstiefe und die damit verbundene Zeit, Ihr VARIOmobil exklusiv f\u00fcr Sie zu planen und zu bauen. Au\u00dferdem m\u00fcssen vorangestellte Auftr\u00e4ge erst einmal abgearbeitet werden. Daher sollten Sie von ca. 1,5 Jahren Lieferzeit ausgehen. Setzen Sie sich doch mit uns in Verbindung, damit wir Ihnen aktuelle Informationen zukommen lassen k\u00f6nnen.<\/p><\/div><\/div>\t\t\t\t\t\t\t\t<\/div>\n\t\t\t\t<\/div>\n\t\t\t\t<\/div>\n\t\t\t\t\t<\/details>\n\t\t\t\t\t\t<details id=\"e-n-accordion-item-14910\" class=\"e-n-accordion-item\" >\n\t\t\t\t<summary class=\"e-n-accordion-item-title\" data-accordion-index=\"11\" tabindex=\"-1\" aria-expanded=\"false\" aria-controls=\"e-n-accordion-item-14910\" >\n\t\t\t\t\t<span class='e-n-accordion-item-title-header'><div class=\"e-n-accordion-item-title-text\"> 2.11 | GIBT ES GEBRAUCHTE VARIOMOBILE ZU KAUFEN? <\/div><\/span>\n\t\t\t\t\t\t\t<span class='e-n-accordion-item-title-icon'>\n\t\t\t<span class='e-opened' ><i aria-hidden=\"true\" class=\"fas fa-chevron-up\"><\/i><\/span>\n\t\t\t<span class='e-closed'><i aria-hidden=\"true\" class=\"fas fa-chevron-down\"><\/i><\/span>\n\t\t<\/span>\n\n\t\t\t\t\t\t<\/summary>\n\t\t\t\t<div role=\"region\" aria-labelledby=\"e-n-accordion-item-14910\" class=\"elementor-element elementor-element-f40c3f4 e-con-full e-flex e-con e-child\" data-id=\"f40c3f4\" data-element_type=\"container\" data-e-type=\"container\">\n\t\t\t\t<div class=\"elementor-element elementor-element-bbda0dc elementor-widget elementor-widget-text-editor\" data-id=\"bbda0dc\" data-element_type=\"widget\" data-e-type=\"widget\" data-widget_type=\"text-editor.default\">\n\t\t\t\t\t\t<div class=\"elementor-widget-container\">\n\t\t\t\t\t\t\t\t\t<div class=\"accordion-content\"><div class=\"accordion-content\"><div class=\"accordion-content\"><p>VARIOmobile k\u00f6nnen gebraucht \u00fcber den Zweitmarkt erworben werden. Zudem bieten wir hin und wieder auch gebrauchte Reisemobile unseres Hauses zum Verkauf an. Jedoch kommen auf wenig VARIOmobile viele Interessenten, weswegen diese schnell vergriffen sind. Ein weiterer Faktor ist, dass wir auch viele zufriedene Kunden haben, die ihr VARIOmobil bereits seit 30 Jahren fahren und nicht daran denken, es zu verkaufen. Bei einer j\u00e4hrlichen Produktion von ca. 15 Reisemobilen im Jahr trifft die hohe Nachfrage auf ein sehr knappes Angebot.<\/p><\/div><\/div><\/div>\t\t\t\t\t\t\t\t<\/div>\n\t\t\t\t<\/div>\n\t\t\t\t<\/div>\n\t\t\t\t\t<\/details>\n\t\t\t\t\t\t<details id=\"e-n-accordion-item-14911\" class=\"e-n-accordion-item\" >\n\t\t\t\t<summary class=\"e-n-accordion-item-title\" data-accordion-index=\"12\" tabindex=\"-1\" aria-expanded=\"false\" aria-controls=\"e-n-accordion-item-14911\" >\n\t\t\t\t\t<span class='e-n-accordion-item-title-header'><div class=\"e-n-accordion-item-title-text\"> 2.12 | KANN MAN EIN VARIOMOBIL MIETEN? <\/div><\/span>\n\t\t\t\t\t\t\t<span class='e-n-accordion-item-title-icon'>\n\t\t\t<span class='e-opened' ><i aria-hidden=\"true\" class=\"fas fa-chevron-up\"><\/i><\/span>\n\t\t\t<span class='e-closed'><i aria-hidden=\"true\" class=\"fas fa-chevron-down\"><\/i><\/span>\n\t\t<\/span>\n\n\t\t\t\t\t\t<\/summary>\n\t\t\t\t<div role=\"region\" aria-labelledby=\"e-n-accordion-item-14911\" class=\"elementor-element elementor-element-4fe211b e-con-full e-flex e-con e-child\" data-id=\"4fe211b\" data-element_type=\"container\" data-e-type=\"container\">\n\t\t\t\t<div class=\"elementor-element elementor-element-e53e9eb elementor-widget elementor-widget-text-editor\" data-id=\"e53e9eb\" data-element_type=\"widget\" data-e-type=\"widget\" data-widget_type=\"text-editor.default\">\n\t\t\t\t\t\t<div class=\"elementor-widget-container\">\n\t\t\t\t\t\t\t\t\t<div class=\"accordion-content\"><div class=\"accordion-content\"><div class=\"accordion-content\"><p>Nein, das ist leider bei uns im Werk nicht m\u00f6glich.<\/p><\/div><\/div><\/div>\t\t\t\t\t\t\t\t<\/div>\n\t\t\t\t<\/div>\n\t\t\t\t<\/div>\n\t\t\t\t\t<\/details>\n\t\t\t\t\t\t<details id=\"e-n-accordion-item-14912\" class=\"e-n-accordion-item\" >\n\t\t\t\t<summary class=\"e-n-accordion-item-title\" data-accordion-index=\"13\" tabindex=\"-1\" aria-expanded=\"false\" aria-controls=\"e-n-accordion-item-14912\" >\n\t\t\t\t\t<span class='e-n-accordion-item-title-header'><div class=\"e-n-accordion-item-title-text\"> 2.13 | ICH M\u00d6CHTE MICH VON DER QUALIT\u00c4T DER REISEMOBILE \u00dcBERZEUGEN. WELCHE M\u00d6GLICHKEITEN GIBT ES? <\/div><\/span>\n\t\t\t\t\t\t\t<span class='e-n-accordion-item-title-icon'>\n\t\t\t<span class='e-opened' ><i aria-hidden=\"true\" class=\"fas fa-chevron-up\"><\/i><\/span>\n\t\t\t<span class='e-closed'><i aria-hidden=\"true\" class=\"fas fa-chevron-down\"><\/i><\/span>\n\t\t<\/span>\n\n\t\t\t\t\t\t<\/summary>\n\t\t\t\t<div role=\"region\" aria-labelledby=\"e-n-accordion-item-14912\" class=\"elementor-element elementor-element-99a28de e-con-full e-flex e-con e-child\" data-id=\"99a28de\" data-element_type=\"container\" data-e-type=\"container\">\n\t\t\t\t<div class=\"elementor-element elementor-element-f5192cc elementor-widget elementor-widget-text-editor\" data-id=\"f5192cc\" data-element_type=\"widget\" data-e-type=\"widget\" data-widget_type=\"text-editor.default\">\n\t\t\t\t\t\t<div class=\"elementor-widget-container\">\n\t\t\t\t\t\t\t\t\t<div class=\"accordion-content\"><div class=\"accordion-content\"><p>Sie k\u00f6nnen jederzeit mit uns einen Termin vereinbaren und unser Werk in Bohmte besuchen. In unverbindlicher Atmosph\u00e4re k\u00f6nnen Sie im Ausstellungsraum unsere VARIOmobile besichtigen und sich beraten lassen.<\/p><p>Alternativ stellen wir jedes Jahr Ende August auf dem Caravan Salon in D\u00fcsseldorf aus. Das ist die weltweit gr\u00f6\u00dfte Messe f\u00fcr Camping und Caravaning und die perfekte Gelegenheit sich umzusehen und uns auf unserem Stand zu besuchen.<\/p><\/div><\/div>\t\t\t\t\t\t\t\t<\/div>\n\t\t\t\t<\/div>\n\t\t\t\t<\/div>\n\t\t\t\t\t<\/details>\n\t\t\t\t\t\t<details id=\"e-n-accordion-item-14913\" class=\"e-n-accordion-item\" >\n\t\t\t\t<summary class=\"e-n-accordion-item-title\" data-accordion-index=\"14\" tabindex=\"-1\" aria-expanded=\"false\" aria-controls=\"e-n-accordion-item-14913\" >\n\t\t\t\t\t<span class='e-n-accordion-item-title-header'><div class=\"e-n-accordion-item-title-text\"> 2.14 | WO BESTELLE ICH EIN VARIOMOBIL? <\/div><\/span>\n\t\t\t\t\t\t\t<span class='e-n-accordion-item-title-icon'>\n\t\t\t<span class='e-opened' ><i aria-hidden=\"true\" class=\"fas fa-chevron-up\"><\/i><\/span>\n\t\t\t<span class='e-closed'><i aria-hidden=\"true\" class=\"fas fa-chevron-down\"><\/i><\/span>\n\t\t<\/span>\n\n\t\t\t\t\t\t<\/summary>\n\t\t\t\t<div role=\"region\" aria-labelledby=\"e-n-accordion-item-14913\" class=\"elementor-element elementor-element-8865386 e-con-full e-flex e-con e-child\" data-id=\"8865386\" data-element_type=\"container\" data-e-type=\"container\">\n\t\t\t\t<div class=\"elementor-element elementor-element-0a40042 elementor-widget elementor-widget-text-editor\" data-id=\"0a40042\" data-element_type=\"widget\" data-e-type=\"widget\" data-widget_type=\"text-editor.default\">\n\t\t\t\t\t\t<div class=\"elementor-widget-container\">\n\t\t\t\t\t\t\t\t\t<div class=\"accordion-content\"><div class=\"accordion-content\"><p>Ein VARIOmobil bestellen Sie ausschlie\u00dflich \u00fcber unsere Manufaktur VARIOmobil Fahrzeugbau GmbH in 49163 Bohmte. Wir haben weder mehrere Standorte, noch haben wir Vertriebspartner oder H\u00e4ndler. Sie bestellen hier bei uns im Werk, denn nur so kann eine optimale Kundenbetreuung ihren Anfang nehmen.<\/p><\/div><\/div>\t\t\t\t\t\t\t\t<\/div>\n\t\t\t\t<\/div>\n\t\t\t\t<\/div>\n\t\t\t\t\t<\/details>\n\t\t\t\t\t<\/div>\n\t\t\t\t\t\t<\/div>\n\t\t\t\t<\/div>\n\t\t\t\t<\/div>\n\t\t\t\t<\/div>\n\t\t\t\t<\/div>\n\t\t\t\t\t\t<\/div>\n\t\t\t\t<\/div>\n\t\t\t\t<div class=\"elementor-element elementor-element-45f1dd88 elementor-widget elementor-widget-template\" data-id=\"45f1dd88\" data-element_type=\"widget\" data-e-type=\"widget\" data-widget_type=\"template.default\">\n\t\t\t\t\t\t<div class=\"elementor-widget-container\">\n\t\t\t\t\t\t\t<div class=\"elementor-template\">\n\t\t\t\t\t<div data-elementor-type=\"container\" data-elementor-id=\"36980\" class=\"elementor elementor-36980\" data-elementor-post-type=\"elementor_library\">\n\t\t\t\t<div class=\"elementor-element elementor-element-7d594c9 e-con-full e-flex e-con e-parent\" data-id=\"7d594c9\" data-element_type=\"container\" data-e-type=\"container\">\n\t\t\t\t<div class=\"elementor-element elementor-element-8f0c992 elementor-widget elementor-widget-n-accordion\" data-id=\"8f0c992\" data-element_type=\"widget\" data-e-type=\"widget\" data-settings=\"{&quot;default_state&quot;:&quot;all_collapsed&quot;,&quot;max_items_expended&quot;:&quot;one&quot;,&quot;n_accordion_animation_duration&quot;:{&quot;unit&quot;:&quot;ms&quot;,&quot;size&quot;:400,&quot;sizes&quot;:[]}}\" data-widget_type=\"nested-accordion.default\">\n\t\t\t\t\t\t<div class=\"elementor-widget-container\">\n\t\t\t\t\t\t\t<div class=\"e-n-accordion\" aria-label=\"Accordion. Open links with Enter or Space, close with Escape, and navigate with Arrow Keys\">\n\t\t\t\t\t\t<details id=\"e-n-accordion-item-1490\" class=\"e-n-accordion-item\" >\n\t\t\t\t<summary class=\"e-n-accordion-item-title\" data-accordion-index=\"1\" tabindex=\"0\" aria-expanded=\"false\" aria-controls=\"e-n-accordion-item-1490\" >\n\t\t\t\t\t<span class='e-n-accordion-item-title-header'><div class=\"e-n-accordion-item-title-text\"> 3.1 | WELCHE FAHRGESTELLE WERDEN VERBAUT? <\/div><\/span>\n\t\t\t\t\t\t\t<span class='e-n-accordion-item-title-icon'>\n\t\t\t<span class='e-opened' ><i aria-hidden=\"true\" class=\"fas fa-chevron-up\"><\/i><\/span>\n\t\t\t<span class='e-closed'><i aria-hidden=\"true\" class=\"fas fa-chevron-down\"><\/i><\/span>\n\t\t<\/span>\n\n\t\t\t\t\t\t<\/summary>\n\t\t\t\t<div role=\"region\" aria-labelledby=\"e-n-accordion-item-1490\" class=\"elementor-element elementor-element-01ce156 e-con-full e-flex e-con e-child\" data-id=\"01ce156\" data-element_type=\"container\" data-e-type=\"container\">\n\t\t<div role=\"region\" aria-labelledby=\"e-n-accordion-item-1490\" class=\"elementor-element elementor-element-8196c74 e-con-full e-flex e-con e-child\" data-id=\"8196c74\" data-element_type=\"container\" data-e-type=\"container\">\n\t\t\t\t<div class=\"elementor-element elementor-element-bfca7e8 elementor-widget elementor-widget-text-editor\" data-id=\"bfca7e8\" data-element_type=\"widget\" data-e-type=\"widget\" data-widget_type=\"text-editor.default\">\n\t\t\t\t\t\t<div class=\"elementor-widget-container\">\n\t\t\t\t\t\t\t\t\t<div class=\"accordion-content\"><p>Es kommen Fahrgestelle von Mercedes Benz (Atego\/ Actros) sowie von MAN (TGL\/ TGM\/ TGS) zum Einsatz. Welches Fahrgestell sich f\u00fcr welches Reisemobil am besten eignet ist Frage der eigenen Bed\u00fcrfnisse und des Geschmacks. In jedem Fall beraten wir Sie gerne und ausf\u00fchrlich \u00fcber alle M\u00f6glichkeiten.<\/p><\/div>\t\t\t\t\t\t\t\t<\/div>\n\t\t\t\t<\/div>\n\t\t\t\t<\/div>\n\t\t\t\t<\/div>\n\t\t\t\t\t<\/details>\n\t\t\t\t\t\t<details id=\"e-n-accordion-item-1491\" class=\"e-n-accordion-item\" >\n\t\t\t\t<summary class=\"e-n-accordion-item-title\" data-accordion-index=\"2\" tabindex=\"-1\" aria-expanded=\"false\" aria-controls=\"e-n-accordion-item-1491\" >\n\t\t\t\t\t<span class='e-n-accordion-item-title-header'><div class=\"e-n-accordion-item-title-text\"> 3.2 | WIE KOMMT DAS FAHRGESTELL AN \/ WAS WIRD DAMIT GEMACHT? <\/div><\/span>\n\t\t\t\t\t\t\t<span class='e-n-accordion-item-title-icon'>\n\t\t\t<span class='e-opened' ><i aria-hidden=\"true\" class=\"fas fa-chevron-up\"><\/i><\/span>\n\t\t\t<span class='e-closed'><i aria-hidden=\"true\" class=\"fas fa-chevron-down\"><\/i><\/span>\n\t\t<\/span>\n\n\t\t\t\t\t\t<\/summary>\n\t\t\t\t<div role=\"region\" aria-labelledby=\"e-n-accordion-item-1491\" class=\"elementor-element elementor-element-d7e291a e-con-full e-flex e-con e-child\" data-id=\"d7e291a\" data-element_type=\"container\" data-e-type=\"container\">\n\t\t\t\t<div class=\"elementor-element elementor-element-924f1a6 elementor-widget elementor-widget-text-editor\" data-id=\"924f1a6\" data-element_type=\"widget\" data-e-type=\"widget\" data-widget_type=\"text-editor.default\">\n\t\t\t\t\t\t<div class=\"elementor-widget-container\">\n\t\t\t\t\t\t\t\t\t<div class=\"accordion-content\"><p>Der VARIO Star ist gr\u00f6\u00dfentechnisch das Einstiegsmodell der VARIOmobil-Familie. Die hohe Qualit\u00e4t jedoch ist ein Standard, der sich durch alle Modelle zieht.<\/p><ul><li>Vollintegrierter GFK-Aufbau mit eigens designter Front<\/li><li>Einlaminierter \u00dcbergang von Fahrerhaus zu Karosserie (Monocoque)<\/li><li>Schmale Karosserie mit 2,33 m Breite<\/li><li>Niedrige Karosserie mit 3,40 m H\u00f6he (inkl. SAT-Antenne)<\/li><li>7,5t \u2013 8,8t auf MB Atego oder MAN TGL<\/li><li>L\u00e4nge von 8m \u2013 9m<\/li><\/ul><\/div>\t\t\t\t\t\t\t\t<\/div>\n\t\t\t\t<\/div>\n\t\t\t\t<\/div>\n\t\t\t\t\t<\/details>\n\t\t\t\t\t\t<details id=\"e-n-accordion-item-1492\" class=\"e-n-accordion-item\" >\n\t\t\t\t<summary class=\"e-n-accordion-item-title\" data-accordion-index=\"3\" tabindex=\"-1\" aria-expanded=\"false\" aria-controls=\"e-n-accordion-item-1492\" >\n\t\t\t\t\t<span class='e-n-accordion-item-title-header'><div class=\"e-n-accordion-item-title-text\"> 3.3 | WAS ZEICHNET EIN VARIO PERFECT AUS?  <\/div><\/span>\n\t\t\t\t\t\t\t<span class='e-n-accordion-item-title-icon'>\n\t\t\t<span class='e-opened' ><i aria-hidden=\"true\" class=\"fas fa-chevron-up\"><\/i><\/span>\n\t\t\t<span class='e-closed'><i aria-hidden=\"true\" class=\"fas fa-chevron-down\"><\/i><\/span>\n\t\t<\/span>\n\n\t\t\t\t\t\t<\/summary>\n\t\t\t\t<div role=\"region\" aria-labelledby=\"e-n-accordion-item-1492\" class=\"elementor-element elementor-element-912f62b e-con-full e-flex e-con e-child\" data-id=\"912f62b\" data-element_type=\"container\" data-e-type=\"container\">\n\t\t\t\t<div class=\"elementor-element elementor-element-f1b7976 elementor-widget elementor-widget-text-editor\" data-id=\"f1b7976\" data-element_type=\"widget\" data-e-type=\"widget\" data-widget_type=\"text-editor.default\">\n\t\t\t\t\t\t<div class=\"elementor-widget-container\">\n\t\t\t\t\t\t\t\t\t<div class=\"accordion-content\"><p>Lediglich das Fahrgestell kommt vom Hersteller. Alles andere wird in unserem Werk in Bohmte gefertigt. Dazu z\u00e4hlt:<\/p><ul><li>Eigene Schlosserei<ul><li>f\u00fcr Fahrgestell\u00e4nderungen \/ Aufbau des Gitterrohrrahmens<\/li><li>Herstellung der Rampen f\u00fcr die PKW-Garage<\/li><\/ul><\/li><li>Eigener Kabinenbau<ul><li>Vakuumpressen von Laufboden, Dach, Seitenw\u00e4nden<\/li><li>Laminieren der Fronten, Sto\u00dff\u00e4nger etc.<\/li><\/ul><\/li><li>Eigene Lackiererei<ul><li>Versiegelung und Schutz des Fahrzeugs vor \u00e4u\u00dferen Umwelteinfl\u00fcssen<\/li><li>Lackierung des Aufbaus in jeglichen Farbkombinationen<\/li><\/ul><\/li><li>Eigene Tischlerei<ul><li>Kompletter M\u00f6belbau aus eigener Hand<\/li><\/ul><\/li><li>Eigene Elektrik- und Heizungsabteilung<ul><li>Aufbau der elektrischen Anlage inklusive aller Komponenten<\/li><li>Aufbau der pneumatischen \/ hydraulischen Anlage f\u00fcr Fahrgestell \/ Slide-Out \/ St\u00fctzen\/ PKW-Garage etc.<\/li><li>Aufbau der kompletten Wasseranlage inklusive Heizung<\/li><li>Herstellung eigener Klimaanlagen<\/li><\/ul><\/li><li>Eigene Endmontage<ul><li>Zusammenbau, Kontrolle und ausf\u00fchrliche Tests aller Komponenten<\/li><\/ul><\/li><\/ul><\/div>\t\t\t\t\t\t\t\t<\/div>\n\t\t\t\t<\/div>\n\t\t\t\t<\/div>\n\t\t\t\t\t<\/details>\n\t\t\t\t\t\t<details id=\"e-n-accordion-item-1493\" class=\"e-n-accordion-item\" >\n\t\t\t\t<summary class=\"e-n-accordion-item-title\" data-accordion-index=\"4\" tabindex=\"-1\" aria-expanded=\"false\" aria-controls=\"e-n-accordion-item-1493\" >\n\t\t\t\t\t<span class='e-n-accordion-item-title-header'><div class=\"e-n-accordion-item-title-text\"> 3.4 | AUS WAS F\u00dcR EINEM MATERIAL BESTEHT EIN VARIOMOBIL? <\/div><\/span>\n\t\t\t\t\t\t\t<span class='e-n-accordion-item-title-icon'>\n\t\t\t<span class='e-opened' ><i aria-hidden=\"true\" class=\"fas fa-chevron-up\"><\/i><\/span>\n\t\t\t<span class='e-closed'><i aria-hidden=\"true\" class=\"fas fa-chevron-down\"><\/i><\/span>\n\t\t<\/span>\n\n\t\t\t\t\t\t<\/summary>\n\t\t\t\t<div role=\"region\" aria-labelledby=\"e-n-accordion-item-1493\" class=\"elementor-element elementor-element-ca8ec92 e-con-full e-flex e-con e-child\" data-id=\"ca8ec92\" data-element_type=\"container\" data-e-type=\"container\">\n\t\t\t\t<div class=\"elementor-element elementor-element-bcb23e0 elementor-widget elementor-widget-text-editor\" data-id=\"bcb23e0\" data-element_type=\"widget\" data-e-type=\"widget\" data-widget_type=\"text-editor.default\">\n\t\t\t\t\t\t<div class=\"elementor-widget-container\">\n\t\t\t\t\t\t\t\t\t<div class=\"accordion-content\"><p>Der komplette Aufbau des Fahrzeugs wird aus GFK (glasfaserverst\u00e4rkter Kunststoff) hergestellt. So sind alle W\u00e4nde aus vakuumgepressten GFK-Sandwichw\u00e4nden aufgebaut, die durch unsere eigens laminierte GFK-Front in einer monocoqueartigen Bauweise einlaminiert und verbunden werden.<\/p><p>Dadurch entsteht im Zusammenspiel mit dem Gitterrohrrahmen auf dem Fahrgestell eine unglaublich stabile und verwindungssteife Gesamtkonstruktion.<\/p><\/div>\t\t\t\t\t\t\t\t<\/div>\n\t\t\t\t<\/div>\n\t\t\t\t<\/div>\n\t\t\t\t\t<\/details>\n\t\t\t\t\t\t<details id=\"e-n-accordion-item-1494\" class=\"e-n-accordion-item\" >\n\t\t\t\t<summary class=\"e-n-accordion-item-title\" data-accordion-index=\"5\" tabindex=\"-1\" aria-expanded=\"false\" aria-controls=\"e-n-accordion-item-1494\" >\n\t\t\t\t\t<span class='e-n-accordion-item-title-header'><div class=\"e-n-accordion-item-title-text\"> 3.5 | ICH M\u00d6CHTE KOMPLETT AUF DEN EINSATZ VON GAS VERZICHTEN. WELCHE M\u00d6GLICHKEITEN GIBT ES? <\/div><\/span>\n\t\t\t\t\t\t\t<span class='e-n-accordion-item-title-icon'>\n\t\t\t<span class='e-opened' ><i aria-hidden=\"true\" class=\"fas fa-chevron-up\"><\/i><\/span>\n\t\t\t<span class='e-closed'><i aria-hidden=\"true\" class=\"fas fa-chevron-down\"><\/i><\/span>\n\t\t<\/span>\n\n\t\t\t\t\t\t<\/summary>\n\t\t\t\t<div role=\"region\" aria-labelledby=\"e-n-accordion-item-1494\" class=\"elementor-element elementor-element-1512adc e-con-full e-flex e-con e-child\" data-id=\"1512adc\" data-element_type=\"container\" data-e-type=\"container\">\n\t\t\t\t<div class=\"elementor-element elementor-element-5523d08 elementor-widget elementor-widget-text-editor\" data-id=\"5523d08\" data-element_type=\"widget\" data-e-type=\"widget\" data-widget_type=\"text-editor.default\">\n\t\t\t\t\t\t<div class=\"elementor-widget-container\">\n\t\t\t\t\t\t\t\t\t<div class=\"accordion-content\"><div id=\"main\" class=\"wrapper\"><section class=\"content-wrapper-vc-enabled\"><div class=\"container\"><div class=\"row without-sidebar\"><div class=\"col-lg-12 col-md-12 col-sm-12\"><div id=\"primary\" class=\"site-content\"><div id=\"content\" role=\"main\"><div class=\"faqs-wrapper faq-layout-default\"><div id=\"tabs\" class=\"tabs_wrapper\"><div id=\"tab_term_140\" class=\"tabcontent accordion\"><div class=\"accordion-content\"><p>Sie k\u00f6nnen komplett auf den Einsatz von Gas in Ihrem Reisemobil verzichten. Eine Kombination aus einer Scheer-Dieselheizung in Verbindung mit gen\u00fcgend Batteriekapazit\u00e4t und Solarladung f\u00fcr den Einsatz eines Induktionsherdes und eines Kompressor-K\u00fchlschranks macht dies m\u00f6glich. So sind Sie auf ein Energiespeichermedium weniger angewiesen.<\/p><\/div><\/div><\/div><\/div><\/div><\/div><\/div><\/div><\/div><\/section><\/div><\/div>\t\t\t\t\t\t\t\t<\/div>\n\t\t\t\t<\/div>\n\t\t\t\t<\/div>\n\t\t\t\t\t<\/details>\n\t\t\t\t\t<\/div>\n\t\t\t\t\t\t<\/div>\n\t\t\t\t<\/div>\n\t\t\t\t<\/div>\n\t\t\t\t<\/div>\n\t\t\t\t<\/div>\n\t\t\t\t\t\t<\/div>\n\t\t\t\t<\/div>\n\t\t\t\t<div class=\"elementor-element elementor-element-34d49d90 elementor-widget elementor-widget-template\" data-id=\"34d49d90\" data-element_type=\"widget\" data-e-type=\"widget\" data-widget_type=\"template.default\">\n\t\t\t\t\t\t<div class=\"elementor-widget-container\">\n\t\t\t\t\t\t\t<div class=\"elementor-template\">\n\t\t\t\t\t<div data-elementor-type=\"container\" data-elementor-id=\"36985\" class=\"elementor elementor-36985\" data-elementor-post-type=\"elementor_library\">\n\t\t\t\t<div class=\"elementor-element elementor-element-7d594c9 e-con-full e-flex e-con e-parent\" data-id=\"7d594c9\" data-element_type=\"container\" data-e-type=\"container\">\n\t\t\t\t<div class=\"elementor-element elementor-element-8f0c992 elementor-widget elementor-widget-n-accordion\" data-id=\"8f0c992\" data-element_type=\"widget\" data-e-type=\"widget\" data-settings=\"{&quot;default_state&quot;:&quot;all_collapsed&quot;,&quot;max_items_expended&quot;:&quot;one&quot;,&quot;n_accordion_animation_duration&quot;:{&quot;unit&quot;:&quot;ms&quot;,&quot;size&quot;:400,&quot;sizes&quot;:[]}}\" data-widget_type=\"nested-accordion.default\">\n\t\t\t\t\t\t<div class=\"elementor-widget-container\">\n\t\t\t\t\t\t\t<div class=\"e-n-accordion\" aria-label=\"Accordion. Open links with Enter or Space, close with Escape, and navigate with Arrow Keys\">\n\t\t\t\t\t\t<details id=\"e-n-accordion-item-1490\" class=\"e-n-accordion-item\" >\n\t\t\t\t<summary class=\"e-n-accordion-item-title\" data-accordion-index=\"1\" tabindex=\"0\" aria-expanded=\"false\" aria-controls=\"e-n-accordion-item-1490\" >\n\t\t\t\t\t<span class='e-n-accordion-item-title-header'><div class=\"e-n-accordion-item-title-text\"> 4.1 | WO SOLLTE ICH MEINEN SERVICE MACHEN LASSEN? <\/div><\/span>\n\t\t\t\t\t\t\t<span class='e-n-accordion-item-title-icon'>\n\t\t\t<span class='e-opened' ><i aria-hidden=\"true\" class=\"fas fa-chevron-up\"><\/i><\/span>\n\t\t\t<span class='e-closed'><i aria-hidden=\"true\" class=\"fas fa-chevron-down\"><\/i><\/span>\n\t\t<\/span>\n\n\t\t\t\t\t\t<\/summary>\n\t\t\t\t<div role=\"region\" aria-labelledby=\"e-n-accordion-item-1490\" class=\"elementor-element elementor-element-01ce156 e-con-full e-flex e-con e-child\" data-id=\"01ce156\" data-element_type=\"container\" data-e-type=\"container\">\n\t\t<div role=\"region\" aria-labelledby=\"e-n-accordion-item-1490\" class=\"elementor-element elementor-element-8196c74 e-con-full e-flex e-con e-child\" data-id=\"8196c74\" data-element_type=\"container\" data-e-type=\"container\">\n\t\t\t\t<div class=\"elementor-element elementor-element-bfca7e8 elementor-widget elementor-widget-text-editor\" data-id=\"bfca7e8\" data-element_type=\"widget\" data-e-type=\"widget\" data-widget_type=\"text-editor.default\">\n\t\t\t\t\t\t<div class=\"elementor-widget-container\">\n\t\t\t\t\t\t\t\t\t<div class=\"accordion-content\"><p>Wir bieten einen allumfassenden Service in unserem Werk in Bohmte an. Wir bekommen Ihr Reisemobil und k\u00fcmmern uns darum. Mit dem Rundum-Sorglos-Paket ist Ihr VARIOmobil immer betriebs- und einsatzbereit.<\/p><p>Sollten Servicearbeiten am Fahrgestell anstehen, k\u00f6nnen die nat\u00fcrlich auch im zust\u00e4ndigen Servicecenter des Fahrgestellherstellers durchgef\u00fchrt werden.<\/p><p>Wir sind der Meinung, dass eine ganzheitliche Betreuung Ihres VARIOmobils aus einer (unserer) Hand die hohe Qualit\u00e4t des Fahrzeugs erh\u00e4lt, sodass Sie ohne Sorgen Urlaub machen k\u00f6nnen.<\/p><\/div>\t\t\t\t\t\t\t\t<\/div>\n\t\t\t\t<\/div>\n\t\t\t\t<\/div>\n\t\t\t\t<\/div>\n\t\t\t\t\t<\/details>\n\t\t\t\t\t\t<details id=\"e-n-accordion-item-1491\" class=\"e-n-accordion-item\" >\n\t\t\t\t<summary class=\"e-n-accordion-item-title\" data-accordion-index=\"2\" tabindex=\"-1\" aria-expanded=\"false\" aria-controls=\"e-n-accordion-item-1491\" >\n\t\t\t\t\t<span class='e-n-accordion-item-title-header'><div class=\"e-n-accordion-item-title-text\"> 4.2 | WANN SOLLTE ICH MEINEN SERVICE MACHEN LASSEN? <\/div><\/span>\n\t\t\t\t\t\t\t<span class='e-n-accordion-item-title-icon'>\n\t\t\t<span class='e-opened' ><i aria-hidden=\"true\" class=\"fas fa-chevron-up\"><\/i><\/span>\n\t\t\t<span class='e-closed'><i aria-hidden=\"true\" class=\"fas fa-chevron-down\"><\/i><\/span>\n\t\t<\/span>\n\n\t\t\t\t\t\t<\/summary>\n\t\t\t\t<div role=\"region\" aria-labelledby=\"e-n-accordion-item-1491\" class=\"elementor-element elementor-element-d7e291a e-con-full e-flex e-con e-child\" data-id=\"d7e291a\" data-element_type=\"container\" data-e-type=\"container\">\n\t\t\t\t<div class=\"elementor-element elementor-element-924f1a6 elementor-widget elementor-widget-text-editor\" data-id=\"924f1a6\" data-element_type=\"widget\" data-e-type=\"widget\" data-widget_type=\"text-editor.default\">\n\t\t\t\t\t\t<div class=\"elementor-widget-container\">\n\t\t\t\t\t\t\t\t\t<div class=\"accordion-content\"><div class=\"accordion-content\"><p>Wir empfehlen einen Service in unserem Haus 1x j\u00e4hrlich. Je nach Intervall der einzelnen Komponenten z\u00e4hlen T\u00dcV, Gaspr\u00fcfungen, Dichtigkeitspr\u00fcfungen etc. dazu. Somit k\u00f6nnen wir gew\u00e4hrleisten, dass Ihr Reisemobil immer sicher, verkehrstauglich und up to date ist.<\/p><\/div><div class=\"accordion-title\">\u00a0<\/div><\/div>\t\t\t\t\t\t\t\t<\/div>\n\t\t\t\t<\/div>\n\t\t\t\t<\/div>\n\t\t\t\t\t<\/details>\n\t\t\t\t\t\t<details id=\"e-n-accordion-item-1492\" class=\"e-n-accordion-item\" >\n\t\t\t\t<summary class=\"e-n-accordion-item-title\" data-accordion-index=\"3\" tabindex=\"-1\" aria-expanded=\"false\" aria-controls=\"e-n-accordion-item-1492\" >\n\t\t\t\t\t<span class='e-n-accordion-item-title-header'><div class=\"e-n-accordion-item-title-text\"> 4.3 | WO KANN ICH REPARATUREN \/ UMBAUTEN AN MEINEM WOHNMOBIL MACHEN LASSEN? <\/div><\/span>\n\t\t\t\t\t\t\t<span class='e-n-accordion-item-title-icon'>\n\t\t\t<span class='e-opened' ><i aria-hidden=\"true\" class=\"fas fa-chevron-up\"><\/i><\/span>\n\t\t\t<span class='e-closed'><i aria-hidden=\"true\" class=\"fas fa-chevron-down\"><\/i><\/span>\n\t\t<\/span>\n\n\t\t\t\t\t\t<\/summary>\n\t\t\t\t<div role=\"region\" aria-labelledby=\"e-n-accordion-item-1492\" class=\"elementor-element elementor-element-912f62b e-con-full e-flex e-con e-child\" data-id=\"912f62b\" data-element_type=\"container\" data-e-type=\"container\">\n\t\t\t\t<div class=\"elementor-element elementor-element-f1b7976 elementor-widget elementor-widget-text-editor\" data-id=\"f1b7976\" data-element_type=\"widget\" data-e-type=\"widget\" data-widget_type=\"text-editor.default\">\n\t\t\t\t\t\t<div class=\"elementor-widget-container\">\n\t\t\t\t\t\t\t\t\t<div class=\"accordion-content\"><div class=\"accordion-content\"><p>Reparaturen und Umbauten werden von unserem Serviceteam komplett durchgef\u00fchrt. Melden Sie sich bei uns und vereinbaren Sie einen Termin.<\/p><\/div><\/div>\t\t\t\t\t\t\t\t<\/div>\n\t\t\t\t<\/div>\n\t\t\t\t<\/div>\n\t\t\t\t\t<\/details>\n\t\t\t\t\t\t<details id=\"e-n-accordion-item-1493\" class=\"e-n-accordion-item\" >\n\t\t\t\t<summary class=\"e-n-accordion-item-title\" data-accordion-index=\"4\" tabindex=\"-1\" aria-expanded=\"false\" aria-controls=\"e-n-accordion-item-1493\" >\n\t\t\t\t\t<span class='e-n-accordion-item-title-header'><div class=\"e-n-accordion-item-title-text\"> 4.4 | KANN ICH AUCH ZUM SERVICE MIT EINEM ANDEREN MARKENREISEMOBIL KOMMEN? <\/div><\/span>\n\t\t\t\t\t\t\t<span class='e-n-accordion-item-title-icon'>\n\t\t\t<span class='e-opened' ><i aria-hidden=\"true\" class=\"fas fa-chevron-up\"><\/i><\/span>\n\t\t\t<span class='e-closed'><i aria-hidden=\"true\" class=\"fas fa-chevron-down\"><\/i><\/span>\n\t\t<\/span>\n\n\t\t\t\t\t\t<\/summary>\n\t\t\t\t<div role=\"region\" aria-labelledby=\"e-n-accordion-item-1493\" class=\"elementor-element elementor-element-ca8ec92 e-con-full e-flex e-con e-child\" data-id=\"ca8ec92\" data-element_type=\"container\" data-e-type=\"container\">\n\t\t\t\t<div class=\"elementor-element elementor-element-bcb23e0 elementor-widget elementor-widget-text-editor\" data-id=\"bcb23e0\" data-element_type=\"widget\" data-e-type=\"widget\" data-widget_type=\"text-editor.default\">\n\t\t\t\t\t\t<div class=\"elementor-widget-container\">\n\t\t\t\t\t\t\t\t\t<div class=\"accordion-content\"><div class=\"accordion-content\"><p>Wer kein VARIOmobil hat, aber auf den umfassenden Service unseres Hauses nicht verzichten m\u00f6chte, kann trotzdem zu uns kommen. Unsere Jahrzehnte lange Erfahrung auch mit anderen Marken sorgt f\u00fcr die optimale Betreuung im VARIO-Standard.<\/p><\/div><\/div>\t\t\t\t\t\t\t\t<\/div>\n\t\t\t\t<\/div>\n\t\t\t\t<\/div>\n\t\t\t\t\t<\/details>\n\t\t\t\t\t\t<details id=\"e-n-accordion-item-1494\" class=\"e-n-accordion-item\" >\n\t\t\t\t<summary class=\"e-n-accordion-item-title\" data-accordion-index=\"5\" tabindex=\"-1\" aria-expanded=\"false\" aria-controls=\"e-n-accordion-item-1494\" >\n\t\t\t\t\t<span class='e-n-accordion-item-title-header'><div class=\"e-n-accordion-item-title-text\"> 4.5 | WERDEN REISEMOBILE IN ZAHLUNG GENOMMEN? <\/div><\/span>\n\t\t\t\t\t\t\t<span class='e-n-accordion-item-title-icon'>\n\t\t\t<span class='e-opened' ><i aria-hidden=\"true\" class=\"fas fa-chevron-up\"><\/i><\/span>\n\t\t\t<span class='e-closed'><i aria-hidden=\"true\" class=\"fas fa-chevron-down\"><\/i><\/span>\n\t\t<\/span>\n\n\t\t\t\t\t\t<\/summary>\n\t\t\t\t<div role=\"region\" aria-labelledby=\"e-n-accordion-item-1494\" class=\"elementor-element elementor-element-1512adc e-con-full e-flex e-con e-child\" data-id=\"1512adc\" data-element_type=\"container\" data-e-type=\"container\">\n\t\t\t\t<div class=\"elementor-element elementor-element-5523d08 elementor-widget elementor-widget-text-editor\" data-id=\"5523d08\" data-element_type=\"widget\" data-e-type=\"widget\" data-widget_type=\"text-editor.default\">\n\t\t\t\t\t\t<div class=\"elementor-widget-container\">\n\t\t\t\t\t\t\t\t\t<div class=\"accordion-content\"><div id=\"main\" class=\"wrapper\"><section class=\"content-wrapper-vc-enabled\"><div class=\"container\"><div class=\"row without-sidebar\"><div class=\"col-lg-12 col-md-12 col-sm-12\"><div id=\"primary\" class=\"site-content\"><div id=\"content\" role=\"main\"><div class=\"faqs-wrapper faq-layout-default\"><div id=\"tabs\" class=\"tabs_wrapper\"><div id=\"tab_term_140\" class=\"tabcontent accordion\"><div class=\"accordion-content\"><div id=\"main\" class=\"wrapper\"><section class=\"content-wrapper-vc-enabled\"><div class=\"container\"><div class=\"row without-sidebar\"><div class=\"col-lg-12 col-md-12 col-sm-12\"><div id=\"primary\" class=\"site-content\"><div id=\"content\" role=\"main\"><div class=\"faqs-wrapper faq-layout-default\"><div id=\"tabs\" class=\"tabs_wrapper\"><div id=\"tab_term_141\" class=\"tabcontent accordion\"><div class=\"accordion-content\"><p>Selbstverst\u00e4ndlich nehmen wir Reisemobile in Zahlung, auch Fremdfabrikate. F\u00fcr konkrete Anfragen melden Sie sich dazu bitte bei uns.<\/p><\/div><\/div><\/div><\/div><\/div><\/div><\/div><\/div><\/div><\/section><\/div><\/div><\/div><\/div><\/div><\/div><\/div><\/div><\/div><\/div><\/section><\/div><\/div>\t\t\t\t\t\t\t\t<\/div>\n\t\t\t\t<\/div>\n\t\t\t\t<\/div>\n\t\t\t\t\t<\/details>\n\t\t\t\t\t<\/div>\n\t\t\t\t\t\t<\/div>\n\t\t\t\t<\/div>\n\t\t\t\t<\/div>\n\t\t\t\t<\/div>\n\t\t\t\t<\/div>\n\t\t\t\t\t\t<\/div>\n\t\t\t\t<\/div>\n\t\t\t\t<div class=\"elementor-element elementor-element-439ed3cf elementor-widget elementor-widget-template\" data-id=\"439ed3cf\" data-element_type=\"widget\" data-e-type=\"widget\" data-widget_type=\"template.default\">\n\t\t\t\t\t\t<div class=\"elementor-widget-container\">\n\t\t\t\t\t\t\t<div class=\"elementor-template\">\n\t\t\t\t\t<div data-elementor-type=\"container\" data-elementor-id=\"36989\" class=\"elementor elementor-36989\" data-elementor-post-type=\"elementor_library\">\n\t\t\t\t<div class=\"elementor-element elementor-element-7d594c9 e-con-full e-flex e-con e-parent\" data-id=\"7d594c9\" data-element_type=\"container\" data-e-type=\"container\">\n\t\t\t\t<div class=\"elementor-element elementor-element-8f0c992 elementor-widget elementor-widget-n-accordion\" data-id=\"8f0c992\" data-element_type=\"widget\" data-e-type=\"widget\" data-settings=\"{&quot;default_state&quot;:&quot;all_collapsed&quot;,&quot;max_items_expended&quot;:&quot;one&quot;,&quot;n_accordion_animation_duration&quot;:{&quot;unit&quot;:&quot;ms&quot;,&quot;size&quot;:400,&quot;sizes&quot;:[]}}\" data-widget_type=\"nested-accordion.default\">\n\t\t\t\t\t\t<div class=\"elementor-widget-container\">\n\t\t\t\t\t\t\t<div class=\"e-n-accordion\" aria-label=\"Accordion. Open links with Enter or Space, close with Escape, and navigate with Arrow Keys\">\n\t\t\t\t\t\t<details id=\"e-n-accordion-item-1490\" class=\"e-n-accordion-item\" >\n\t\t\t\t<summary class=\"e-n-accordion-item-title\" data-accordion-index=\"1\" tabindex=\"0\" aria-expanded=\"false\" aria-controls=\"e-n-accordion-item-1490\" >\n\t\t\t\t\t<span class='e-n-accordion-item-title-header'><div class=\"e-n-accordion-item-title-text\"> 5.1 | WIRD AUCH ETWAS ANDERES ALS REISEMOBILE GEBAUT? <\/div><\/span>\n\t\t\t\t\t\t\t<span class='e-n-accordion-item-title-icon'>\n\t\t\t<span class='e-opened' ><i aria-hidden=\"true\" class=\"fas fa-chevron-up\"><\/i><\/span>\n\t\t\t<span class='e-closed'><i aria-hidden=\"true\" class=\"fas fa-chevron-down\"><\/i><\/span>\n\t\t<\/span>\n\n\t\t\t\t\t\t<\/summary>\n\t\t\t\t<div role=\"region\" aria-labelledby=\"e-n-accordion-item-1490\" class=\"elementor-element elementor-element-01ce156 e-con-full e-flex e-con e-child\" data-id=\"01ce156\" data-element_type=\"container\" data-e-type=\"container\">\n\t\t<div role=\"region\" aria-labelledby=\"e-n-accordion-item-1490\" class=\"elementor-element elementor-element-8196c74 e-con-full e-flex e-con e-child\" data-id=\"8196c74\" data-element_type=\"container\" data-e-type=\"container\">\n\t\t\t\t<div class=\"elementor-element elementor-element-bfca7e8 elementor-widget elementor-widget-text-editor\" data-id=\"bfca7e8\" data-element_type=\"widget\" data-e-type=\"widget\" data-widget_type=\"text-editor.default\">\n\t\t\t\t\t\t<div class=\"elementor-widget-container\">\n\t\t\t\t\t\t\t\t\t<div class=\"accordion-content\">Wir bauen nicht nur Reisemobile. Im Laufe der Jahre haben wir uns erfolgreich ein zweites Standbein im Bereich der gewerblichen Spezialfahrzeuge aufgebaut. Dabei spielt es keine Rolle, ob ein Kofferaufbau, ein vollintegriertes Businessmobil oder ein Sattelauflieger f\u00fcr Ihr Unternehmen ben\u00f6tigt wird. Neben dem individuellen Nutzen ist Ihr VARIO Businessmobil ein wettbewerbsstarkes Marketingtool f\u00fcr Ihre Kundengewinnung und -bindung.<\/div>\t\t\t\t\t\t\t\t<\/div>\n\t\t\t\t<\/div>\n\t\t\t\t<\/div>\n\t\t\t\t<\/div>\n\t\t\t\t\t<\/details>\n\t\t\t\t\t\t<details id=\"e-n-accordion-item-1491\" class=\"e-n-accordion-item\" >\n\t\t\t\t<summary class=\"e-n-accordion-item-title\" data-accordion-index=\"2\" tabindex=\"-1\" aria-expanded=\"false\" aria-controls=\"e-n-accordion-item-1491\" >\n\t\t\t\t\t<span class='e-n-accordion-item-title-header'><div class=\"e-n-accordion-item-title-text\"> 5.2 | WELCHE REFERENZEN GIBT ES? <\/div><\/span>\n\t\t\t\t\t\t\t<span class='e-n-accordion-item-title-icon'>\n\t\t\t<span class='e-opened' ><i aria-hidden=\"true\" class=\"fas fa-chevron-up\"><\/i><\/span>\n\t\t\t<span class='e-closed'><i aria-hidden=\"true\" class=\"fas fa-chevron-down\"><\/i><\/span>\n\t\t<\/span>\n\n\t\t\t\t\t\t<\/summary>\n\t\t\t\t<div role=\"region\" aria-labelledby=\"e-n-accordion-item-1491\" class=\"elementor-element elementor-element-d7e291a e-con-full e-flex e-con e-child\" data-id=\"d7e291a\" data-element_type=\"container\" data-e-type=\"container\">\n\t\t\t\t<div class=\"elementor-element elementor-element-924f1a6 elementor-widget elementor-widget-text-editor\" data-id=\"924f1a6\" data-element_type=\"widget\" data-e-type=\"widget\" data-widget_type=\"text-editor.default\">\n\t\t\t\t\t\t<div class=\"elementor-widget-container\">\n\t\t\t\t\t\t\t\t\t<div class=\"accordion-content\"><ul><li>Radio\u00fcbertragungswagen f\u00fcr den Hessischen Rundfunk<\/li><li>Br\u00fcckenpr\u00fcffahrzeuge f\u00fcr das Landeslogistikzentrum Niedersachen<\/li><li>Mobile Filialen der Sparkasse oder Raiffeisen-Bank inkl. Geldautomaten<\/li><li>Arbeitsmedizinische Untersuchungsautos der Berufsgenossenschaft Bau<\/li><li>Konferenzfahrzeuge der Marine<\/li><li>Und einige weitere<\/li><\/ul><\/div>\t\t\t\t\t\t\t\t<\/div>\n\t\t\t\t<\/div>\n\t\t\t\t<\/div>\n\t\t\t\t\t<\/details>\n\t\t\t\t\t\t<details id=\"e-n-accordion-item-1492\" class=\"e-n-accordion-item\" >\n\t\t\t\t<summary class=\"e-n-accordion-item-title\" data-accordion-index=\"3\" tabindex=\"-1\" aria-expanded=\"false\" aria-controls=\"e-n-accordion-item-1492\" >\n\t\t\t\t\t<span class='e-n-accordion-item-title-header'><div class=\"e-n-accordion-item-title-text\"> 5.3 | ICH HABE SPEZIELLE VORSTELLUNGEN, ABER ICH FINDE NICHTS DAZU. <\/div><\/span>\n\t\t\t\t\t\t\t<span class='e-n-accordion-item-title-icon'>\n\t\t\t<span class='e-opened' ><i aria-hidden=\"true\" class=\"fas fa-chevron-up\"><\/i><\/span>\n\t\t\t<span class='e-closed'><i aria-hidden=\"true\" class=\"fas fa-chevron-down\"><\/i><\/span>\n\t\t<\/span>\n\n\t\t\t\t\t\t<\/summary>\n\t\t\t\t<div role=\"region\" aria-labelledby=\"e-n-accordion-item-1492\" class=\"elementor-element elementor-element-912f62b e-con-full e-flex e-con e-child\" data-id=\"912f62b\" data-element_type=\"container\" data-e-type=\"container\">\n\t\t\t\t<div class=\"elementor-element elementor-element-f1b7976 elementor-widget elementor-widget-text-editor\" data-id=\"f1b7976\" data-element_type=\"widget\" data-e-type=\"widget\" data-widget_type=\"text-editor.default\">\n\t\t\t\t\t\t<div class=\"elementor-widget-container\">\n\t\t\t\t\t\t\t\t\t<div class=\"accordion-content\"><div class=\"accordion-content\"><div id=\"main\" class=\"wrapper\"><section class=\"content-wrapper-vc-enabled\"><div class=\"container\"><div class=\"row without-sidebar\"><div class=\"col-lg-12 col-md-12 col-sm-12\"><div id=\"primary\" class=\"site-content\"><div id=\"content\" role=\"main\"><div class=\"faqs-wrapper faq-layout-default\"><div id=\"tabs\" class=\"tabs_wrapper\"><div id=\"tab_term_142\" class=\"tabcontent accordion\"><div class=\"accordion-content\"><p>Das ist kein Problem. Geht nicht, gibt\u2019s in den allermeisten F\u00e4llen nicht. Melden Sie sich bei uns und wir beraten Sie gerne! Wo andere aufh\u00f6ren fangen wir erst an. Prototypenbau ist unser t\u00e4gliches Gesch\u00e4ft.<\/p><\/div><\/div><\/div><\/div><\/div><\/div><\/div><\/div><\/div><\/section><\/div><\/div><\/div>\t\t\t\t\t\t\t\t<\/div>\n\t\t\t\t<\/div>\n\t\t\t\t<\/div>\n\t\t\t\t\t<\/details>\n\t\t\t\t\t<\/div>\n\t\t\t\t\t\t<\/div>\n\t\t\t\t<\/div>\n\t\t\t\t<\/div>\n\t\t\t\t<\/div>\n\t\t\t\t<\/div>\n\t\t\t\t\t\t<\/div>\n\t\t\t\t<\/div>\n\t\t\t\t\t<\/div>\n\t\t\t\t<\/div>\n\t\t\t\t<\/div>\n\t\t\t\t<\/div>\n\t\t\t\t\t\t<\/div>\n\t\t\t\t<\/div>\n\t\t\t\t\t<\/div>\n\t\t\t\t<\/div>\n\t\t\t\t<\/div>\n\t\t<div id=\"e-n-tab-content-182249902\" role=\"tabpanel\" aria-labelledby=\"e-n-tab-title-182249902\" data-tab-index=\"2\" style=\"--n-tabs-title-order: 2;\" class=\" elementor-element elementor-element-198d6bc e-con-full e-flex e-con e-child\" data-id=\"198d6bc\" data-element_type=\"container\" data-e-type=\"container\">\n\t\t<div class=\"elementor-element elementor-element-d9e32a7 e-flex e-con-boxed e-con e-child\" data-id=\"d9e32a7\" data-element_type=\"container\" data-e-type=\"container\">\n\t\t\t\t\t<div class=\"e-con-inner\">\n\t\t\t\t<div class=\"elementor-element elementor-element-304e07d elementor-widget elementor-widget-template\" data-id=\"304e07d\" data-element_type=\"widget\" data-e-type=\"widget\" data-widget_type=\"template.default\">\n\t\t\t\t\t\t<div class=\"elementor-widget-container\">\n\t\t\t\t\t\t\t<div class=\"elementor-template\">\n\t\t\t\t\t<div data-elementor-type=\"container\" data-elementor-id=\"36963\" class=\"elementor elementor-36963\" data-elementor-post-type=\"elementor_library\">\n\t\t\t\t<div class=\"elementor-element elementor-element-7d594c9 e-con-full e-flex e-con e-parent\" data-id=\"7d594c9\" data-element_type=\"container\" data-e-type=\"container\">\n\t\t\t\t<div class=\"elementor-element elementor-element-8f0c992 elementor-widget elementor-widget-n-accordion\" data-id=\"8f0c992\" data-element_type=\"widget\" data-e-type=\"widget\" data-settings=\"{&quot;default_state&quot;:&quot;all_collapsed&quot;,&quot;max_items_expended&quot;:&quot;one&quot;,&quot;n_accordion_animation_duration&quot;:{&quot;unit&quot;:&quot;ms&quot;,&quot;size&quot;:400,&quot;sizes&quot;:[]}}\" data-widget_type=\"nested-accordion.default\">\n\t\t\t\t\t\t<div class=\"elementor-widget-container\">\n\t\t\t\t\t\t\t<div class=\"e-n-accordion\" aria-label=\"Accordion. Open links with Enter or Space, close with Escape, and navigate with Arrow Keys\">\n\t\t\t\t\t\t<details id=\"e-n-accordion-item-1490\" class=\"e-n-accordion-item\" >\n\t\t\t\t<summary class=\"e-n-accordion-item-title\" data-accordion-index=\"1\" tabindex=\"0\" aria-expanded=\"false\" aria-controls=\"e-n-accordion-item-1490\" >\n\t\t\t\t\t<span class='e-n-accordion-item-title-header'><div class=\"e-n-accordion-item-title-text\"> 1.1 | SEIT WANN GIBT ES DIE VARIOMOBIL FAHRZEUGBAU GMBH? <\/div><\/span>\n\t\t\t\t\t\t\t<span class='e-n-accordion-item-title-icon'>\n\t\t\t<span class='e-opened' ><i aria-hidden=\"true\" class=\"fas fa-chevron-up\"><\/i><\/span>\n\t\t\t<span class='e-closed'><i aria-hidden=\"true\" class=\"fas fa-chevron-down\"><\/i><\/span>\n\t\t<\/span>\n\n\t\t\t\t\t\t<\/summary>\n\t\t\t\t<div role=\"region\" aria-labelledby=\"e-n-accordion-item-1490\" class=\"elementor-element elementor-element-01ce156 e-con-full e-flex e-con e-child\" data-id=\"01ce156\" data-element_type=\"container\" data-e-type=\"container\">\n\t\t<div role=\"region\" aria-labelledby=\"e-n-accordion-item-1490\" class=\"elementor-element elementor-element-8196c74 e-con-full e-flex e-con e-child\" data-id=\"8196c74\" data-element_type=\"container\" data-e-type=\"container\">\n\t\t\t\t<div class=\"elementor-element elementor-element-bfca7e8 elementor-widget elementor-widget-text-editor\" data-id=\"bfca7e8\" data-element_type=\"widget\" data-e-type=\"widget\" data-widget_type=\"text-editor.default\">\n\t\t\t\t\t\t<div class=\"elementor-widget-container\">\n\t\t\t\t\t\t\t\t\t<p>Uns gibt es seit 1981. Dementsprechend k\u00f6nnen wir auf \u00fcber 40 Jahre Erfahrung und Expertise in der Reisemobilbranche zur\u00fcckblicken. Der gefestigte Stand als gesundes Unternehmen an der qualitativen Spitze der Reisemobilbranche kommt nicht \u00fcber Nacht.<\/p>\t\t\t\t\t\t\t\t<\/div>\n\t\t\t\t<\/div>\n\t\t\t\t<\/div>\n\t\t\t\t<\/div>\n\t\t\t\t\t<\/details>\n\t\t\t\t\t\t<details id=\"e-n-accordion-item-1491\" class=\"e-n-accordion-item\" >\n\t\t\t\t<summary class=\"e-n-accordion-item-title\" data-accordion-index=\"2\" tabindex=\"-1\" aria-expanded=\"false\" aria-controls=\"e-n-accordion-item-1491\" >\n\t\t\t\t\t<span class='e-n-accordion-item-title-header'><div class=\"e-n-accordion-item-title-text\"> 1.2 | WAS ZEICHNET EIN VARIOMOBIL AUS?  <\/div><\/span>\n\t\t\t\t\t\t\t<span class='e-n-accordion-item-title-icon'>\n\t\t\t<span class='e-opened' ><i aria-hidden=\"true\" class=\"fas fa-chevron-up\"><\/i><\/span>\n\t\t\t<span class='e-closed'><i aria-hidden=\"true\" class=\"fas fa-chevron-down\"><\/i><\/span>\n\t\t<\/span>\n\n\t\t\t\t\t\t<\/summary>\n\t\t\t\t<div role=\"region\" aria-labelledby=\"e-n-accordion-item-1491\" class=\"elementor-element elementor-element-d7e291a e-con-full e-flex e-con e-child\" data-id=\"d7e291a\" data-element_type=\"container\" data-e-type=\"container\">\n\t\t\t\t<div class=\"elementor-element elementor-element-9b2c1d8 elementor-widget elementor-widget-text-editor\" data-id=\"9b2c1d8\" data-element_type=\"widget\" data-e-type=\"widget\" data-widget_type=\"text-editor.default\">\n\t\t\t\t\t\t<div class=\"elementor-widget-container\">\n\t\t\t\t\t\t\t\t\t<p>Ein VARIOmobil zeichnet Individualit\u00e4t aus, gepaart mit einer einzigartigen Qualit\u00e4t und enormer Fertigungstiefe. Jedes Fahrzeug wird als pers\u00f6nliches Projekt betrachtet und mit Ihnen \u00fcber den kompletten Schaffungsprozess aus einer Hand begleitet. Sie erhalten ein auf Ihre Bed\u00fcrfnisse zugeschnittenes Unikat, was in dieser Form kein zweites Mal existiert.<\/p>\t\t\t\t\t\t\t\t<\/div>\n\t\t\t\t<\/div>\n\t\t\t\t<\/div>\n\t\t\t\t\t<\/details>\n\t\t\t\t\t\t<details id=\"e-n-accordion-item-1492\" class=\"e-n-accordion-item\" >\n\t\t\t\t<summary class=\"e-n-accordion-item-title\" data-accordion-index=\"3\" tabindex=\"-1\" aria-expanded=\"false\" aria-controls=\"e-n-accordion-item-1492\" >\n\t\t\t\t\t<span class='e-n-accordion-item-title-header'><div class=\"e-n-accordion-item-title-text\"> 1.3 | WIE VIELE MITARBEITER HAT VARIOMOBIL?  <\/div><\/span>\n\t\t\t\t\t\t\t<span class='e-n-accordion-item-title-icon'>\n\t\t\t<span class='e-opened' ><i aria-hidden=\"true\" class=\"fas fa-chevron-up\"><\/i><\/span>\n\t\t\t<span class='e-closed'><i aria-hidden=\"true\" class=\"fas fa-chevron-down\"><\/i><\/span>\n\t\t<\/span>\n\n\t\t\t\t\t\t<\/summary>\n\t\t\t\t<div role=\"region\" aria-labelledby=\"e-n-accordion-item-1492\" class=\"elementor-element elementor-element-912f62b e-con-full e-flex e-con e-child\" data-id=\"912f62b\" data-element_type=\"container\" data-e-type=\"container\">\n\t\t\t\t<div class=\"elementor-element elementor-element-6aa3696 elementor-widget elementor-widget-text-editor\" data-id=\"6aa3696\" data-element_type=\"widget\" data-e-type=\"widget\" data-widget_type=\"text-editor.default\">\n\t\t\t\t\t\t<div class=\"elementor-widget-container\">\n\t\t\t\t\t\t\t\t\t<div class=\"accordion-content\"><p>Zurzeit z\u00e4hlen wir in unserem Team etwas mehr als 60 Mitarbeiter. Jeder einzelne Mitarbeiter ist ein Teil unserer Produkte. Nur durch ihre Leidenschaft am Handwerk k\u00f6nnen wir eine durchgehend hohe Qualit\u00e4t gew\u00e4hrleisten.<\/p><\/div>\t\t\t\t\t\t\t\t<\/div>\n\t\t\t\t<\/div>\n\t\t\t\t<\/div>\n\t\t\t\t\t<\/details>\n\t\t\t\t\t\t<details id=\"e-n-accordion-item-1493\" class=\"e-n-accordion-item\" >\n\t\t\t\t<summary class=\"e-n-accordion-item-title\" data-accordion-index=\"4\" tabindex=\"-1\" aria-expanded=\"false\" aria-controls=\"e-n-accordion-item-1493\" >\n\t\t\t\t\t<span class='e-n-accordion-item-title-header'><div class=\"e-n-accordion-item-title-text\"> 1.4 | WIRD AUCH AUSGEBILDET? WENN JA, WELCHE BERUFE?  <\/div><\/span>\n\t\t\t\t\t\t\t<span class='e-n-accordion-item-title-icon'>\n\t\t\t<span class='e-opened' ><i aria-hidden=\"true\" class=\"fas fa-chevron-up\"><\/i><\/span>\n\t\t\t<span class='e-closed'><i aria-hidden=\"true\" class=\"fas fa-chevron-down\"><\/i><\/span>\n\t\t<\/span>\n\n\t\t\t\t\t\t<\/summary>\n\t\t\t\t<div role=\"region\" aria-labelledby=\"e-n-accordion-item-1493\" class=\"elementor-element elementor-element-ca8ec92 e-con-full e-flex e-con e-child\" data-id=\"ca8ec92\" data-element_type=\"container\" data-e-type=\"container\">\n\t\t\t\t<div class=\"elementor-element elementor-element-bef63d4 elementor-widget elementor-widget-text-editor\" data-id=\"bef63d4\" data-element_type=\"widget\" data-e-type=\"widget\" data-widget_type=\"text-editor.default\">\n\t\t\t\t\t\t<div class=\"elementor-widget-container\">\n\t\t\t\t\t\t\t\t\t<p>Wir bilden folgende Berufe aus:<\/p><ul><li>Karosserie- und Fahrzeugbaumechaniker [m\/w\/d]<\/li><li>Tischler [m\/w\/d]<\/li><li>Lackierer [m\/w\/d]<\/li><li>Elektrotechniker [m\/w\/d]<\/li><li>Fachkraft f\u00fcr B\u00fcromanagement [m\/w\/d]<\/li><\/ul><p>Bewerben Sie sich bei uns! Gerne in Verbindung mit einem Praktikum.<\/p>\t\t\t\t\t\t\t\t<\/div>\n\t\t\t\t<\/div>\n\t\t\t\t<\/div>\n\t\t\t\t\t<\/details>\n\t\t\t\t\t\t<details id=\"e-n-accordion-item-1494\" class=\"e-n-accordion-item\" >\n\t\t\t\t<summary class=\"e-n-accordion-item-title\" data-accordion-index=\"5\" tabindex=\"-1\" aria-expanded=\"false\" aria-controls=\"e-n-accordion-item-1494\" >\n\t\t\t\t\t<span class='e-n-accordion-item-title-header'><div class=\"e-n-accordion-item-title-text\"> 1.5 | KANN ICH MICH BEI VARIOMOBIL BEWERBEN?  <\/div><\/span>\n\t\t\t\t\t\t\t<span class='e-n-accordion-item-title-icon'>\n\t\t\t<span class='e-opened' ><i aria-hidden=\"true\" class=\"fas fa-chevron-up\"><\/i><\/span>\n\t\t\t<span class='e-closed'><i aria-hidden=\"true\" class=\"fas fa-chevron-down\"><\/i><\/span>\n\t\t<\/span>\n\n\t\t\t\t\t\t<\/summary>\n\t\t\t\t<div role=\"region\" aria-labelledby=\"e-n-accordion-item-1494\" class=\"elementor-element elementor-element-1512adc e-con-full e-flex e-con e-child\" data-id=\"1512adc\" data-element_type=\"container\" data-e-type=\"container\">\n\t\t\t\t<div class=\"elementor-element elementor-element-67e6f3d elementor-widget elementor-widget-text-editor\" data-id=\"67e6f3d\" data-element_type=\"widget\" data-e-type=\"widget\" data-widget_type=\"text-editor.default\">\n\t\t\t\t\t\t<div class=\"elementor-widget-container\">\n\t\t\t\t\t\t\t\t\t<div class=\"accordion-content\"><p>Na klar! Neben offenen Stellenangeboten, k\u00f6nnen Sie uns auch unter\u00a0<a href=\"mailto:bewerbung@vario-mobil.com\">bewerbung@vario-mobil.com<\/a>\u00a0eine Initiativbewerbung schicken. Alles weitere zu Ihren Karrierechancen bei VARIOmobil finden Sie\u00a0<a href=\"https:\/\/entwicklung-variomobil.d3sign.work\/karriere\/\" target=\"_blank\" rel=\"noopener\"><strong><em><u>hier<\/u><\/em><\/strong><\/a><\/p><\/div>\t\t\t\t\t\t\t\t<\/div>\n\t\t\t\t<\/div>\n\t\t\t\t<\/div>\n\t\t\t\t\t<\/details>\n\t\t\t\t\t\t<details id=\"e-n-accordion-item-1495\" class=\"e-n-accordion-item\" >\n\t\t\t\t<summary class=\"e-n-accordion-item-title\" data-accordion-index=\"6\" tabindex=\"-1\" aria-expanded=\"false\" aria-controls=\"e-n-accordion-item-1495\" >\n\t\t\t\t\t<span class='e-n-accordion-item-title-header'><div class=\"e-n-accordion-item-title-text\"> 1.6 | WO KANN ICH MICH INFORMIEREN?  <\/div><\/span>\n\t\t\t\t\t\t\t<span class='e-n-accordion-item-title-icon'>\n\t\t\t<span class='e-opened' ><i aria-hidden=\"true\" class=\"fas fa-chevron-up\"><\/i><\/span>\n\t\t\t<span class='e-closed'><i aria-hidden=\"true\" class=\"fas fa-chevron-down\"><\/i><\/span>\n\t\t<\/span>\n\n\t\t\t\t\t\t<\/summary>\n\t\t\t\t<div role=\"region\" aria-labelledby=\"e-n-accordion-item-1495\" class=\"elementor-element elementor-element-047f537 e-con-full e-flex e-con e-child\" data-id=\"047f537\" data-element_type=\"container\" data-e-type=\"container\">\n\t\t\t\t<div class=\"elementor-element elementor-element-5f7e00d elementor-widget elementor-widget-text-editor\" data-id=\"5f7e00d\" data-element_type=\"widget\" data-e-type=\"widget\" data-widget_type=\"text-editor.default\">\n\t\t\t\t\t\t<div class=\"elementor-widget-container\">\n\t\t\t\t\t\t\t\t\t<div class=\"accordion-content\"><p>Na klar! Neben offenen Stellenangeboten, k\u00f6nnen Sie uns auch unter\u00a0<a href=\"mailto:bewerbung@vario-mobil.com\">bewerbung@vario-mobil.com<\/a>\u00a0eine Initiativbewerbung schicken. Alles weitere zu Ihren Karrierechancen bei VARIOmobil finden Sie\u00a0<a href=\"https:\/\/entwicklung-variomobil.d3sign.work\/karriere\/\" target=\"_blank\" rel=\"noopener\"><strong><em><u>hier<\/u><\/em><\/strong><\/a><\/p><\/div>\t\t\t\t\t\t\t\t<\/div>\n\t\t\t\t<\/div>\n\t\t\t\t<\/div>\n\t\t\t\t\t<\/details>\n\t\t\t\t\t<\/div>\n\t\t\t\t\t\t<\/div>\n\t\t\t\t<\/div>\n\t\t\t\t<\/div>\n\t\t\t\t<\/div>\n\t\t\t\t<\/div>\n\t\t\t\t\t\t<\/div>\n\t\t\t\t<\/div>\n\t\t\t\t\t<\/div>\n\t\t\t\t<\/div>\n\t\t\t\t<\/div>\n\t\t<div id=\"e-n-tab-content-182249903\" role=\"tabpanel\" aria-labelledby=\"e-n-tab-title-182249903\" data-tab-index=\"3\" style=\"--n-tabs-title-order: 3;\" class=\" elementor-element elementor-element-c028406 e-con-full e-flex e-con e-child\" data-id=\"c028406\" data-element_type=\"container\" data-e-type=\"container\">\n\t\t<div class=\"elementor-element elementor-element-7db04bc e-flex e-con-boxed e-con e-child\" data-id=\"7db04bc\" data-element_type=\"container\" data-e-type=\"container\">\n\t\t\t\t\t<div class=\"e-con-inner\">\n\t\t\t\t<div class=\"elementor-element elementor-element-5d88edd elementor-widget elementor-widget-template\" data-id=\"5d88edd\" data-element_type=\"widget\" data-e-type=\"widget\" data-widget_type=\"template.default\">\n\t\t\t\t\t\t<div class=\"elementor-widget-container\">\n\t\t\t\t\t\t\t<div class=\"elementor-template\">\n\t\t\t\t\t<div data-elementor-type=\"container\" data-elementor-id=\"36971\" class=\"elementor elementor-36971\" data-elementor-post-type=\"elementor_library\">\n\t\t\t\t<div class=\"elementor-element elementor-element-7d594c9 e-con-full e-flex e-con e-parent\" data-id=\"7d594c9\" data-element_type=\"container\" data-e-type=\"container\">\n\t\t\t\t<div class=\"elementor-element elementor-element-8f0c992 elementor-widget elementor-widget-n-accordion\" data-id=\"8f0c992\" data-element_type=\"widget\" data-e-type=\"widget\" data-settings=\"{&quot;default_state&quot;:&quot;all_collapsed&quot;,&quot;max_items_expended&quot;:&quot;one&quot;,&quot;n_accordion_animation_duration&quot;:{&quot;unit&quot;:&quot;ms&quot;,&quot;size&quot;:400,&quot;sizes&quot;:[]}}\" data-widget_type=\"nested-accordion.default\">\n\t\t\t\t\t\t<div class=\"elementor-widget-container\">\n\t\t\t\t\t\t\t<div class=\"e-n-accordion\" aria-label=\"Accordion. Open links with Enter or Space, close with Escape, and navigate with Arrow Keys\">\n\t\t\t\t\t\t<details id=\"e-n-accordion-item-1490\" class=\"e-n-accordion-item\" >\n\t\t\t\t<summary class=\"e-n-accordion-item-title\" data-accordion-index=\"1\" tabindex=\"0\" aria-expanded=\"false\" aria-controls=\"e-n-accordion-item-1490\" >\n\t\t\t\t\t<span class='e-n-accordion-item-title-header'><div class=\"e-n-accordion-item-title-text\"> 2.1 | WELCHE MODELLE BIETET VARIOMOBIL AN? <\/div><\/span>\n\t\t\t\t\t\t\t<span class='e-n-accordion-item-title-icon'>\n\t\t\t<span class='e-opened' ><i aria-hidden=\"true\" class=\"fas fa-chevron-up\"><\/i><\/span>\n\t\t\t<span class='e-closed'><i aria-hidden=\"true\" class=\"fas fa-chevron-down\"><\/i><\/span>\n\t\t<\/span>\n\n\t\t\t\t\t\t<\/summary>\n\t\t\t\t<div role=\"region\" aria-labelledby=\"e-n-accordion-item-1490\" class=\"elementor-element elementor-element-01ce156 e-con-full e-flex e-con e-child\" data-id=\"01ce156\" data-element_type=\"container\" data-e-type=\"container\">\n\t\t<div role=\"region\" aria-labelledby=\"e-n-accordion-item-1490\" class=\"elementor-element elementor-element-8196c74 e-con-full e-flex e-con e-child\" data-id=\"8196c74\" data-element_type=\"container\" data-e-type=\"container\">\n\t\t\t\t<div class=\"elementor-element elementor-element-bfca7e8 elementor-widget elementor-widget-text-editor\" data-id=\"bfca7e8\" data-element_type=\"widget\" data-e-type=\"widget\" data-widget_type=\"text-editor.default\">\n\t\t\t\t\t\t<div class=\"elementor-widget-container\">\n\t\t\t\t\t\t\t\t\t<p>Wir bieten 4 Modelle an, die sich grundlegend im Aufbau des Reisemobils unterscheiden<\/p><ul><li>VARIO Star<\/li><li>VARIO Perfect<\/li><li>VARIO Alkoven<\/li><li>VARIO Signature<\/li><\/ul>\t\t\t\t\t\t\t\t<\/div>\n\t\t\t\t<\/div>\n\t\t\t\t<\/div>\n\t\t\t\t<\/div>\n\t\t\t\t\t<\/details>\n\t\t\t\t\t\t<details id=\"e-n-accordion-item-1491\" class=\"e-n-accordion-item\" >\n\t\t\t\t<summary class=\"e-n-accordion-item-title\" data-accordion-index=\"2\" tabindex=\"-1\" aria-expanded=\"false\" aria-controls=\"e-n-accordion-item-1491\" >\n\t\t\t\t\t<span class='e-n-accordion-item-title-header'><div class=\"e-n-accordion-item-title-text\"> 2.2 | WAS ZEICHNET EIN VARIO STAR AUS?  <\/div><\/span>\n\t\t\t\t\t\t\t<span class='e-n-accordion-item-title-icon'>\n\t\t\t<span class='e-opened' ><i aria-hidden=\"true\" class=\"fas fa-chevron-up\"><\/i><\/span>\n\t\t\t<span class='e-closed'><i aria-hidden=\"true\" class=\"fas fa-chevron-down\"><\/i><\/span>\n\t\t<\/span>\n\n\t\t\t\t\t\t<\/summary>\n\t\t\t\t<div role=\"region\" aria-labelledby=\"e-n-accordion-item-1491\" class=\"elementor-element elementor-element-d7e291a e-con-full e-flex e-con e-child\" data-id=\"d7e291a\" data-element_type=\"container\" data-e-type=\"container\">\n\t\t\t\t<div class=\"elementor-element elementor-element-924f1a6 elementor-widget elementor-widget-text-editor\" data-id=\"924f1a6\" data-element_type=\"widget\" data-e-type=\"widget\" data-widget_type=\"text-editor.default\">\n\t\t\t\t\t\t<div class=\"elementor-widget-container\">\n\t\t\t\t\t\t\t\t\t<div class=\"accordion-content\"><p>Der VARIO Star ist gr\u00f6\u00dfentechnisch das Einstiegsmodell der VARIOmobil-Familie. Die hohe Qualit\u00e4t jedoch ist ein Standard, der sich durch alle Modelle zieht.<\/p><ul><li>Vollintegrierter GFK-Aufbau mit eigens designter Front<\/li><li>Einlaminierter \u00dcbergang von Fahrerhaus zu Karosserie (Monocoque)<\/li><li>Schmale Karosserie mit 2,33 m Breite<\/li><li>Niedrige Karosserie mit 3,40 m H\u00f6he (inkl. SAT-Antenne)<\/li><li>7,5t \u2013 8,8t auf MB Atego oder MAN TGL<\/li><li>L\u00e4nge von 8m \u2013 9m<\/li><\/ul><\/div>\t\t\t\t\t\t\t\t<\/div>\n\t\t\t\t<\/div>\n\t\t\t\t<\/div>\n\t\t\t\t\t<\/details>\n\t\t\t\t\t\t<details id=\"e-n-accordion-item-1492\" class=\"e-n-accordion-item\" >\n\t\t\t\t<summary class=\"e-n-accordion-item-title\" data-accordion-index=\"3\" tabindex=\"-1\" aria-expanded=\"false\" aria-controls=\"e-n-accordion-item-1492\" >\n\t\t\t\t\t<span class='e-n-accordion-item-title-header'><div class=\"e-n-accordion-item-title-text\"> 2.3 | WAS ZEICHNET EIN VARIO PERFECT AUS?  <\/div><\/span>\n\t\t\t\t\t\t\t<span class='e-n-accordion-item-title-icon'>\n\t\t\t<span class='e-opened' ><i aria-hidden=\"true\" class=\"fas fa-chevron-up\"><\/i><\/span>\n\t\t\t<span class='e-closed'><i aria-hidden=\"true\" class=\"fas fa-chevron-down\"><\/i><\/span>\n\t\t<\/span>\n\n\t\t\t\t\t\t<\/summary>\n\t\t\t\t<div role=\"region\" aria-labelledby=\"e-n-accordion-item-1492\" class=\"elementor-element elementor-element-912f62b e-con-full e-flex e-con e-child\" data-id=\"912f62b\" data-element_type=\"container\" data-e-type=\"container\">\n\t\t\t\t<div class=\"elementor-element elementor-element-f1b7976 elementor-widget elementor-widget-text-editor\" data-id=\"f1b7976\" data-element_type=\"widget\" data-e-type=\"widget\" data-widget_type=\"text-editor.default\">\n\t\t\t\t\t\t<div class=\"elementor-widget-container\">\n\t\t\t\t\t\t\t\t\t<div class=\"accordion-content\"><p>Der VARIO Perfect ist das Flaggschiff unseres Betriebs.<\/p><ul><li>Vollintegrierter GFK-Aufbau mit eigens designter Front<\/li><li>Einlaminierter \u00dcbergang von Fahrerhaus zu Karosserie (Monocoque)<\/li><li>Breite Karosserie mit 2,50m Breite<\/li><li>Durchgehender Laufboden, 3,55m bis 4m H\u00f6he<\/li><li>7,5t bis 26t Dreiachser<\/li><li>L\u00e4nge von 7,50m bis 12m<\/li><li>Garage von Smart bis Mercedes AMG GT \/ Porsche Turbo m\u00f6glich<\/li><li>Bis zu 4 Slide-Outs<\/li><\/ul><\/div>\t\t\t\t\t\t\t\t<\/div>\n\t\t\t\t<\/div>\n\t\t\t\t<\/div>\n\t\t\t\t\t<\/details>\n\t\t\t\t\t\t<details id=\"e-n-accordion-item-1493\" class=\"e-n-accordion-item\" >\n\t\t\t\t<summary class=\"e-n-accordion-item-title\" data-accordion-index=\"4\" tabindex=\"-1\" aria-expanded=\"false\" aria-controls=\"e-n-accordion-item-1493\" >\n\t\t\t\t\t<span class='e-n-accordion-item-title-header'><div class=\"e-n-accordion-item-title-text\"> 2.4 | WAS ZEICHNET EIN VARIO ALKOVEN AUS?  <\/div><\/span>\n\t\t\t\t\t\t\t<span class='e-n-accordion-item-title-icon'>\n\t\t\t<span class='e-opened' ><i aria-hidden=\"true\" class=\"fas fa-chevron-up\"><\/i><\/span>\n\t\t\t<span class='e-closed'><i aria-hidden=\"true\" class=\"fas fa-chevron-down\"><\/i><\/span>\n\t\t<\/span>\n\n\t\t\t\t\t\t<\/summary>\n\t\t\t\t<div role=\"region\" aria-labelledby=\"e-n-accordion-item-1493\" class=\"elementor-element elementor-element-ca8ec92 e-con-full e-flex e-con e-child\" data-id=\"ca8ec92\" data-element_type=\"container\" data-e-type=\"container\">\n\t\t\t\t<div class=\"elementor-element elementor-element-bcb23e0 elementor-widget elementor-widget-text-editor\" data-id=\"bcb23e0\" data-element_type=\"widget\" data-e-type=\"widget\" data-widget_type=\"text-editor.default\">\n\t\t\t\t\t\t<div class=\"elementor-widget-container\">\n\t\t\t\t\t\t\t\t\t<div class=\"accordion-content\"><p>Der VARIO Alkoven beh\u00e4lt sein Original-Fahrerhaus und erh\u00e4lt einen zus\u00e4tzlichen Schlafboden \u00fcber dem Fahrerhaus, der Alkoven. Dadurch erh\u00e4lt er die spezielle, reisemobil-typische Form.<\/p><ul><li>Bietet bis zu 3 separate Schlafbereiche mit 4-8 festen Betten<\/li><li>Breite Karosserie mit 2,50m Breite<\/li><li>Hauseigene GFK-Seitenspoiler f\u00fcr optimalen \u00dcbergang von Fahrerhaus zu Karosserie<\/li><li>Durchgehender Laufboden, dadurch h\u00f6her bis 4m H\u00f6he<\/li><li>7,5t bis 26t Dreiachser<\/li><li>L\u00e4nge von 7,50m bis 12m<\/li><li>Garage von Smart bis Mercedes AMG GT \/ Porsche Turbo m\u00f6glich<\/li><li>Bis zu 4 Slide-Outs<\/li><\/ul><\/div>\t\t\t\t\t\t\t\t<\/div>\n\t\t\t\t<\/div>\n\t\t\t\t<\/div>\n\t\t\t\t\t<\/details>\n\t\t\t\t\t\t<details id=\"e-n-accordion-item-1494\" class=\"e-n-accordion-item\" >\n\t\t\t\t<summary class=\"e-n-accordion-item-title\" data-accordion-index=\"5\" tabindex=\"-1\" aria-expanded=\"false\" aria-controls=\"e-n-accordion-item-1494\" >\n\t\t\t\t\t<span class='e-n-accordion-item-title-header'><div class=\"e-n-accordion-item-title-text\"> 2.5 | WAS ZEICHNET EIN VARIO SIGNATURE AUS?  <\/div><\/span>\n\t\t\t\t\t\t\t<span class='e-n-accordion-item-title-icon'>\n\t\t\t<span class='e-opened' ><i aria-hidden=\"true\" class=\"fas fa-chevron-up\"><\/i><\/span>\n\t\t\t<span class='e-closed'><i aria-hidden=\"true\" class=\"fas fa-chevron-down\"><\/i><\/span>\n\t\t<\/span>\n\n\t\t\t\t\t\t<\/summary>\n\t\t\t\t<div role=\"region\" aria-labelledby=\"e-n-accordion-item-1494\" class=\"elementor-element elementor-element-1512adc e-con-full e-flex e-con e-child\" data-id=\"1512adc\" data-element_type=\"container\" data-e-type=\"container\">\n\t\t\t\t<div class=\"elementor-element elementor-element-5523d08 elementor-widget elementor-widget-text-editor\" data-id=\"5523d08\" data-element_type=\"widget\" data-e-type=\"widget\" data-widget_type=\"text-editor.default\">\n\t\t\t\t\t\t<div class=\"elementor-widget-container\">\n\t\t\t\t\t\t\t\t\t<div class=\"accordion-content\"><p>Der VARIO Signature ist die teilintegrierte Version der VARIOmobil-Familie. Er bietet die Vorteile eines Vollintegrierten VARIO Perfect, ohne auf die maskuline Front des MB Actros verzichten zu m\u00fcssen.<\/p><ul><li>Aufbau wird mit XXL-Fahrerkabine verbunden und integriert<\/li><li>Hauseigene GFK-Seitenspoiler f\u00fcr optimalen \u00dcbergang von Fahrerhaus zu Karosserie<\/li><li>Zweite Sitzreihe f\u00fcr vierfaches (Co-)Pilotenfeeling<\/li><li>Pull-Down-Bett \u00fcber dem Cockpit<\/li><li>Schlafbereiche f\u00fcr 4-6 Betten<\/li><li>2- oder 3-Achser MB Actros (18t \/ 26t)<\/li><li>10,50m bis 12m lang<\/li><li>Garage von Smart bis Mercedes AMG GT \/ Porsche Turbo m\u00f6glich<\/li><li>Bis zu 4 Slide-Outs<\/li><\/ul><\/div>\t\t\t\t\t\t\t\t<\/div>\n\t\t\t\t<\/div>\n\t\t\t\t<\/div>\n\t\t\t\t\t<\/details>\n\t\t\t\t\t\t<details id=\"e-n-accordion-item-1495\" class=\"e-n-accordion-item\" >\n\t\t\t\t<summary class=\"e-n-accordion-item-title\" data-accordion-index=\"6\" tabindex=\"-1\" aria-expanded=\"false\" aria-controls=\"e-n-accordion-item-1495\" >\n\t\t\t\t\t<span class='e-n-accordion-item-title-header'><div class=\"e-n-accordion-item-title-text\"> 2.6 | WIE LANG, BREIT UND HOCH KANN EIN VARIOMOBIL SEIN?  <\/div><\/span>\n\t\t\t\t\t\t\t<span class='e-n-accordion-item-title-icon'>\n\t\t\t<span class='e-opened' ><i aria-hidden=\"true\" class=\"fas fa-chevron-up\"><\/i><\/span>\n\t\t\t<span class='e-closed'><i aria-hidden=\"true\" class=\"fas fa-chevron-down\"><\/i><\/span>\n\t\t<\/span>\n\n\t\t\t\t\t\t<\/summary>\n\t\t\t\t<div role=\"region\" aria-labelledby=\"e-n-accordion-item-1495\" class=\"elementor-element elementor-element-cc1641c e-con-full e-flex e-con e-child\" data-id=\"cc1641c\" data-element_type=\"container\" data-e-type=\"container\">\n\t\t\t\t<div class=\"elementor-element elementor-element-05809d4 elementor-widget elementor-widget-text-editor\" data-id=\"05809d4\" data-element_type=\"widget\" data-e-type=\"widget\" data-widget_type=\"text-editor.default\">\n\t\t\t\t\t\t<div class=\"elementor-widget-container\">\n\t\t\t\t\t\t\t\t\t<div class=\"accordion-content\"><p>Ein VARIOmobil darf sich wie alle anderen Fahrzeuge nur im Rahmen der StVzO bewegen. Diese Werte werden teilweise auch erreicht.<\/p><ul><li>H\u00f6he 3,40m bis 4m<\/li><li>Breite 2,33m bis 2,55m<\/li><li>L\u00e4nge 7,50m bis 12m<\/li><\/ul><\/div>\t\t\t\t\t\t\t\t<\/div>\n\t\t\t\t<\/div>\n\t\t\t\t<\/div>\n\t\t\t\t\t<\/details>\n\t\t\t\t\t\t<details id=\"e-n-accordion-item-1496\" class=\"e-n-accordion-item\" >\n\t\t\t\t<summary class=\"e-n-accordion-item-title\" data-accordion-index=\"7\" tabindex=\"-1\" aria-expanded=\"false\" aria-controls=\"e-n-accordion-item-1496\" >\n\t\t\t\t\t<span class='e-n-accordion-item-title-header'><div class=\"e-n-accordion-item-title-text\"> 2.7 | WIE SCHWER IST EIN VARIOMOBIL?  <\/div><\/span>\n\t\t\t\t\t\t\t<span class='e-n-accordion-item-title-icon'>\n\t\t\t<span class='e-opened' ><i aria-hidden=\"true\" class=\"fas fa-chevron-up\"><\/i><\/span>\n\t\t\t<span class='e-closed'><i aria-hidden=\"true\" class=\"fas fa-chevron-down\"><\/i><\/span>\n\t\t<\/span>\n\n\t\t\t\t\t\t<\/summary>\n\t\t\t\t<div role=\"region\" aria-labelledby=\"e-n-accordion-item-1496\" class=\"elementor-element elementor-element-047f537 e-con-full e-flex e-con e-child\" data-id=\"047f537\" data-element_type=\"container\" data-e-type=\"container\">\n\t\t\t\t<div class=\"elementor-element elementor-element-339317e elementor-widget elementor-widget-text-editor\" data-id=\"339317e\" data-element_type=\"widget\" data-e-type=\"widget\" data-widget_type=\"text-editor.default\">\n\t\t\t\t\t\t<div class=\"elementor-widget-container\">\n\t\t\t\t\t\t\t\t\t<div class=\"accordion-content\"><div class=\"accordion-content\"><p>Das h\u00e4ngt von dem gebauten Modell und damit auch vom verbauten Fahrgestell ab. Wichtig ist, dass keinerlei Achslasten \u00fcberschritten werden. Daher muss das Fahrgestell immer gr\u00f6\u00dfer dimensioniert sein, damit gen\u00fcgend Zuladung vorhanden ist. Dabei verwenden wir im leichtesten Fall ein auf 7,5t abgelastetes 8,8t-Fahrgestell. Im schwersten Fall kommt ein 3-Achser 26t-Fahrgestell zum Einsatz. In diesem Rahmen bewegen wir uns.<\/p><\/div><\/div>\t\t\t\t\t\t\t\t<\/div>\n\t\t\t\t<\/div>\n\t\t\t\t<\/div>\n\t\t\t\t\t<\/details>\n\t\t\t\t\t\t<details id=\"e-n-accordion-item-1497\" class=\"e-n-accordion-item\" >\n\t\t\t\t<summary class=\"e-n-accordion-item-title\" data-accordion-index=\"8\" tabindex=\"-1\" aria-expanded=\"false\" aria-controls=\"e-n-accordion-item-1497\" >\n\t\t\t\t\t<span class='e-n-accordion-item-title-header'><div class=\"e-n-accordion-item-title-text\"> 2.8 | WELCHEN F\u00dcHRERSCHEIN BRAUCHE ICH F\u00dcR EIN VARIOMOBIL?  <\/div><\/span>\n\t\t\t\t\t\t\t<span class='e-n-accordion-item-title-icon'>\n\t\t\t<span class='e-opened' ><i aria-hidden=\"true\" class=\"fas fa-chevron-up\"><\/i><\/span>\n\t\t\t<span class='e-closed'><i aria-hidden=\"true\" class=\"fas fa-chevron-down\"><\/i><\/span>\n\t\t<\/span>\n\n\t\t\t\t\t\t<\/summary>\n\t\t\t\t<div role=\"region\" aria-labelledby=\"e-n-accordion-item-1497\" class=\"elementor-element elementor-element-6aacfcc e-con-full e-flex e-con e-child\" data-id=\"6aacfcc\" data-element_type=\"container\" data-e-type=\"container\">\n\t\t\t\t<div class=\"elementor-element elementor-element-fae3e4c elementor-widget elementor-widget-text-editor\" data-id=\"fae3e4c\" data-element_type=\"widget\" data-e-type=\"widget\" data-widget_type=\"text-editor.default\">\n\t\t\t\t\t\t<div class=\"elementor-widget-container\">\n\t\t\t\t\t\t\t\t\t<div class=\"accordion-content\"><p>F\u00fcr ein VARIOmobil, welches mit 7,49t zul\u00e4ssigem Gesamtgewicht zugelassen wurde, ben\u00f6tigen Sie mindestens den F\u00fchrerschein C1. F\u00fcr diejenigen, die ihren F\u00fchrerschein vor 1999 gemacht haben, gilt der \u201ealte 3er F\u00fchrerschein\u201c zum F\u00fchren von Fahrzeugen bis 7,5t zul\u00e4ssigem Gesamtgewicht.<\/p><p>Dar\u00fcber hinaus ist die C-Fahrerlaubnis Voraussetzung f\u00fcr das F\u00fchren von Fahrzeugen \u00fcber 7,5t zul\u00e4ssigem Gesamtgewicht.<\/p><p>Eine normale B-Fahrerlaubnis reicht in keinem Fall.<\/p><\/div>\t\t\t\t\t\t\t\t<\/div>\n\t\t\t\t<\/div>\n\t\t\t\t<\/div>\n\t\t\t\t\t<\/details>\n\t\t\t\t\t\t<details id=\"e-n-accordion-item-1498\" class=\"e-n-accordion-item\" >\n\t\t\t\t<summary class=\"e-n-accordion-item-title\" data-accordion-index=\"9\" tabindex=\"-1\" aria-expanded=\"false\" aria-controls=\"e-n-accordion-item-1498\" >\n\t\t\t\t\t<span class='e-n-accordion-item-title-header'><div class=\"e-n-accordion-item-title-text\"> 2.9 | WIE TEUER IST EIN VARIOMOBIL?  <\/div><\/span>\n\t\t\t\t\t\t\t<span class='e-n-accordion-item-title-icon'>\n\t\t\t<span class='e-opened' ><i aria-hidden=\"true\" class=\"fas fa-chevron-up\"><\/i><\/span>\n\t\t\t<span class='e-closed'><i aria-hidden=\"true\" class=\"fas fa-chevron-down\"><\/i><\/span>\n\t\t<\/span>\n\n\t\t\t\t\t\t<\/summary>\n\t\t\t\t<div role=\"region\" aria-labelledby=\"e-n-accordion-item-1498\" class=\"elementor-element elementor-element-caee1e9 e-con-full e-flex e-con e-child\" data-id=\"caee1e9\" data-element_type=\"container\" data-e-type=\"container\">\n\t\t\t\t<div class=\"elementor-element elementor-element-d2359c6 elementor-widget elementor-widget-text-editor\" data-id=\"d2359c6\" data-element_type=\"widget\" data-e-type=\"widget\" data-widget_type=\"text-editor.default\">\n\t\t\t\t\t\t<div class=\"elementor-widget-container\">\n\t\t\t\t\t\t\t\t\t<div class=\"accordion-content\"><p>Das kommt ganz auf Ihre W\u00fcnsche und Bed\u00fcrfnisse an. Prinzipiell \u00f6ffnet sich das Preisfenster ab einem Betrag von ca. 500.000 \u20ac.\u00a0<a href=\"https:\/\/entwicklung-variomobil.d3sign.work\/downloads\/\" target=\"_blank\" rel=\"noopener\">Siehe auch unsere aktuellen Preislisten im Download-Bereich.<\/a>\u00a0Nach oben hin sind wie bei so vielen exklusiven und handgefertigten G\u00fctern kaum Grenzen gesetzt.<\/p><p>Ein VARIOmobil bestellen Sie ausschlie\u00dflich \u00fcber uns. Wir haben weder mehrere Standorte, noch haben wir Vertriebspartner oder H\u00e4ndler. Sie bestellen nur \u00fcber unser Werk, denn nur so kann eine optimale Kundenbetreuung ihren Anfang nehmen.<\/p><\/div>\t\t\t\t\t\t\t\t<\/div>\n\t\t\t\t<\/div>\n\t\t\t\t<\/div>\n\t\t\t\t\t<\/details>\n\t\t\t\t\t\t<details id=\"e-n-accordion-item-1499\" class=\"e-n-accordion-item\" >\n\t\t\t\t<summary class=\"e-n-accordion-item-title\" data-accordion-index=\"10\" tabindex=\"-1\" aria-expanded=\"false\" aria-controls=\"e-n-accordion-item-1499\" >\n\t\t\t\t\t<span class='e-n-accordion-item-title-header'><div class=\"e-n-accordion-item-title-text\"> 2.10 | WIE LANGE IST DIE LIEFERZEIT BEI BESTELLUNG? <\/div><\/span>\n\t\t\t\t\t\t\t<span class='e-n-accordion-item-title-icon'>\n\t\t\t<span class='e-opened' ><i aria-hidden=\"true\" class=\"fas fa-chevron-up\"><\/i><\/span>\n\t\t\t<span class='e-closed'><i aria-hidden=\"true\" class=\"fas fa-chevron-down\"><\/i><\/span>\n\t\t<\/span>\n\n\t\t\t\t\t\t<\/summary>\n\t\t\t\t<div role=\"region\" aria-labelledby=\"e-n-accordion-item-1499\" class=\"elementor-element elementor-element-a4d7f19 e-con-full e-flex e-con e-child\" data-id=\"a4d7f19\" data-element_type=\"container\" data-e-type=\"container\">\n\t\t\t\t<div class=\"elementor-element elementor-element-e1b3251 elementor-widget elementor-widget-text-editor\" data-id=\"e1b3251\" data-element_type=\"widget\" data-e-type=\"widget\" data-widget_type=\"text-editor.default\">\n\t\t\t\t\t\t<div class=\"elementor-widget-container\">\n\t\t\t\t\t\t\t\t\t<div class=\"accordion-content\"><div class=\"accordion-content\"><p>Die Lieferzeit eines Wohnmobils h\u00e4ngt von mehreren Faktoren ab. Zun\u00e4chst dauert die Beschaffung des Fahrgestells. Dazu kommt noch die immense Fertigungstiefe und die damit verbundene Zeit, Ihr VARIOmobil exklusiv f\u00fcr Sie zu planen und zu bauen. Au\u00dferdem m\u00fcssen vorangestellte Auftr\u00e4ge erst einmal abgearbeitet werden. Daher sollten Sie von ca. 1,5 Jahren Lieferzeit ausgehen. Setzen Sie sich doch mit uns in Verbindung, damit wir Ihnen aktuelle Informationen zukommen lassen k\u00f6nnen.<\/p><\/div><\/div>\t\t\t\t\t\t\t\t<\/div>\n\t\t\t\t<\/div>\n\t\t\t\t<\/div>\n\t\t\t\t\t<\/details>\n\t\t\t\t\t\t<details id=\"e-n-accordion-item-14910\" class=\"e-n-accordion-item\" >\n\t\t\t\t<summary class=\"e-n-accordion-item-title\" data-accordion-index=\"11\" tabindex=\"-1\" aria-expanded=\"false\" aria-controls=\"e-n-accordion-item-14910\" >\n\t\t\t\t\t<span class='e-n-accordion-item-title-header'><div class=\"e-n-accordion-item-title-text\"> 2.11 | GIBT ES GEBRAUCHTE VARIOMOBILE ZU KAUFEN? <\/div><\/span>\n\t\t\t\t\t\t\t<span class='e-n-accordion-item-title-icon'>\n\t\t\t<span class='e-opened' ><i aria-hidden=\"true\" class=\"fas fa-chevron-up\"><\/i><\/span>\n\t\t\t<span class='e-closed'><i aria-hidden=\"true\" class=\"fas fa-chevron-down\"><\/i><\/span>\n\t\t<\/span>\n\n\t\t\t\t\t\t<\/summary>\n\t\t\t\t<div role=\"region\" aria-labelledby=\"e-n-accordion-item-14910\" class=\"elementor-element elementor-element-f40c3f4 e-con-full e-flex e-con e-child\" data-id=\"f40c3f4\" data-element_type=\"container\" data-e-type=\"container\">\n\t\t\t\t<div class=\"elementor-element elementor-element-bbda0dc elementor-widget elementor-widget-text-editor\" data-id=\"bbda0dc\" data-element_type=\"widget\" data-e-type=\"widget\" data-widget_type=\"text-editor.default\">\n\t\t\t\t\t\t<div class=\"elementor-widget-container\">\n\t\t\t\t\t\t\t\t\t<div class=\"accordion-content\"><div class=\"accordion-content\"><div class=\"accordion-content\"><p>VARIOmobile k\u00f6nnen gebraucht \u00fcber den Zweitmarkt erworben werden. Zudem bieten wir hin und wieder auch gebrauchte Reisemobile unseres Hauses zum Verkauf an. Jedoch kommen auf wenig VARIOmobile viele Interessenten, weswegen diese schnell vergriffen sind. Ein weiterer Faktor ist, dass wir auch viele zufriedene Kunden haben, die ihr VARIOmobil bereits seit 30 Jahren fahren und nicht daran denken, es zu verkaufen. Bei einer j\u00e4hrlichen Produktion von ca. 15 Reisemobilen im Jahr trifft die hohe Nachfrage auf ein sehr knappes Angebot.<\/p><\/div><\/div><\/div>\t\t\t\t\t\t\t\t<\/div>\n\t\t\t\t<\/div>\n\t\t\t\t<\/div>\n\t\t\t\t\t<\/details>\n\t\t\t\t\t\t<details id=\"e-n-accordion-item-14911\" class=\"e-n-accordion-item\" >\n\t\t\t\t<summary class=\"e-n-accordion-item-title\" data-accordion-index=\"12\" tabindex=\"-1\" aria-expanded=\"false\" aria-controls=\"e-n-accordion-item-14911\" >\n\t\t\t\t\t<span class='e-n-accordion-item-title-header'><div class=\"e-n-accordion-item-title-text\"> 2.12 | KANN MAN EIN VARIOMOBIL MIETEN? <\/div><\/span>\n\t\t\t\t\t\t\t<span class='e-n-accordion-item-title-icon'>\n\t\t\t<span class='e-opened' ><i aria-hidden=\"true\" class=\"fas fa-chevron-up\"><\/i><\/span>\n\t\t\t<span class='e-closed'><i aria-hidden=\"true\" class=\"fas fa-chevron-down\"><\/i><\/span>\n\t\t<\/span>\n\n\t\t\t\t\t\t<\/summary>\n\t\t\t\t<div role=\"region\" aria-labelledby=\"e-n-accordion-item-14911\" class=\"elementor-element elementor-element-4fe211b e-con-full e-flex e-con e-child\" data-id=\"4fe211b\" data-element_type=\"container\" data-e-type=\"container\">\n\t\t\t\t<div class=\"elementor-element elementor-element-e53e9eb elementor-widget elementor-widget-text-editor\" data-id=\"e53e9eb\" data-element_type=\"widget\" data-e-type=\"widget\" data-widget_type=\"text-editor.default\">\n\t\t\t\t\t\t<div class=\"elementor-widget-container\">\n\t\t\t\t\t\t\t\t\t<div class=\"accordion-content\"><div class=\"accordion-content\"><div class=\"accordion-content\"><p>Nein, das ist leider bei uns im Werk nicht m\u00f6glich.<\/p><\/div><\/div><\/div>\t\t\t\t\t\t\t\t<\/div>\n\t\t\t\t<\/div>\n\t\t\t\t<\/div>\n\t\t\t\t\t<\/details>\n\t\t\t\t\t\t<details id=\"e-n-accordion-item-14912\" class=\"e-n-accordion-item\" >\n\t\t\t\t<summary class=\"e-n-accordion-item-title\" data-accordion-index=\"13\" tabindex=\"-1\" aria-expanded=\"false\" aria-controls=\"e-n-accordion-item-14912\" >\n\t\t\t\t\t<span class='e-n-accordion-item-title-header'><div class=\"e-n-accordion-item-title-text\"> 2.13 | ICH M\u00d6CHTE MICH VON DER QUALIT\u00c4T DER REISEMOBILE \u00dcBERZEUGEN. WELCHE M\u00d6GLICHKEITEN GIBT ES? <\/div><\/span>\n\t\t\t\t\t\t\t<span class='e-n-accordion-item-title-icon'>\n\t\t\t<span class='e-opened' ><i aria-hidden=\"true\" class=\"fas fa-chevron-up\"><\/i><\/span>\n\t\t\t<span class='e-closed'><i aria-hidden=\"true\" class=\"fas fa-chevron-down\"><\/i><\/span>\n\t\t<\/span>\n\n\t\t\t\t\t\t<\/summary>\n\t\t\t\t<div role=\"region\" aria-labelledby=\"e-n-accordion-item-14912\" class=\"elementor-element elementor-element-99a28de e-con-full e-flex e-con e-child\" data-id=\"99a28de\" data-element_type=\"container\" data-e-type=\"container\">\n\t\t\t\t<div class=\"elementor-element elementor-element-f5192cc elementor-widget elementor-widget-text-editor\" data-id=\"f5192cc\" data-element_type=\"widget\" data-e-type=\"widget\" data-widget_type=\"text-editor.default\">\n\t\t\t\t\t\t<div class=\"elementor-widget-container\">\n\t\t\t\t\t\t\t\t\t<div class=\"accordion-content\"><div class=\"accordion-content\"><p>Sie k\u00f6nnen jederzeit mit uns einen Termin vereinbaren und unser Werk in Bohmte besuchen. In unverbindlicher Atmosph\u00e4re k\u00f6nnen Sie im Ausstellungsraum unsere VARIOmobile besichtigen und sich beraten lassen.<\/p><p>Alternativ stellen wir jedes Jahr Ende August auf dem Caravan Salon in D\u00fcsseldorf aus. Das ist die weltweit gr\u00f6\u00dfte Messe f\u00fcr Camping und Caravaning und die perfekte Gelegenheit sich umzusehen und uns auf unserem Stand zu besuchen.<\/p><\/div><\/div>\t\t\t\t\t\t\t\t<\/div>\n\t\t\t\t<\/div>\n\t\t\t\t<\/div>\n\t\t\t\t\t<\/details>\n\t\t\t\t\t\t<details id=\"e-n-accordion-item-14913\" class=\"e-n-accordion-item\" >\n\t\t\t\t<summary class=\"e-n-accordion-item-title\" data-accordion-index=\"14\" tabindex=\"-1\" aria-expanded=\"false\" aria-controls=\"e-n-accordion-item-14913\" >\n\t\t\t\t\t<span class='e-n-accordion-item-title-header'><div class=\"e-n-accordion-item-title-text\"> 2.14 | WO BESTELLE ICH EIN VARIOMOBIL? <\/div><\/span>\n\t\t\t\t\t\t\t<span class='e-n-accordion-item-title-icon'>\n\t\t\t<span class='e-opened' ><i aria-hidden=\"true\" class=\"fas fa-chevron-up\"><\/i><\/span>\n\t\t\t<span class='e-closed'><i aria-hidden=\"true\" class=\"fas fa-chevron-down\"><\/i><\/span>\n\t\t<\/span>\n\n\t\t\t\t\t\t<\/summary>\n\t\t\t\t<div role=\"region\" aria-labelledby=\"e-n-accordion-item-14913\" class=\"elementor-element elementor-element-8865386 e-con-full e-flex e-con e-child\" data-id=\"8865386\" data-element_type=\"container\" data-e-type=\"container\">\n\t\t\t\t<div class=\"elementor-element elementor-element-0a40042 elementor-widget elementor-widget-text-editor\" data-id=\"0a40042\" data-element_type=\"widget\" data-e-type=\"widget\" data-widget_type=\"text-editor.default\">\n\t\t\t\t\t\t<div class=\"elementor-widget-container\">\n\t\t\t\t\t\t\t\t\t<div class=\"accordion-content\"><div class=\"accordion-content\"><p>Ein VARIOmobil bestellen Sie ausschlie\u00dflich \u00fcber unsere Manufaktur VARIOmobil Fahrzeugbau GmbH in 49163 Bohmte. Wir haben weder mehrere Standorte, noch haben wir Vertriebspartner oder H\u00e4ndler. Sie bestellen hier bei uns im Werk, denn nur so kann eine optimale Kundenbetreuung ihren Anfang nehmen.<\/p><\/div><\/div>\t\t\t\t\t\t\t\t<\/div>\n\t\t\t\t<\/div>\n\t\t\t\t<\/div>\n\t\t\t\t\t<\/details>\n\t\t\t\t\t<\/div>\n\t\t\t\t\t\t<\/div>\n\t\t\t\t<\/div>\n\t\t\t\t<\/div>\n\t\t\t\t<\/div>\n\t\t\t\t<\/div>\n\t\t\t\t\t\t<\/div>\n\t\t\t\t<\/div>\n\t\t\t\t\t<\/div>\n\t\t\t\t<\/div>\n\t\t\t\t<\/div>\n\t\t<div id=\"e-n-tab-content-182249904\" role=\"tabpanel\" aria-labelledby=\"e-n-tab-title-182249904\" data-tab-index=\"4\" style=\"--n-tabs-title-order: 4;\" class=\" elementor-element elementor-element-7a8df54 e-con-full e-flex e-con e-child\" data-id=\"7a8df54\" data-element_type=\"container\" data-e-type=\"container\">\n\t\t<div class=\"elementor-element elementor-element-de73ef4 e-flex e-con-boxed e-con e-child\" data-id=\"de73ef4\" data-element_type=\"container\" data-e-type=\"container\">\n\t\t\t\t\t<div class=\"e-con-inner\">\n\t\t\t\t<div class=\"elementor-element elementor-element-ed76c80 elementor-widget elementor-widget-template\" data-id=\"ed76c80\" data-element_type=\"widget\" data-e-type=\"widget\" data-widget_type=\"template.default\">\n\t\t\t\t\t\t<div class=\"elementor-widget-container\">\n\t\t\t\t\t\t\t<div class=\"elementor-template\">\n\t\t\t\t\t<div data-elementor-type=\"container\" data-elementor-id=\"36980\" class=\"elementor elementor-36980\" data-elementor-post-type=\"elementor_library\">\n\t\t\t\t<div class=\"elementor-element elementor-element-7d594c9 e-con-full e-flex e-con e-parent\" data-id=\"7d594c9\" data-element_type=\"container\" data-e-type=\"container\">\n\t\t\t\t<div class=\"elementor-element elementor-element-8f0c992 elementor-widget elementor-widget-n-accordion\" data-id=\"8f0c992\" data-element_type=\"widget\" data-e-type=\"widget\" data-settings=\"{&quot;default_state&quot;:&quot;all_collapsed&quot;,&quot;max_items_expended&quot;:&quot;one&quot;,&quot;n_accordion_animation_duration&quot;:{&quot;unit&quot;:&quot;ms&quot;,&quot;size&quot;:400,&quot;sizes&quot;:[]}}\" data-widget_type=\"nested-accordion.default\">\n\t\t\t\t\t\t<div class=\"elementor-widget-container\">\n\t\t\t\t\t\t\t<div class=\"e-n-accordion\" aria-label=\"Accordion. Open links with Enter or Space, close with Escape, and navigate with Arrow Keys\">\n\t\t\t\t\t\t<details id=\"e-n-accordion-item-1490\" class=\"e-n-accordion-item\" >\n\t\t\t\t<summary class=\"e-n-accordion-item-title\" data-accordion-index=\"1\" tabindex=\"0\" aria-expanded=\"false\" aria-controls=\"e-n-accordion-item-1490\" >\n\t\t\t\t\t<span class='e-n-accordion-item-title-header'><div class=\"e-n-accordion-item-title-text\"> 3.1 | WELCHE FAHRGESTELLE WERDEN VERBAUT? <\/div><\/span>\n\t\t\t\t\t\t\t<span class='e-n-accordion-item-title-icon'>\n\t\t\t<span class='e-opened' ><i aria-hidden=\"true\" class=\"fas fa-chevron-up\"><\/i><\/span>\n\t\t\t<span class='e-closed'><i aria-hidden=\"true\" class=\"fas fa-chevron-down\"><\/i><\/span>\n\t\t<\/span>\n\n\t\t\t\t\t\t<\/summary>\n\t\t\t\t<div role=\"region\" aria-labelledby=\"e-n-accordion-item-1490\" class=\"elementor-element elementor-element-01ce156 e-con-full e-flex e-con e-child\" data-id=\"01ce156\" data-element_type=\"container\" data-e-type=\"container\">\n\t\t<div role=\"region\" aria-labelledby=\"e-n-accordion-item-1490\" class=\"elementor-element elementor-element-8196c74 e-con-full e-flex e-con e-child\" data-id=\"8196c74\" data-element_type=\"container\" data-e-type=\"container\">\n\t\t\t\t<div class=\"elementor-element elementor-element-bfca7e8 elementor-widget elementor-widget-text-editor\" data-id=\"bfca7e8\" data-element_type=\"widget\" data-e-type=\"widget\" data-widget_type=\"text-editor.default\">\n\t\t\t\t\t\t<div class=\"elementor-widget-container\">\n\t\t\t\t\t\t\t\t\t<div class=\"accordion-content\"><p>Es kommen Fahrgestelle von Mercedes Benz (Atego\/ Actros) sowie von MAN (TGL\/ TGM\/ TGS) zum Einsatz. Welches Fahrgestell sich f\u00fcr welches Reisemobil am besten eignet ist Frage der eigenen Bed\u00fcrfnisse und des Geschmacks. In jedem Fall beraten wir Sie gerne und ausf\u00fchrlich \u00fcber alle M\u00f6glichkeiten.<\/p><\/div>\t\t\t\t\t\t\t\t<\/div>\n\t\t\t\t<\/div>\n\t\t\t\t<\/div>\n\t\t\t\t<\/div>\n\t\t\t\t\t<\/details>\n\t\t\t\t\t\t<details id=\"e-n-accordion-item-1491\" class=\"e-n-accordion-item\" >\n\t\t\t\t<summary class=\"e-n-accordion-item-title\" data-accordion-index=\"2\" tabindex=\"-1\" aria-expanded=\"false\" aria-controls=\"e-n-accordion-item-1491\" >\n\t\t\t\t\t<span class='e-n-accordion-item-title-header'><div class=\"e-n-accordion-item-title-text\"> 3.2 | WIE KOMMT DAS FAHRGESTELL AN \/ WAS WIRD DAMIT GEMACHT? <\/div><\/span>\n\t\t\t\t\t\t\t<span class='e-n-accordion-item-title-icon'>\n\t\t\t<span class='e-opened' ><i aria-hidden=\"true\" class=\"fas fa-chevron-up\"><\/i><\/span>\n\t\t\t<span class='e-closed'><i aria-hidden=\"true\" class=\"fas fa-chevron-down\"><\/i><\/span>\n\t\t<\/span>\n\n\t\t\t\t\t\t<\/summary>\n\t\t\t\t<div role=\"region\" aria-labelledby=\"e-n-accordion-item-1491\" class=\"elementor-element elementor-element-d7e291a e-con-full e-flex e-con e-child\" data-id=\"d7e291a\" data-element_type=\"container\" data-e-type=\"container\">\n\t\t\t\t<div class=\"elementor-element elementor-element-924f1a6 elementor-widget elementor-widget-text-editor\" data-id=\"924f1a6\" data-element_type=\"widget\" data-e-type=\"widget\" data-widget_type=\"text-editor.default\">\n\t\t\t\t\t\t<div class=\"elementor-widget-container\">\n\t\t\t\t\t\t\t\t\t<div class=\"accordion-content\"><p>Der VARIO Star ist gr\u00f6\u00dfentechnisch das Einstiegsmodell der VARIOmobil-Familie. Die hohe Qualit\u00e4t jedoch ist ein Standard, der sich durch alle Modelle zieht.<\/p><ul><li>Vollintegrierter GFK-Aufbau mit eigens designter Front<\/li><li>Einlaminierter \u00dcbergang von Fahrerhaus zu Karosserie (Monocoque)<\/li><li>Schmale Karosserie mit 2,33 m Breite<\/li><li>Niedrige Karosserie mit 3,40 m H\u00f6he (inkl. SAT-Antenne)<\/li><li>7,5t \u2013 8,8t auf MB Atego oder MAN TGL<\/li><li>L\u00e4nge von 8m \u2013 9m<\/li><\/ul><\/div>\t\t\t\t\t\t\t\t<\/div>\n\t\t\t\t<\/div>\n\t\t\t\t<\/div>\n\t\t\t\t\t<\/details>\n\t\t\t\t\t\t<details id=\"e-n-accordion-item-1492\" class=\"e-n-accordion-item\" >\n\t\t\t\t<summary class=\"e-n-accordion-item-title\" data-accordion-index=\"3\" tabindex=\"-1\" aria-expanded=\"false\" aria-controls=\"e-n-accordion-item-1492\" >\n\t\t\t\t\t<span class='e-n-accordion-item-title-header'><div class=\"e-n-accordion-item-title-text\"> 3.3 | WAS ZEICHNET EIN VARIO PERFECT AUS?  <\/div><\/span>\n\t\t\t\t\t\t\t<span class='e-n-accordion-item-title-icon'>\n\t\t\t<span class='e-opened' ><i aria-hidden=\"true\" class=\"fas fa-chevron-up\"><\/i><\/span>\n\t\t\t<span class='e-closed'><i aria-hidden=\"true\" class=\"fas fa-chevron-down\"><\/i><\/span>\n\t\t<\/span>\n\n\t\t\t\t\t\t<\/summary>\n\t\t\t\t<div role=\"region\" aria-labelledby=\"e-n-accordion-item-1492\" class=\"elementor-element elementor-element-912f62b e-con-full e-flex e-con e-child\" data-id=\"912f62b\" data-element_type=\"container\" data-e-type=\"container\">\n\t\t\t\t<div class=\"elementor-element elementor-element-f1b7976 elementor-widget elementor-widget-text-editor\" data-id=\"f1b7976\" data-element_type=\"widget\" data-e-type=\"widget\" data-widget_type=\"text-editor.default\">\n\t\t\t\t\t\t<div class=\"elementor-widget-container\">\n\t\t\t\t\t\t\t\t\t<div class=\"accordion-content\"><p>Lediglich das Fahrgestell kommt vom Hersteller. Alles andere wird in unserem Werk in Bohmte gefertigt. Dazu z\u00e4hlt:<\/p><ul><li>Eigene Schlosserei<ul><li>f\u00fcr Fahrgestell\u00e4nderungen \/ Aufbau des Gitterrohrrahmens<\/li><li>Herstellung der Rampen f\u00fcr die PKW-Garage<\/li><\/ul><\/li><li>Eigener Kabinenbau<ul><li>Vakuumpressen von Laufboden, Dach, Seitenw\u00e4nden<\/li><li>Laminieren der Fronten, Sto\u00dff\u00e4nger etc.<\/li><\/ul><\/li><li>Eigene Lackiererei<ul><li>Versiegelung und Schutz des Fahrzeugs vor \u00e4u\u00dferen Umwelteinfl\u00fcssen<\/li><li>Lackierung des Aufbaus in jeglichen Farbkombinationen<\/li><\/ul><\/li><li>Eigene Tischlerei<ul><li>Kompletter M\u00f6belbau aus eigener Hand<\/li><\/ul><\/li><li>Eigene Elektrik- und Heizungsabteilung<ul><li>Aufbau der elektrischen Anlage inklusive aller Komponenten<\/li><li>Aufbau der pneumatischen \/ hydraulischen Anlage f\u00fcr Fahrgestell \/ Slide-Out \/ St\u00fctzen\/ PKW-Garage etc.<\/li><li>Aufbau der kompletten Wasseranlage inklusive Heizung<\/li><li>Herstellung eigener Klimaanlagen<\/li><\/ul><\/li><li>Eigene Endmontage<ul><li>Zusammenbau, Kontrolle und ausf\u00fchrliche Tests aller Komponenten<\/li><\/ul><\/li><\/ul><\/div>\t\t\t\t\t\t\t\t<\/div>\n\t\t\t\t<\/div>\n\t\t\t\t<\/div>\n\t\t\t\t\t<\/details>\n\t\t\t\t\t\t<details id=\"e-n-accordion-item-1493\" class=\"e-n-accordion-item\" >\n\t\t\t\t<summary class=\"e-n-accordion-item-title\" data-accordion-index=\"4\" tabindex=\"-1\" aria-expanded=\"false\" aria-controls=\"e-n-accordion-item-1493\" >\n\t\t\t\t\t<span class='e-n-accordion-item-title-header'><div class=\"e-n-accordion-item-title-text\"> 3.4 | AUS WAS F\u00dcR EINEM MATERIAL BESTEHT EIN VARIOMOBIL? <\/div><\/span>\n\t\t\t\t\t\t\t<span class='e-n-accordion-item-title-icon'>\n\t\t\t<span class='e-opened' ><i aria-hidden=\"true\" class=\"fas fa-chevron-up\"><\/i><\/span>\n\t\t\t<span class='e-closed'><i aria-hidden=\"true\" class=\"fas fa-chevron-down\"><\/i><\/span>\n\t\t<\/span>\n\n\t\t\t\t\t\t<\/summary>\n\t\t\t\t<div role=\"region\" aria-labelledby=\"e-n-accordion-item-1493\" class=\"elementor-element elementor-element-ca8ec92 e-con-full e-flex e-con e-child\" data-id=\"ca8ec92\" data-element_type=\"container\" data-e-type=\"container\">\n\t\t\t\t<div class=\"elementor-element elementor-element-bcb23e0 elementor-widget elementor-widget-text-editor\" data-id=\"bcb23e0\" data-element_type=\"widget\" data-e-type=\"widget\" data-widget_type=\"text-editor.default\">\n\t\t\t\t\t\t<div class=\"elementor-widget-container\">\n\t\t\t\t\t\t\t\t\t<div class=\"accordion-content\"><p>Der komplette Aufbau des Fahrzeugs wird aus GFK (glasfaserverst\u00e4rkter Kunststoff) hergestellt. So sind alle W\u00e4nde aus vakuumgepressten GFK-Sandwichw\u00e4nden aufgebaut, die durch unsere eigens laminierte GFK-Front in einer monocoqueartigen Bauweise einlaminiert und verbunden werden.<\/p><p>Dadurch entsteht im Zusammenspiel mit dem Gitterrohrrahmen auf dem Fahrgestell eine unglaublich stabile und verwindungssteife Gesamtkonstruktion.<\/p><\/div>\t\t\t\t\t\t\t\t<\/div>\n\t\t\t\t<\/div>\n\t\t\t\t<\/div>\n\t\t\t\t\t<\/details>\n\t\t\t\t\t\t<details id=\"e-n-accordion-item-1494\" class=\"e-n-accordion-item\" >\n\t\t\t\t<summary class=\"e-n-accordion-item-title\" data-accordion-index=\"5\" tabindex=\"-1\" aria-expanded=\"false\" aria-controls=\"e-n-accordion-item-1494\" >\n\t\t\t\t\t<span class='e-n-accordion-item-title-header'><div class=\"e-n-accordion-item-title-text\"> 3.5 | ICH M\u00d6CHTE KOMPLETT AUF DEN EINSATZ VON GAS VERZICHTEN. WELCHE M\u00d6GLICHKEITEN GIBT ES? <\/div><\/span>\n\t\t\t\t\t\t\t<span class='e-n-accordion-item-title-icon'>\n\t\t\t<span class='e-opened' ><i aria-hidden=\"true\" class=\"fas fa-chevron-up\"><\/i><\/span>\n\t\t\t<span class='e-closed'><i aria-hidden=\"true\" class=\"fas fa-chevron-down\"><\/i><\/span>\n\t\t<\/span>\n\n\t\t\t\t\t\t<\/summary>\n\t\t\t\t<div role=\"region\" aria-labelledby=\"e-n-accordion-item-1494\" class=\"elementor-element elementor-element-1512adc e-con-full e-flex e-con e-child\" data-id=\"1512adc\" data-element_type=\"container\" data-e-type=\"container\">\n\t\t\t\t<div class=\"elementor-element elementor-element-5523d08 elementor-widget elementor-widget-text-editor\" data-id=\"5523d08\" data-element_type=\"widget\" data-e-type=\"widget\" data-widget_type=\"text-editor.default\">\n\t\t\t\t\t\t<div class=\"elementor-widget-container\">\n\t\t\t\t\t\t\t\t\t<div class=\"accordion-content\"><div id=\"main\" class=\"wrapper\"><section class=\"content-wrapper-vc-enabled\"><div class=\"container\"><div class=\"row without-sidebar\"><div class=\"col-lg-12 col-md-12 col-sm-12\"><div id=\"primary\" class=\"site-content\"><div id=\"content\" role=\"main\"><div class=\"faqs-wrapper faq-layout-default\"><div id=\"tabs\" class=\"tabs_wrapper\"><div id=\"tab_term_140\" class=\"tabcontent accordion\"><div class=\"accordion-content\"><p>Sie k\u00f6nnen komplett auf den Einsatz von Gas in Ihrem Reisemobil verzichten. Eine Kombination aus einer Scheer-Dieselheizung in Verbindung mit gen\u00fcgend Batteriekapazit\u00e4t und Solarladung f\u00fcr den Einsatz eines Induktionsherdes und eines Kompressor-K\u00fchlschranks macht dies m\u00f6glich. So sind Sie auf ein Energiespeichermedium weniger angewiesen.<\/p><\/div><\/div><\/div><\/div><\/div><\/div><\/div><\/div><\/div><\/section><\/div><\/div>\t\t\t\t\t\t\t\t<\/div>\n\t\t\t\t<\/div>\n\t\t\t\t<\/div>\n\t\t\t\t\t<\/details>\n\t\t\t\t\t<\/div>\n\t\t\t\t\t\t<\/div>\n\t\t\t\t<\/div>\n\t\t\t\t<\/div>\n\t\t\t\t<\/div>\n\t\t\t\t<\/div>\n\t\t\t\t\t\t<\/div>\n\t\t\t\t<\/div>\n\t\t\t\t\t<\/div>\n\t\t\t\t<\/div>\n\t\t\t\t<\/div>\n\t\t<div id=\"e-n-tab-content-182249905\" role=\"tabpanel\" aria-labelledby=\"e-n-tab-title-182249905\" data-tab-index=\"5\" style=\"--n-tabs-title-order: 5;\" class=\" elementor-element elementor-element-6a59751 e-con-full e-flex e-con e-child\" data-id=\"6a59751\" data-element_type=\"container\" data-e-type=\"container\">\n\t\t<div class=\"elementor-element elementor-element-caac389 e-flex e-con-boxed e-con e-child\" data-id=\"caac389\" data-element_type=\"container\" data-e-type=\"container\">\n\t\t\t\t\t<div class=\"e-con-inner\">\n\t\t\t\t<div class=\"elementor-element elementor-element-270e066 elementor-widget elementor-widget-template\" data-id=\"270e066\" data-element_type=\"widget\" data-e-type=\"widget\" data-widget_type=\"template.default\">\n\t\t\t\t\t\t<div class=\"elementor-widget-container\">\n\t\t\t\t\t\t\t<div class=\"elementor-template\">\n\t\t\t\t\t<div data-elementor-type=\"container\" data-elementor-id=\"36985\" class=\"elementor elementor-36985\" data-elementor-post-type=\"elementor_library\">\n\t\t\t\t<div class=\"elementor-element elementor-element-7d594c9 e-con-full e-flex e-con e-parent\" data-id=\"7d594c9\" data-element_type=\"container\" data-e-type=\"container\">\n\t\t\t\t<div class=\"elementor-element elementor-element-8f0c992 elementor-widget elementor-widget-n-accordion\" data-id=\"8f0c992\" data-element_type=\"widget\" data-e-type=\"widget\" data-settings=\"{&quot;default_state&quot;:&quot;all_collapsed&quot;,&quot;max_items_expended&quot;:&quot;one&quot;,&quot;n_accordion_animation_duration&quot;:{&quot;unit&quot;:&quot;ms&quot;,&quot;size&quot;:400,&quot;sizes&quot;:[]}}\" data-widget_type=\"nested-accordion.default\">\n\t\t\t\t\t\t<div class=\"elementor-widget-container\">\n\t\t\t\t\t\t\t<div class=\"e-n-accordion\" aria-label=\"Accordion. Open links with Enter or Space, close with Escape, and navigate with Arrow Keys\">\n\t\t\t\t\t\t<details id=\"e-n-accordion-item-1490\" class=\"e-n-accordion-item\" >\n\t\t\t\t<summary class=\"e-n-accordion-item-title\" data-accordion-index=\"1\" tabindex=\"0\" aria-expanded=\"false\" aria-controls=\"e-n-accordion-item-1490\" >\n\t\t\t\t\t<span class='e-n-accordion-item-title-header'><div class=\"e-n-accordion-item-title-text\"> 4.1 | WO SOLLTE ICH MEINEN SERVICE MACHEN LASSEN? <\/div><\/span>\n\t\t\t\t\t\t\t<span class='e-n-accordion-item-title-icon'>\n\t\t\t<span class='e-opened' ><i aria-hidden=\"true\" class=\"fas fa-chevron-up\"><\/i><\/span>\n\t\t\t<span class='e-closed'><i aria-hidden=\"true\" class=\"fas fa-chevron-down\"><\/i><\/span>\n\t\t<\/span>\n\n\t\t\t\t\t\t<\/summary>\n\t\t\t\t<div role=\"region\" aria-labelledby=\"e-n-accordion-item-1490\" class=\"elementor-element elementor-element-01ce156 e-con-full e-flex e-con e-child\" data-id=\"01ce156\" data-element_type=\"container\" data-e-type=\"container\">\n\t\t<div role=\"region\" aria-labelledby=\"e-n-accordion-item-1490\" class=\"elementor-element elementor-element-8196c74 e-con-full e-flex e-con e-child\" data-id=\"8196c74\" data-element_type=\"container\" data-e-type=\"container\">\n\t\t\t\t<div class=\"elementor-element elementor-element-bfca7e8 elementor-widget elementor-widget-text-editor\" data-id=\"bfca7e8\" data-element_type=\"widget\" data-e-type=\"widget\" data-widget_type=\"text-editor.default\">\n\t\t\t\t\t\t<div class=\"elementor-widget-container\">\n\t\t\t\t\t\t\t\t\t<div class=\"accordion-content\"><p>Wir bieten einen allumfassenden Service in unserem Werk in Bohmte an. Wir bekommen Ihr Reisemobil und k\u00fcmmern uns darum. Mit dem Rundum-Sorglos-Paket ist Ihr VARIOmobil immer betriebs- und einsatzbereit.<\/p><p>Sollten Servicearbeiten am Fahrgestell anstehen, k\u00f6nnen die nat\u00fcrlich auch im zust\u00e4ndigen Servicecenter des Fahrgestellherstellers durchgef\u00fchrt werden.<\/p><p>Wir sind der Meinung, dass eine ganzheitliche Betreuung Ihres VARIOmobils aus einer (unserer) Hand die hohe Qualit\u00e4t des Fahrzeugs erh\u00e4lt, sodass Sie ohne Sorgen Urlaub machen k\u00f6nnen.<\/p><\/div>\t\t\t\t\t\t\t\t<\/div>\n\t\t\t\t<\/div>\n\t\t\t\t<\/div>\n\t\t\t\t<\/div>\n\t\t\t\t\t<\/details>\n\t\t\t\t\t\t<details id=\"e-n-accordion-item-1491\" class=\"e-n-accordion-item\" >\n\t\t\t\t<summary class=\"e-n-accordion-item-title\" data-accordion-index=\"2\" tabindex=\"-1\" aria-expanded=\"false\" aria-controls=\"e-n-accordion-item-1491\" >\n\t\t\t\t\t<span class='e-n-accordion-item-title-header'><div class=\"e-n-accordion-item-title-text\"> 4.2 | WANN SOLLTE ICH MEINEN SERVICE MACHEN LASSEN? <\/div><\/span>\n\t\t\t\t\t\t\t<span class='e-n-accordion-item-title-icon'>\n\t\t\t<span class='e-opened' ><i aria-hidden=\"true\" class=\"fas fa-chevron-up\"><\/i><\/span>\n\t\t\t<span class='e-closed'><i aria-hidden=\"true\" class=\"fas fa-chevron-down\"><\/i><\/span>\n\t\t<\/span>\n\n\t\t\t\t\t\t<\/summary>\n\t\t\t\t<div role=\"region\" aria-labelledby=\"e-n-accordion-item-1491\" class=\"elementor-element elementor-element-d7e291a e-con-full e-flex e-con e-child\" data-id=\"d7e291a\" data-element_type=\"container\" data-e-type=\"container\">\n\t\t\t\t<div class=\"elementor-element elementor-element-924f1a6 elementor-widget elementor-widget-text-editor\" data-id=\"924f1a6\" data-element_type=\"widget\" data-e-type=\"widget\" data-widget_type=\"text-editor.default\">\n\t\t\t\t\t\t<div class=\"elementor-widget-container\">\n\t\t\t\t\t\t\t\t\t<div class=\"accordion-content\"><div class=\"accordion-content\"><p>Wir empfehlen einen Service in unserem Haus 1x j\u00e4hrlich. Je nach Intervall der einzelnen Komponenten z\u00e4hlen T\u00dcV, Gaspr\u00fcfungen, Dichtigkeitspr\u00fcfungen etc. dazu. Somit k\u00f6nnen wir gew\u00e4hrleisten, dass Ihr Reisemobil immer sicher, verkehrstauglich und up to date ist.<\/p><\/div><div class=\"accordion-title\">\u00a0<\/div><\/div>\t\t\t\t\t\t\t\t<\/div>\n\t\t\t\t<\/div>\n\t\t\t\t<\/div>\n\t\t\t\t\t<\/details>\n\t\t\t\t\t\t<details id=\"e-n-accordion-item-1492\" class=\"e-n-accordion-item\" >\n\t\t\t\t<summary class=\"e-n-accordion-item-title\" data-accordion-index=\"3\" tabindex=\"-1\" aria-expanded=\"false\" aria-controls=\"e-n-accordion-item-1492\" >\n\t\t\t\t\t<span class='e-n-accordion-item-title-header'><div class=\"e-n-accordion-item-title-text\"> 4.3 | WO KANN ICH REPARATUREN \/ UMBAUTEN AN MEINEM WOHNMOBIL MACHEN LASSEN? <\/div><\/span>\n\t\t\t\t\t\t\t<span class='e-n-accordion-item-title-icon'>\n\t\t\t<span class='e-opened' ><i aria-hidden=\"true\" class=\"fas fa-chevron-up\"><\/i><\/span>\n\t\t\t<span class='e-closed'><i aria-hidden=\"true\" class=\"fas fa-chevron-down\"><\/i><\/span>\n\t\t<\/span>\n\n\t\t\t\t\t\t<\/summary>\n\t\t\t\t<div role=\"region\" aria-labelledby=\"e-n-accordion-item-1492\" class=\"elementor-element elementor-element-912f62b e-con-full e-flex e-con e-child\" data-id=\"912f62b\" data-element_type=\"container\" data-e-type=\"container\">\n\t\t\t\t<div class=\"elementor-element elementor-element-f1b7976 elementor-widget elementor-widget-text-editor\" data-id=\"f1b7976\" data-element_type=\"widget\" data-e-type=\"widget\" data-widget_type=\"text-editor.default\">\n\t\t\t\t\t\t<div class=\"elementor-widget-container\">\n\t\t\t\t\t\t\t\t\t<div class=\"accordion-content\"><div class=\"accordion-content\"><p>Reparaturen und Umbauten werden von unserem Serviceteam komplett durchgef\u00fchrt. Melden Sie sich bei uns und vereinbaren Sie einen Termin.<\/p><\/div><\/div>\t\t\t\t\t\t\t\t<\/div>\n\t\t\t\t<\/div>\n\t\t\t\t<\/div>\n\t\t\t\t\t<\/details>\n\t\t\t\t\t\t<details id=\"e-n-accordion-item-1493\" class=\"e-n-accordion-item\" >\n\t\t\t\t<summary class=\"e-n-accordion-item-title\" data-accordion-index=\"4\" tabindex=\"-1\" aria-expanded=\"false\" aria-controls=\"e-n-accordion-item-1493\" >\n\t\t\t\t\t<span class='e-n-accordion-item-title-header'><div class=\"e-n-accordion-item-title-text\"> 4.4 | KANN ICH AUCH ZUM SERVICE MIT EINEM ANDEREN MARKENREISEMOBIL KOMMEN? <\/div><\/span>\n\t\t\t\t\t\t\t<span class='e-n-accordion-item-title-icon'>\n\t\t\t<span class='e-opened' ><i aria-hidden=\"true\" class=\"fas fa-chevron-up\"><\/i><\/span>\n\t\t\t<span class='e-closed'><i aria-hidden=\"true\" class=\"fas fa-chevron-down\"><\/i><\/span>\n\t\t<\/span>\n\n\t\t\t\t\t\t<\/summary>\n\t\t\t\t<div role=\"region\" aria-labelledby=\"e-n-accordion-item-1493\" class=\"elementor-element elementor-element-ca8ec92 e-con-full e-flex e-con e-child\" data-id=\"ca8ec92\" data-element_type=\"container\" data-e-type=\"container\">\n\t\t\t\t<div class=\"elementor-element elementor-element-bcb23e0 elementor-widget elementor-widget-text-editor\" data-id=\"bcb23e0\" data-element_type=\"widget\" data-e-type=\"widget\" data-widget_type=\"text-editor.default\">\n\t\t\t\t\t\t<div class=\"elementor-widget-container\">\n\t\t\t\t\t\t\t\t\t<div class=\"accordion-content\"><div class=\"accordion-content\"><p>Wer kein VARIOmobil hat, aber auf den umfassenden Service unseres Hauses nicht verzichten m\u00f6chte, kann trotzdem zu uns kommen. Unsere Jahrzehnte lange Erfahrung auch mit anderen Marken sorgt f\u00fcr die optimale Betreuung im VARIO-Standard.<\/p><\/div><\/div>\t\t\t\t\t\t\t\t<\/div>\n\t\t\t\t<\/div>\n\t\t\t\t<\/div>\n\t\t\t\t\t<\/details>\n\t\t\t\t\t\t<details id=\"e-n-accordion-item-1494\" class=\"e-n-accordion-item\" >\n\t\t\t\t<summary class=\"e-n-accordion-item-title\" data-accordion-index=\"5\" tabindex=\"-1\" aria-expanded=\"false\" aria-controls=\"e-n-accordion-item-1494\" >\n\t\t\t\t\t<span class='e-n-accordion-item-title-header'><div class=\"e-n-accordion-item-title-text\"> 4.5 | WERDEN REISEMOBILE IN ZAHLUNG GENOMMEN? <\/div><\/span>\n\t\t\t\t\t\t\t<span class='e-n-accordion-item-title-icon'>\n\t\t\t<span class='e-opened' ><i aria-hidden=\"true\" class=\"fas fa-chevron-up\"><\/i><\/span>\n\t\t\t<span class='e-closed'><i aria-hidden=\"true\" class=\"fas fa-chevron-down\"><\/i><\/span>\n\t\t<\/span>\n\n\t\t\t\t\t\t<\/summary>\n\t\t\t\t<div role=\"region\" aria-labelledby=\"e-n-accordion-item-1494\" class=\"elementor-element elementor-element-1512adc e-con-full e-flex e-con e-child\" data-id=\"1512adc\" data-element_type=\"container\" data-e-type=\"container\">\n\t\t\t\t<div class=\"elementor-element elementor-element-5523d08 elementor-widget elementor-widget-text-editor\" data-id=\"5523d08\" data-element_type=\"widget\" data-e-type=\"widget\" data-widget_type=\"text-editor.default\">\n\t\t\t\t\t\t<div class=\"elementor-widget-container\">\n\t\t\t\t\t\t\t\t\t<div class=\"accordion-content\"><div id=\"main\" class=\"wrapper\"><section class=\"content-wrapper-vc-enabled\"><div class=\"container\"><div class=\"row without-sidebar\"><div class=\"col-lg-12 col-md-12 col-sm-12\"><div id=\"primary\" class=\"site-content\"><div id=\"content\" role=\"main\"><div class=\"faqs-wrapper faq-layout-default\"><div id=\"tabs\" class=\"tabs_wrapper\"><div id=\"tab_term_140\" class=\"tabcontent accordion\"><div class=\"accordion-content\"><div id=\"main\" class=\"wrapper\"><section class=\"content-wrapper-vc-enabled\"><div class=\"container\"><div class=\"row without-sidebar\"><div class=\"col-lg-12 col-md-12 col-sm-12\"><div id=\"primary\" class=\"site-content\"><div id=\"content\" role=\"main\"><div class=\"faqs-wrapper faq-layout-default\"><div id=\"tabs\" class=\"tabs_wrapper\"><div id=\"tab_term_141\" class=\"tabcontent accordion\"><div class=\"accordion-content\"><p>Selbstverst\u00e4ndlich nehmen wir Reisemobile in Zahlung, auch Fremdfabrikate. F\u00fcr konkrete Anfragen melden Sie sich dazu bitte bei uns.<\/p><\/div><\/div><\/div><\/div><\/div><\/div><\/div><\/div><\/div><\/section><\/div><\/div><\/div><\/div><\/div><\/div><\/div><\/div><\/div><\/div><\/section><\/div><\/div>\t\t\t\t\t\t\t\t<\/div>\n\t\t\t\t<\/div>\n\t\t\t\t<\/div>\n\t\t\t\t\t<\/details>\n\t\t\t\t\t<\/div>\n\t\t\t\t\t\t<\/div>\n\t\t\t\t<\/div>\n\t\t\t\t<\/div>\n\t\t\t\t<\/div>\n\t\t\t\t<\/div>\n\t\t\t\t\t\t<\/div>\n\t\t\t\t<\/div>\n\t\t\t\t\t<\/div>\n\t\t\t\t<\/div>\n\t\t\t\t<\/div>\n\t\t<div id=\"e-n-tab-content-182249906\" role=\"tabpanel\" aria-labelledby=\"e-n-tab-title-182249906\" data-tab-index=\"6\" style=\"--n-tabs-title-order: 6;\" class=\" elementor-element elementor-element-feb83f9 e-con-full e-flex e-con e-child\" data-id=\"feb83f9\" data-element_type=\"container\" data-e-type=\"container\">\n\t\t<div class=\"elementor-element elementor-element-47afa90 e-flex e-con-boxed e-con e-child\" data-id=\"47afa90\" data-element_type=\"container\" data-e-type=\"container\">\n\t\t\t\t\t<div class=\"e-con-inner\">\n\t\t\t\t<div class=\"elementor-element elementor-element-974e18d elementor-widget elementor-widget-template\" data-id=\"974e18d\" data-element_type=\"widget\" data-e-type=\"widget\" data-widget_type=\"template.default\">\n\t\t\t\t\t\t<div class=\"elementor-widget-container\">\n\t\t\t\t\t\t\t<div class=\"elementor-template\">\n\t\t\t\t\t<div data-elementor-type=\"container\" data-elementor-id=\"36989\" class=\"elementor elementor-36989\" data-elementor-post-type=\"elementor_library\">\n\t\t\t\t<div class=\"elementor-element elementor-element-7d594c9 e-con-full e-flex e-con e-parent\" data-id=\"7d594c9\" data-element_type=\"container\" data-e-type=\"container\">\n\t\t\t\t<div class=\"elementor-element elementor-element-8f0c992 elementor-widget elementor-widget-n-accordion\" data-id=\"8f0c992\" data-element_type=\"widget\" data-e-type=\"widget\" data-settings=\"{&quot;default_state&quot;:&quot;all_collapsed&quot;,&quot;max_items_expended&quot;:&quot;one&quot;,&quot;n_accordion_animation_duration&quot;:{&quot;unit&quot;:&quot;ms&quot;,&quot;size&quot;:400,&quot;sizes&quot;:[]}}\" data-widget_type=\"nested-accordion.default\">\n\t\t\t\t\t\t<div class=\"elementor-widget-container\">\n\t\t\t\t\t\t\t<div class=\"e-n-accordion\" aria-label=\"Accordion. Open links with Enter or Space, close with Escape, and navigate with Arrow Keys\">\n\t\t\t\t\t\t<details id=\"e-n-accordion-item-1490\" class=\"e-n-accordion-item\" >\n\t\t\t\t<summary class=\"e-n-accordion-item-title\" data-accordion-index=\"1\" tabindex=\"0\" aria-expanded=\"false\" aria-controls=\"e-n-accordion-item-1490\" >\n\t\t\t\t\t<span class='e-n-accordion-item-title-header'><div class=\"e-n-accordion-item-title-text\"> 5.1 | WIRD AUCH ETWAS ANDERES ALS REISEMOBILE GEBAUT? <\/div><\/span>\n\t\t\t\t\t\t\t<span class='e-n-accordion-item-title-icon'>\n\t\t\t<span class='e-opened' ><i aria-hidden=\"true\" class=\"fas fa-chevron-up\"><\/i><\/span>\n\t\t\t<span class='e-closed'><i aria-hidden=\"true\" class=\"fas fa-chevron-down\"><\/i><\/span>\n\t\t<\/span>\n\n\t\t\t\t\t\t<\/summary>\n\t\t\t\t<div role=\"region\" aria-labelledby=\"e-n-accordion-item-1490\" class=\"elementor-element elementor-element-01ce156 e-con-full e-flex e-con e-child\" data-id=\"01ce156\" data-element_type=\"container\" data-e-type=\"container\">\n\t\t<div role=\"region\" aria-labelledby=\"e-n-accordion-item-1490\" class=\"elementor-element elementor-element-8196c74 e-con-full e-flex e-con e-child\" data-id=\"8196c74\" data-element_type=\"container\" data-e-type=\"container\">\n\t\t\t\t<div class=\"elementor-element elementor-element-bfca7e8 elementor-widget elementor-widget-text-editor\" data-id=\"bfca7e8\" data-element_type=\"widget\" data-e-type=\"widget\" data-widget_type=\"text-editor.default\">\n\t\t\t\t\t\t<div class=\"elementor-widget-container\">\n\t\t\t\t\t\t\t\t\t<div class=\"accordion-content\">Wir bauen nicht nur Reisemobile. Im Laufe der Jahre haben wir uns erfolgreich ein zweites Standbein im Bereich der gewerblichen Spezialfahrzeuge aufgebaut. Dabei spielt es keine Rolle, ob ein Kofferaufbau, ein vollintegriertes Businessmobil oder ein Sattelauflieger f\u00fcr Ihr Unternehmen ben\u00f6tigt wird. Neben dem individuellen Nutzen ist Ihr VARIO Businessmobil ein wettbewerbsstarkes Marketingtool f\u00fcr Ihre Kundengewinnung und -bindung.<\/div>\t\t\t\t\t\t\t\t<\/div>\n\t\t\t\t<\/div>\n\t\t\t\t<\/div>\n\t\t\t\t<\/div>\n\t\t\t\t\t<\/details>\n\t\t\t\t\t\t<details id=\"e-n-accordion-item-1491\" class=\"e-n-accordion-item\" >\n\t\t\t\t<summary class=\"e-n-accordion-item-title\" data-accordion-index=\"2\" tabindex=\"-1\" aria-expanded=\"false\" aria-controls=\"e-n-accordion-item-1491\" >\n\t\t\t\t\t<span class='e-n-accordion-item-title-header'><div class=\"e-n-accordion-item-title-text\"> 5.2 | WELCHE REFERENZEN GIBT ES? <\/div><\/span>\n\t\t\t\t\t\t\t<span class='e-n-accordion-item-title-icon'>\n\t\t\t<span class='e-opened' ><i aria-hidden=\"true\" class=\"fas fa-chevron-up\"><\/i><\/span>\n\t\t\t<span class='e-closed'><i aria-hidden=\"true\" class=\"fas fa-chevron-down\"><\/i><\/span>\n\t\t<\/span>\n\n\t\t\t\t\t\t<\/summary>\n\t\t\t\t<div role=\"region\" aria-labelledby=\"e-n-accordion-item-1491\" class=\"elementor-element elementor-element-d7e291a e-con-full e-flex e-con e-child\" data-id=\"d7e291a\" data-element_type=\"container\" data-e-type=\"container\">\n\t\t\t\t<div class=\"elementor-element elementor-element-924f1a6 elementor-widget elementor-widget-text-editor\" data-id=\"924f1a6\" data-element_type=\"widget\" data-e-type=\"widget\" data-widget_type=\"text-editor.default\">\n\t\t\t\t\t\t<div class=\"elementor-widget-container\">\n\t\t\t\t\t\t\t\t\t<div class=\"accordion-content\"><ul><li>Radio\u00fcbertragungswagen f\u00fcr den Hessischen Rundfunk<\/li><li>Br\u00fcckenpr\u00fcffahrzeuge f\u00fcr das Landeslogistikzentrum Niedersachen<\/li><li>Mobile Filialen der Sparkasse oder Raiffeisen-Bank inkl. Geldautomaten<\/li><li>Arbeitsmedizinische Untersuchungsautos der Berufsgenossenschaft Bau<\/li><li>Konferenzfahrzeuge der Marine<\/li><li>Und einige weitere<\/li><\/ul><\/div>\t\t\t\t\t\t\t\t<\/div>\n\t\t\t\t<\/div>\n\t\t\t\t<\/div>\n\t\t\t\t\t<\/details>\n\t\t\t\t\t\t<details id=\"e-n-accordion-item-1492\" class=\"e-n-accordion-item\" >\n\t\t\t\t<summary class=\"e-n-accordion-item-title\" data-accordion-index=\"3\" tabindex=\"-1\" aria-expanded=\"false\" aria-controls=\"e-n-accordion-item-1492\" >\n\t\t\t\t\t<span class='e-n-accordion-item-title-header'><div class=\"e-n-accordion-item-title-text\"> 5.3 | ICH HABE SPEZIELLE VORSTELLUNGEN, ABER ICH FINDE NICHTS DAZU. <\/div><\/span>\n\t\t\t\t\t\t\t<span class='e-n-accordion-item-title-icon'>\n\t\t\t<span class='e-opened' ><i aria-hidden=\"true\" class=\"fas fa-chevron-up\"><\/i><\/span>\n\t\t\t<span class='e-closed'><i aria-hidden=\"true\" class=\"fas fa-chevron-down\"><\/i><\/span>\n\t\t<\/span>\n\n\t\t\t\t\t\t<\/summary>\n\t\t\t\t<div role=\"region\" aria-labelledby=\"e-n-accordion-item-1492\" class=\"elementor-element elementor-element-912f62b e-con-full e-flex e-con e-child\" data-id=\"912f62b\" data-element_type=\"container\" data-e-type=\"container\">\n\t\t\t\t<div class=\"elementor-element elementor-element-f1b7976 elementor-widget elementor-widget-text-editor\" data-id=\"f1b7976\" data-element_type=\"widget\" data-e-type=\"widget\" data-widget_type=\"text-editor.default\">\n\t\t\t\t\t\t<div class=\"elementor-widget-container\">\n\t\t\t\t\t\t\t\t\t<div class=\"accordion-content\"><div class=\"accordion-content\"><div id=\"main\" class=\"wrapper\"><section class=\"content-wrapper-vc-enabled\"><div class=\"container\"><div class=\"row without-sidebar\"><div class=\"col-lg-12 col-md-12 col-sm-12\"><div id=\"primary\" class=\"site-content\"><div id=\"content\" role=\"main\"><div class=\"faqs-wrapper faq-layout-default\"><div id=\"tabs\" class=\"tabs_wrapper\"><div id=\"tab_term_142\" class=\"tabcontent accordion\"><div class=\"accordion-content\"><p>Das ist kein Problem. Geht nicht, gibt\u2019s in den allermeisten F\u00e4llen nicht. Melden Sie sich bei uns und wir beraten Sie gerne! Wo andere aufh\u00f6ren fangen wir erst an. Prototypenbau ist unser t\u00e4gliches Gesch\u00e4ft.<\/p><\/div><\/div><\/div><\/div><\/div><\/div><\/div><\/div><\/div><\/section><\/div><\/div><\/div>\t\t\t\t\t\t\t\t<\/div>\n\t\t\t\t<\/div>\n\t\t\t\t<\/div>\n\t\t\t\t\t<\/details>\n\t\t\t\t\t<\/div>\n\t\t\t\t\t\t<\/div>\n\t\t\t\t<\/div>\n\t\t\t\t<\/div>\n\t\t\t\t<\/div>\n\t\t\t\t<\/div>\n\t\t\t\t\t\t<\/div>\n\t\t\t\t<\/div>\n\t\t\t\t\t<\/div>\n\t\t\t\t<\/div>\n\t\t\t\t<\/div>\n\t\t\t\t\t<\/div>\n\t\t<\/div>\n\t\t\t\t\t\t<\/div>\n\t\t\t\t<\/div>\n\t\t\t\t<\/div>\n\t\t\t\t\t<\/div>\n\t\t\t\t<\/div>\n\t\t\t\t<\/div>\n\t\t","protected":false},"excerpt":{"rendered":"<p>Alle Anzeigen 1 | Variomobil 2 | Allgemeines 3 | Fertigung 4 | Service 5 | Gewerbliche Kunden 1.1 | SEIT WANN GIBT ES DIE VARIOMOBIL FAHRZEUGBAU GMBH? Uns gibt es seit 1981. Dementsprechend k\u00f6nnen wir auf \u00fcber 40 Jahre Erfahrung und Expertise in der Reisemobilbranche zur\u00fcckblicken. Der gefestigte Stand als gesundes Unternehmen an der [&hellip;]<\/p>\n","protected":false},"author":1,"featured_media":0,"parent":0,"menu_order":0,"comment_status":"closed","ping_status":"closed","template":"elementor_header_footer","meta":{"footnotes":""},"folder":[],"class_list":["post-10756","page","type-page","status-publish","hentry"],"aioseo_notices":[],"_links":{"self":[{"href":"https:\/\/entwicklung-variomobil.d3sign.work\/en\/wp-json\/wp\/v2\/pages\/10756","targetHints":{"allow":["GET"]}}],"collection":[{"href":"https:\/\/entwicklung-variomobil.d3sign.work\/en\/wp-json\/wp\/v2\/pages"}],"about":[{"href":"https:\/\/entwicklung-variomobil.d3sign.work\/en\/wp-json\/wp\/v2\/types\/page"}],"author":[{"embeddable":true,"href":"https:\/\/entwicklung-variomobil.d3sign.work\/en\/wp-json\/wp\/v2\/users\/1"}],"replies":[{"embeddable":true,"href":"https:\/\/entwicklung-variomobil.d3sign.work\/en\/wp-json\/wp\/v2\/comments?post=10756"}],"version-history":[{"count":60,"href":"https:\/\/entwicklung-variomobil.d3sign.work\/en\/wp-json\/wp\/v2\/pages\/10756\/revisions"}],"predecessor-version":[{"id":37209,"href":"https:\/\/entwicklung-variomobil.d3sign.work\/en\/wp-json\/wp\/v2\/pages\/10756\/revisions\/37209"}],"wp:attachment":[{"href":"https:\/\/entwicklung-variomobil.d3sign.work\/en\/wp-json\/wp\/v2\/media?parent=10756"}],"wp:term":[{"taxonomy":"folder","embeddable":true,"href":"https:\/\/entwicklung-variomobil.d3sign.work\/en\/wp-json\/wp\/v2\/folder?post=10756"}],"curies":[{"name":"wp","href":"https:\/\/api.w.org\/{rel}","templated":true}]}}